{"id":1432,"date":"2019-04-03T16:55:43","date_gmt":"2019-04-03T16:55:43","guid":{"rendered":"https:\/\/generali-ronda.es\/?page_id=1432"},"modified":"2023-01-05T12:31:45","modified_gmt":"2023-01-05T12:31:45","slug":"generali-seguros-en-ronda","status":"publish","type":"page","link":"https:\/\/generali-ronda.es\/","title":{"rendered":"Seguros Maria Matilde Calvo Ruiz, Generali en Ronda"},"content":{"rendered":"\t\t<div data-elementor-type=\"wp-post\" data-elementor-id=\"1432\" class=\"elementor elementor-1432\" data-elementor-settings=\"[]\">\n\t\t\t<div class=\"elementor-inner\">\n\t\t\t\t<div class=\"elementor-section-wrap\">\n\t\t\t\t\t\t\t<section class=\"elementor-element elementor-element-2ad75911 elementor-section-height-full elementor-section-stretched elementor-section-boxed elementor-section-height-default elementor-section-items-middle elementor-section elementor-top-section\" data-id=\"2ad75911\" data-element_type=\"section\" data-settings=\"{&quot;background_background&quot;:&quot;video&quot;,&quot;stretch_section&quot;:&quot;section-stretched&quot;}\">\n\t\t\t\t\t\t\t<div class=\"elementor-background-overlay\"><\/div>\n\t\t\t\t\t\t\t<div class=\"elementor-container elementor-column-gap-default\">\n\t\t\t\t<div class=\"elementor-row\">\n\t\t\t\t<div class=\"elementor-element elementor-element-1748c108 elementor-column elementor-col-100 elementor-top-column\" data-id=\"1748c108\" data-element_type=\"column\">\n\t\t\t<div class=\"elementor-column-wrap  elementor-element-populated\">\n\t\t\t\t\t<div class=\"elementor-widget-wrap\">\n\t\t\t\t<div class=\"elementor-element elementor-element-683340ab elementor-invisible elementor-widget elementor-widget-heading\" data-id=\"683340ab\" data-element_type=\"widget\" data-settings=\"{&quot;_animation&quot;:&quot;zoomIn&quot;}\" data-widget_type=\"heading.default\">\n\t\t\t\t<div class=\"elementor-widget-container\">\n\t\t\t<h1 class=\"elementor-heading-title elementor-size-medium\">Seguros en rondA<\/h1>\t\t<\/div>\n\t\t\t\t<\/div>\n\t\t\t\t<div class=\"elementor-element elementor-element-9e3ad04 elementor-invisible elementor-widget elementor-widget-text-editor\" data-id=\"9e3ad04\" data-element_type=\"widget\" data-settings=\"{&quot;_animation&quot;:&quot;zoomIn&quot;}\" data-widget_type=\"text-editor.default\">\n\t\t\t\t<div class=\"elementor-widget-container\">\n\t\t\t\t\t<div class=\"elementor-text-editor elementor-clearfix\"><p style=\"text-align: center;\"><strong><span style=\"color: #ffffff;\">Tus seguros de confianza en Calle Sevilla 86, Ronda.<\/span><\/strong><\/p><\/div>\n\t\t\t\t<\/div>\n\t\t\t\t<\/div>\n\t\t\t\t<section class=\"elementor-element elementor-element-66c290d elementor-section-boxed elementor-section-height-default elementor-section-height-default elementor-section elementor-inner-section\" data-id=\"66c290d\" data-element_type=\"section\">\n\t\t\t\t\t\t<div class=\"elementor-container elementor-column-gap-default\">\n\t\t\t\t<div class=\"elementor-row\">\n\t\t\t\t<div class=\"elementor-element elementor-element-db51ec1 elementor-column elementor-col-100 elementor-inner-column\" data-id=\"db51ec1\" data-element_type=\"column\">\n\t\t\t<div class=\"elementor-column-wrap  elementor-element-populated\">\n\t\t\t\t\t<div class=\"elementor-widget-wrap\">\n\t\t\t\t<div class=\"elementor-element elementor-element-38c1bb5 elementor-mobile-align-center elementor-align-center elementor-invisible elementor-widget elementor-widget-button\" data-id=\"38c1bb5\" data-element_type=\"widget\" data-settings=\"{&quot;_animation&quot;:&quot;fadeIn&quot;}\" data-widget_type=\"button.default\">\n\t\t\t\t<div class=\"elementor-widget-container\">\n\t\t\t\t\t<div class=\"elementor-button-wrapper\">\n\t\t\t<a href=\"https:\/\/generali-ronda.es\/index.php\/contacto\/\" class=\"elementor-button-link elementor-button elementor-size-lg elementor-animation-grow\" role=\"button\">\n\t\t\t\t\t\t<span class=\"elementor-button-content-wrapper\">\n\t\t\t\t\t\t<span class=\"elementor-button-text\">CONTRATAR<\/span>\n\t\t<\/span>\n\t\t\t\t\t<\/a>\n\t\t<\/div>\n\t\t\t\t<\/div>\n\t\t\t\t<\/div>\n\t\t\t\t\t\t<\/div>\n\t\t\t<\/div>\n\t\t<\/div>\n\t\t\t\t\t\t<\/div>\n\t\t\t<\/div>\n\t\t<\/section>\n\t\t\t\t\t\t<\/div>\n\t\t\t<\/div>\n\t\t<\/div>\n\t\t\t\t\t\t<\/div>\n\t\t\t<\/div>\n\t\t<\/section>\n\t\t\t\t<section class=\"elementor-element elementor-element-12217ea elementor-section-boxed elementor-section-height-default elementor-section-height-default elementor-section elementor-top-section\" data-id=\"12217ea\" data-element_type=\"section\">\n\t\t\t\t\t\t<div class=\"elementor-container elementor-column-gap-default\">\n\t\t\t\t<div class=\"elementor-row\">\n\t\t\t\t<div class=\"elementor-element elementor-element-1d835e3 elementor-column elementor-col-100 elementor-top-column\" data-id=\"1d835e3\" data-element_type=\"column\">\n\t\t\t<div class=\"elementor-column-wrap  elementor-element-populated\">\n\t\t\t\t\t<div class=\"elementor-widget-wrap\">\n\t\t\t\t<div class=\"elementor-element elementor-element-51aa000 elementor-widget elementor-widget-image\" data-id=\"51aa000\" data-element_type=\"widget\" data-widget_type=\"image.default\">\n\t\t\t\t<div class=\"elementor-widget-container\">\n\t\t\t\t\t<div class=\"elementor-image\">\n\t\t\t\t\t\t\t\t\t\t<img width=\"1920\" height=\"2560\" src=\"https:\/\/i1.wp.com\/generali-ronda.es\/wp-content\/uploads\/2022\/01\/seguros-en-ronda-generali-maria-matilde-calvo-ruiz-scaled.jpg?fit=1920%2C2560&amp;ssl=1\" class=\"attachment-full size-full\" alt=\"seguros-en-ronda-generali-maria-matilde-calvo-ruiz\" decoding=\"async\" loading=\"lazy\" srcset=\"https:\/\/i1.wp.com\/generali-ronda.es\/wp-content\/uploads\/2022\/01\/seguros-en-ronda-generali-maria-matilde-calvo-ruiz-scaled.jpg?w=1920&amp;ssl=1 1920w, https:\/\/i1.wp.com\/generali-ronda.es\/wp-content\/uploads\/2022\/01\/seguros-en-ronda-generali-maria-matilde-calvo-ruiz-scaled.jpg?resize=225%2C300&amp;ssl=1 225w, https:\/\/i1.wp.com\/generali-ronda.es\/wp-content\/uploads\/2022\/01\/seguros-en-ronda-generali-maria-matilde-calvo-ruiz-scaled.jpg?resize=768%2C1024&amp;ssl=1 768w, https:\/\/i1.wp.com\/generali-ronda.es\/wp-content\/uploads\/2022\/01\/seguros-en-ronda-generali-maria-matilde-calvo-ruiz-scaled.jpg?resize=1152%2C1536&amp;ssl=1 1152w, https:\/\/i1.wp.com\/generali-ronda.es\/wp-content\/uploads\/2022\/01\/seguros-en-ronda-generali-maria-matilde-calvo-ruiz-scaled.jpg?resize=1536%2C2048&amp;ssl=1 1536w, https:\/\/i1.wp.com\/generali-ronda.es\/wp-content\/uploads\/2022\/01\/seguros-en-ronda-generali-maria-matilde-calvo-ruiz-scaled.jpg?resize=165%2C220&amp;ssl=1 165w\" sizes=\"(max-width: 1505px) 100vw, 1505px\" data-attachment-id=\"3169\" data-permalink=\"https:\/\/generali-ronda.es\/index.php\/generali-seguros-en-ronda\/seguros-en-ronda-generali-maria-matilde-calvo-ruiz\/\" data-orig-file=\"https:\/\/i1.wp.com\/generali-ronda.es\/wp-content\/uploads\/2022\/01\/seguros-en-ronda-generali-maria-matilde-calvo-ruiz-scaled.jpg?fit=1920%2C2560&amp;ssl=1\" data-orig-size=\"1920,2560\" data-comments-opened=\"1\" data-image-meta=\"{&quot;aperture&quot;:&quot;2.2&quot;,&quot;credit&quot;:&quot;&quot;,&quot;camera&quot;:&quot;iPhone 12 Pro Max&quot;,&quot;caption&quot;:&quot;&quot;,&quot;created_timestamp&quot;:&quot;1640986067&quot;,&quot;copyright&quot;:&quot;&quot;,&quot;focal_length&quot;:&quot;7.5&quot;,&quot;iso&quot;:&quot;250&quot;,&quot;shutter_speed&quot;:&quot;0.025&quot;,&quot;title&quot;:&quot;&quot;,&quot;orientation&quot;:&quot;1&quot;}\" data-image-title=\"seguros-en-ronda-generali-maria-matilde-calvo-ruiz\" data-image-description=\"&lt;p&gt;seguros-en-ronda-generali-maria-matilde-calvo-ruiz&lt;\/p&gt;\n\" data-image-caption=\"&lt;p&gt;seguros-en-ronda-generali-maria-matilde-calvo-ruiz&lt;\/p&gt;\n\" data-medium-file=\"https:\/\/i1.wp.com\/generali-ronda.es\/wp-content\/uploads\/2022\/01\/seguros-en-ronda-generali-maria-matilde-calvo-ruiz-scaled.jpg?fit=225%2C300&amp;ssl=1\" data-large-file=\"https:\/\/i1.wp.com\/generali-ronda.es\/wp-content\/uploads\/2022\/01\/seguros-en-ronda-generali-maria-matilde-calvo-ruiz-scaled.jpg?fit=768%2C1024&amp;ssl=1\" \/>\t\t\t\t\t\t\t\t\t\t\t<\/div>\n\t\t\t\t<\/div>\n\t\t\t\t<\/div>\n\t\t\t\t\t\t<\/div>\n\t\t\t<\/div>\n\t\t<\/div>\n\t\t\t\t\t\t<\/div>\n\t\t\t<\/div>\n\t\t<\/section>\n\t\t\t\t<section class=\"elementor-element elementor-element-290d774 elementor-section-boxed elementor-section-height-default elementor-section-height-default elementor-section elementor-top-section\" data-id=\"290d774\" data-element_type=\"section\">\n\t\t\t\t\t\t<div class=\"elementor-container elementor-column-gap-wider\">\n\t\t\t\t<div class=\"elementor-row\">\n\t\t\t\t<div class=\"elementor-element elementor-element-4e58573 elementor-column elementor-col-100 elementor-top-column\" data-id=\"4e58573\" data-element_type=\"column\">\n\t\t\t<div class=\"elementor-column-wrap  elementor-element-populated\">\n\t\t\t\t\t<div class=\"elementor-widget-wrap\">\n\t\t\t\t<div class=\"elementor-element elementor-element-851497b elementor-position-top elementor-vertical-align-top elementor-widget elementor-widget-image-box\" data-id=\"851497b\" data-element_type=\"widget\" data-widget_type=\"image-box.default\">\n\t\t\t\t<div class=\"elementor-widget-container\">\n\t\t\t<div class=\"elementor-image-box-wrapper\"><figure class=\"elementor-image-box-img\"><a href=\"https:\/\/generali-ronda.es\/index.php\/generali-seguro-coche\/\"><img width=\"1850\" height=\"1080\" src=\"https:\/\/i1.wp.com\/generali-ronda.es\/wp-content\/uploads\/2023\/01\/seguro-coche-generali-ronda-maria-matilde-calvo-ruiz.jpg?fit=1850%2C1080&amp;ssl=1\" class=\"attachment-full size-full\" alt=\"seguro-coche-generali-ronda-maria-matilde-calvo-ruiz\" decoding=\"async\" loading=\"lazy\" srcset=\"https:\/\/i1.wp.com\/generali-ronda.es\/wp-content\/uploads\/2023\/01\/seguro-coche-generali-ronda-maria-matilde-calvo-ruiz.jpg?w=1850&amp;ssl=1 1850w, https:\/\/i1.wp.com\/generali-ronda.es\/wp-content\/uploads\/2023\/01\/seguro-coche-generali-ronda-maria-matilde-calvo-ruiz.jpg?resize=300%2C175&amp;ssl=1 300w, https:\/\/i1.wp.com\/generali-ronda.es\/wp-content\/uploads\/2023\/01\/seguro-coche-generali-ronda-maria-matilde-calvo-ruiz.jpg?resize=1024%2C598&amp;ssl=1 1024w, https:\/\/i1.wp.com\/generali-ronda.es\/wp-content\/uploads\/2023\/01\/seguro-coche-generali-ronda-maria-matilde-calvo-ruiz.jpg?resize=768%2C448&amp;ssl=1 768w, https:\/\/i1.wp.com\/generali-ronda.es\/wp-content\/uploads\/2023\/01\/seguro-coche-generali-ronda-maria-matilde-calvo-ruiz.jpg?resize=1536%2C897&amp;ssl=1 1536w, https:\/\/i1.wp.com\/generali-ronda.es\/wp-content\/uploads\/2023\/01\/seguro-coche-generali-ronda-maria-matilde-calvo-ruiz.jpg?resize=377%2C220&amp;ssl=1 377w\" sizes=\"(max-width: 1505px) 100vw, 1505px\" data-attachment-id=\"3177\" data-permalink=\"https:\/\/generali-ronda.es\/index.php\/generali-seguros-en-ronda\/seguro-coche-generali-ronda-maria-matilde-calvo-ruiz\/\" data-orig-file=\"https:\/\/i1.wp.com\/generali-ronda.es\/wp-content\/uploads\/2023\/01\/seguro-coche-generali-ronda-maria-matilde-calvo-ruiz.jpg?fit=1850%2C1080&amp;ssl=1\" data-orig-size=\"1850,1080\" data-comments-opened=\"1\" data-image-meta=\"{&quot;aperture&quot;:&quot;0&quot;,&quot;credit&quot;:&quot;&quot;,&quot;camera&quot;:&quot;&quot;,&quot;caption&quot;:&quot;&quot;,&quot;created_timestamp&quot;:&quot;0&quot;,&quot;copyright&quot;:&quot;&quot;,&quot;focal_length&quot;:&quot;0&quot;,&quot;iso&quot;:&quot;0&quot;,&quot;shutter_speed&quot;:&quot;0&quot;,&quot;title&quot;:&quot;&quot;,&quot;orientation&quot;:&quot;0&quot;}\" data-image-title=\"seguro-coche-generali-ronda-maria-matilde-calvo-ruiz\" data-image-description=\"&lt;p&gt;seguro-coche-generali-ronda-maria-matilde-calvo-ruiz&lt;\/p&gt;\n\" data-image-caption=\"&lt;p&gt;seguro-coche-generali-ronda-maria-matilde-calvo-ruiz&lt;\/p&gt;\n\" data-medium-file=\"https:\/\/i1.wp.com\/generali-ronda.es\/wp-content\/uploads\/2023\/01\/seguro-coche-generali-ronda-maria-matilde-calvo-ruiz.jpg?fit=300%2C175&amp;ssl=1\" data-large-file=\"https:\/\/i1.wp.com\/generali-ronda.es\/wp-content\/uploads\/2023\/01\/seguro-coche-generali-ronda-maria-matilde-calvo-ruiz.jpg?fit=1024%2C598&amp;ssl=1\" \/><\/a><\/figure><div class=\"elementor-image-box-content\"><h3 class=\"elementor-image-box-title\"><a href=\"https:\/\/generali-ronda.es\/index.php\/generali-seguro-coche\/\">Seguro de Coche<\/a><\/h3><p class=\"elementor-image-box-description\">Los seguros de coches son una protecci\u00f3n esencial para cualquier conductor. Adem\u00e1s de ser requisito legal Espa\u00f1a, tambi\u00e9n son una forma de asegurar tu tranquilidad al momento de conducir. Con un seguro de autos, podr\u00e1s contar con cobertura en caso de accidente, robo o da\u00f1os a tu veh\u00edculo. Algunos seguros tambi\u00e9n incluyen asistencia en carretera, lo que te puede resultar muy \u00fatil en caso de aver\u00eda o problemas durante un viaje. Al elegir tu seguro de autos, es importante que consideres tus necesidades y el uso que le dar\u00e1s a tu veh\u00edculo, para asegurarte de que est\u00e1s obteniendo la cobertura adecuada. En nuestra aseguradora, contamos con una amplia variedad de opciones de seguros de autos, adaptadas a las necesidades de cada conductor. Cont\u00e1ctanos para obtener m\u00e1s informaci\u00f3n y una cotizaci\u00f3n personalizada.<\/p><\/div><\/div>\t\t<\/div>\n\t\t\t\t<\/div>\n\t\t\t\t\t\t<\/div>\n\t\t\t<\/div>\n\t\t<\/div>\n\t\t\t\t\t\t<\/div>\n\t\t\t<\/div>\n\t\t<\/section>\n\t\t\t\t<section class=\"elementor-element elementor-element-78ca05d elementor-section-boxed elementor-section-height-default elementor-section-height-default elementor-section elementor-top-section\" data-id=\"78ca05d\" data-element_type=\"section\">\n\t\t\t\t\t\t<div class=\"elementor-container elementor-column-gap-wider\">\n\t\t\t\t<div class=\"elementor-row\">\n\t\t\t\t<div class=\"elementor-element elementor-element-4e9e16e elementor-column elementor-col-33 elementor-top-column\" data-id=\"4e9e16e\" data-element_type=\"column\">\n\t\t\t<div class=\"elementor-column-wrap  elementor-element-populated\">\n\t\t\t\t\t<div class=\"elementor-widget-wrap\">\n\t\t\t\t<div class=\"elementor-element elementor-element-e4e2f8e elementor-position-top elementor-vertical-align-top elementor-widget elementor-widget-image-box\" data-id=\"e4e2f8e\" data-element_type=\"widget\" data-widget_type=\"image-box.default\">\n\t\t\t\t<div class=\"elementor-widget-container\">\n\t\t\t<div class=\"elementor-image-box-wrapper\"><figure class=\"elementor-image-box-img\"><a href=\"https:\/\/generali-ronda.es\/index.php\/seguro-de-decesos-en-ronda\/\"><img width=\"1850\" height=\"1080\" src=\"https:\/\/i2.wp.com\/generali-ronda.es\/wp-content\/uploads\/2023\/01\/seguro-decesos-generali-ronda-maria-matilde-calvo-ruiz.jpg?fit=1850%2C1080&amp;ssl=1\" class=\"attachment-full size-full\" alt=\"seguro-decesos-generali-ronda-maria-matilde-calvo-ruiz\" decoding=\"async\" loading=\"lazy\" srcset=\"https:\/\/i2.wp.com\/generali-ronda.es\/wp-content\/uploads\/2023\/01\/seguro-decesos-generali-ronda-maria-matilde-calvo-ruiz.jpg?w=1850&amp;ssl=1 1850w, https:\/\/i2.wp.com\/generali-ronda.es\/wp-content\/uploads\/2023\/01\/seguro-decesos-generali-ronda-maria-matilde-calvo-ruiz.jpg?resize=300%2C175&amp;ssl=1 300w, https:\/\/i2.wp.com\/generali-ronda.es\/wp-content\/uploads\/2023\/01\/seguro-decesos-generali-ronda-maria-matilde-calvo-ruiz.jpg?resize=1024%2C598&amp;ssl=1 1024w, https:\/\/i2.wp.com\/generali-ronda.es\/wp-content\/uploads\/2023\/01\/seguro-decesos-generali-ronda-maria-matilde-calvo-ruiz.jpg?resize=768%2C448&amp;ssl=1 768w, https:\/\/i2.wp.com\/generali-ronda.es\/wp-content\/uploads\/2023\/01\/seguro-decesos-generali-ronda-maria-matilde-calvo-ruiz.jpg?resize=1536%2C897&amp;ssl=1 1536w, https:\/\/i2.wp.com\/generali-ronda.es\/wp-content\/uploads\/2023\/01\/seguro-decesos-generali-ronda-maria-matilde-calvo-ruiz.jpg?resize=377%2C220&amp;ssl=1 377w\" sizes=\"(max-width: 1505px) 100vw, 1505px\" data-attachment-id=\"3178\" data-permalink=\"https:\/\/generali-ronda.es\/index.php\/generali-seguros-en-ronda\/seguro-decesos-generali-ronda-maria-matilde-calvo-ruiz\/\" data-orig-file=\"https:\/\/i2.wp.com\/generali-ronda.es\/wp-content\/uploads\/2023\/01\/seguro-decesos-generali-ronda-maria-matilde-calvo-ruiz.jpg?fit=1850%2C1080&amp;ssl=1\" data-orig-size=\"1850,1080\" data-comments-opened=\"1\" data-image-meta=\"{&quot;aperture&quot;:&quot;0&quot;,&quot;credit&quot;:&quot;&quot;,&quot;camera&quot;:&quot;&quot;,&quot;caption&quot;:&quot;&quot;,&quot;created_timestamp&quot;:&quot;0&quot;,&quot;copyright&quot;:&quot;&quot;,&quot;focal_length&quot;:&quot;0&quot;,&quot;iso&quot;:&quot;0&quot;,&quot;shutter_speed&quot;:&quot;0&quot;,&quot;title&quot;:&quot;&quot;,&quot;orientation&quot;:&quot;0&quot;}\" data-image-title=\"seguro-decesos-generali-ronda-maria-matilde-calvo-ruiz\" data-image-description=\"&lt;p&gt;seguro-decesos-generali-ronda-maria-matilde-calvo-ruiz&lt;\/p&gt;\n\" data-image-caption=\"&lt;p&gt;seguro-decesos-generali-ronda-maria-matilde-calvo-ruiz&lt;\/p&gt;\n\" data-medium-file=\"https:\/\/i2.wp.com\/generali-ronda.es\/wp-content\/uploads\/2023\/01\/seguro-decesos-generali-ronda-maria-matilde-calvo-ruiz.jpg?fit=300%2C175&amp;ssl=1\" data-large-file=\"https:\/\/i2.wp.com\/generali-ronda.es\/wp-content\/uploads\/2023\/01\/seguro-decesos-generali-ronda-maria-matilde-calvo-ruiz.jpg?fit=1024%2C598&amp;ssl=1\" \/><\/a><\/figure><div class=\"elementor-image-box-content\"><h3 class=\"elementor-image-box-title\"><a href=\"https:\/\/generali-ronda.es\/index.php\/seguro-de-decesos-en-ronda\/\">Seguro de Decesos<\/a><\/h3><p class=\"elementor-image-box-description\">El seguro de decesos es una soluci\u00f3n especializada destinada a coordinar y prestar los servicios funerarios cuando el asegurado fallece, dando apoyo a la familia tanto en aspectos emocionales como materiales de gesti\u00f3n y tr\u00e1mites.<\/p><\/div><\/div>\t\t<\/div>\n\t\t\t\t<\/div>\n\t\t\t\t\t\t<\/div>\n\t\t\t<\/div>\n\t\t<\/div>\n\t\t\t\t<div class=\"elementor-element elementor-element-19ad27c elementor-column elementor-col-33 elementor-top-column\" data-id=\"19ad27c\" data-element_type=\"column\">\n\t\t\t<div class=\"elementor-column-wrap  elementor-element-populated\">\n\t\t\t\t\t<div class=\"elementor-widget-wrap\">\n\t\t\t\t<div class=\"elementor-element elementor-element-c2a60e1 elementor-position-top elementor-vertical-align-top elementor-widget elementor-widget-image-box\" data-id=\"c2a60e1\" data-element_type=\"widget\" data-widget_type=\"image-box.default\">\n\t\t\t\t<div class=\"elementor-widget-container\">\n\t\t\t<div class=\"elementor-image-box-wrapper\"><figure class=\"elementor-image-box-img\"><a href=\"https:\/\/generali-ronda.es\/index.php\/generali-seguro-de-ahorro\/\"><img width=\"1850\" height=\"1080\" src=\"https:\/\/i1.wp.com\/generali-ronda.es\/wp-content\/uploads\/2023\/01\/seguro-ahorro-generali-ronda-maria-matilde-calvo-ruiz.jpg?fit=1850%2C1080&amp;ssl=1\" class=\"attachment-full size-full\" alt=\"seguro-ahorro-generali-ronda-maria-matilde-calvo-ruiz\" decoding=\"async\" loading=\"lazy\" srcset=\"https:\/\/i1.wp.com\/generali-ronda.es\/wp-content\/uploads\/2023\/01\/seguro-ahorro-generali-ronda-maria-matilde-calvo-ruiz.jpg?w=1850&amp;ssl=1 1850w, https:\/\/i1.wp.com\/generali-ronda.es\/wp-content\/uploads\/2023\/01\/seguro-ahorro-generali-ronda-maria-matilde-calvo-ruiz.jpg?resize=300%2C175&amp;ssl=1 300w, https:\/\/i1.wp.com\/generali-ronda.es\/wp-content\/uploads\/2023\/01\/seguro-ahorro-generali-ronda-maria-matilde-calvo-ruiz.jpg?resize=1024%2C598&amp;ssl=1 1024w, https:\/\/i1.wp.com\/generali-ronda.es\/wp-content\/uploads\/2023\/01\/seguro-ahorro-generali-ronda-maria-matilde-calvo-ruiz.jpg?resize=768%2C448&amp;ssl=1 768w, https:\/\/i1.wp.com\/generali-ronda.es\/wp-content\/uploads\/2023\/01\/seguro-ahorro-generali-ronda-maria-matilde-calvo-ruiz.jpg?resize=1536%2C897&amp;ssl=1 1536w, https:\/\/i1.wp.com\/generali-ronda.es\/wp-content\/uploads\/2023\/01\/seguro-ahorro-generali-ronda-maria-matilde-calvo-ruiz.jpg?resize=377%2C220&amp;ssl=1 377w\" sizes=\"(max-width: 1505px) 100vw, 1505px\" data-attachment-id=\"3176\" data-permalink=\"https:\/\/generali-ronda.es\/index.php\/generali-seguros-en-ronda\/seguro-ahorro-generali-ronda-maria-matilde-calvo-ruiz\/\" data-orig-file=\"https:\/\/i1.wp.com\/generali-ronda.es\/wp-content\/uploads\/2023\/01\/seguro-ahorro-generali-ronda-maria-matilde-calvo-ruiz.jpg?fit=1850%2C1080&amp;ssl=1\" data-orig-size=\"1850,1080\" data-comments-opened=\"1\" data-image-meta=\"{&quot;aperture&quot;:&quot;0&quot;,&quot;credit&quot;:&quot;&quot;,&quot;camera&quot;:&quot;&quot;,&quot;caption&quot;:&quot;&quot;,&quot;created_timestamp&quot;:&quot;0&quot;,&quot;copyright&quot;:&quot;&quot;,&quot;focal_length&quot;:&quot;0&quot;,&quot;iso&quot;:&quot;0&quot;,&quot;shutter_speed&quot;:&quot;0&quot;,&quot;title&quot;:&quot;&quot;,&quot;orientation&quot;:&quot;0&quot;}\" data-image-title=\"seguro-ahorro-generali-ronda-maria-matilde-calvo-ruiz\" data-image-description=\"&lt;p&gt;seguro-ahorro-generali-ronda-maria-matilde-calvo-ruiz&lt;\/p&gt;\n\" data-image-caption=\"&lt;p&gt;seguro-ahorro-generali-ronda-maria-matilde-calvo-ruiz&lt;\/p&gt;\n\" data-medium-file=\"https:\/\/i1.wp.com\/generali-ronda.es\/wp-content\/uploads\/2023\/01\/seguro-ahorro-generali-ronda-maria-matilde-calvo-ruiz.jpg?fit=300%2C175&amp;ssl=1\" data-large-file=\"https:\/\/i1.wp.com\/generali-ronda.es\/wp-content\/uploads\/2023\/01\/seguro-ahorro-generali-ronda-maria-matilde-calvo-ruiz.jpg?fit=1024%2C598&amp;ssl=1\" \/><\/a><\/figure><div class=\"elementor-image-box-content\"><h3 class=\"elementor-image-box-title\"><a href=\"https:\/\/generali-ronda.es\/index.php\/generali-seguro-de-ahorro\/\">Seguro de Ahorro<\/a><\/h3><p class=\"elementor-image-box-description\">Un seguro de ahorro es una forma de ahorrar dinero a largo plazo mientras proteges a tu familia en caso de emergencia. Con un seguro de ahorro, podr\u00e1s acumular un monto de dinero que podr\u00e1s utilizar en el futuro para necesidades como la educaci\u00f3n de tus hijos, la jubilaci\u00f3n o cualquier otro prop\u00f3sito. Adem\u00e1s, algunos seguros de ahorro tambi\u00e9n incluyen cobertura en caso de fallecimiento o enfermedad grave, lo que significa que tu familia estar\u00e1 protegida en caso de emergencia. Al elegir tu seguro de ahorro, es importante que consideres tus objetivos de ahorro a largo plazo y las necesidades de protecci\u00f3n de tu familia. En nuestra aseguradora, ofrecemos seguros de ahorro adaptados a las necesidades de cada persona. Cont\u00e1ctanos para obtener m\u00e1s informaci\u00f3n y una cotizaci\u00f3n personalizada.<\/p><\/div><\/div>\t\t<\/div>\n\t\t\t\t<\/div>\n\t\t\t\t\t\t<\/div>\n\t\t\t<\/div>\n\t\t<\/div>\n\t\t\t\t<div class=\"elementor-element elementor-element-642f60d elementor-column elementor-col-33 elementor-top-column\" data-id=\"642f60d\" data-element_type=\"column\">\n\t\t\t<div class=\"elementor-column-wrap  elementor-element-populated\">\n\t\t\t\t\t<div class=\"elementor-widget-wrap\">\n\t\t\t\t<div class=\"elementor-element elementor-element-b21965c elementor-position-top elementor-vertical-align-top elementor-widget elementor-widget-image-box\" data-id=\"b21965c\" data-element_type=\"widget\" data-widget_type=\"image-box.default\">\n\t\t\t\t<div class=\"elementor-widget-container\">\n\t\t\t<div class=\"elementor-image-box-wrapper\"><figure class=\"elementor-image-box-img\"><a href=\"https:\/\/generali-ronda.es\/index.php\/seguro-de-hogar\/\"><img width=\"1850\" height=\"1080\" src=\"https:\/\/i1.wp.com\/generali-ronda.es\/wp-content\/uploads\/2023\/01\/seguro-hogar-generali-ronda-maria-matilde-calvo-ruiz.jpg?fit=1850%2C1080&amp;ssl=1\" class=\"attachment-full size-full\" alt=\"seguro-hogar-generali-ronda-maria-matilde-calvo-ruiz\" decoding=\"async\" loading=\"lazy\" srcset=\"https:\/\/i1.wp.com\/generali-ronda.es\/wp-content\/uploads\/2023\/01\/seguro-hogar-generali-ronda-maria-matilde-calvo-ruiz.jpg?w=1850&amp;ssl=1 1850w, https:\/\/i1.wp.com\/generali-ronda.es\/wp-content\/uploads\/2023\/01\/seguro-hogar-generali-ronda-maria-matilde-calvo-ruiz.jpg?resize=300%2C175&amp;ssl=1 300w, https:\/\/i1.wp.com\/generali-ronda.es\/wp-content\/uploads\/2023\/01\/seguro-hogar-generali-ronda-maria-matilde-calvo-ruiz.jpg?resize=1024%2C598&amp;ssl=1 1024w, https:\/\/i1.wp.com\/generali-ronda.es\/wp-content\/uploads\/2023\/01\/seguro-hogar-generali-ronda-maria-matilde-calvo-ruiz.jpg?resize=768%2C448&amp;ssl=1 768w, https:\/\/i1.wp.com\/generali-ronda.es\/wp-content\/uploads\/2023\/01\/seguro-hogar-generali-ronda-maria-matilde-calvo-ruiz.jpg?resize=1536%2C897&amp;ssl=1 1536w, https:\/\/i1.wp.com\/generali-ronda.es\/wp-content\/uploads\/2023\/01\/seguro-hogar-generali-ronda-maria-matilde-calvo-ruiz.jpg?resize=377%2C220&amp;ssl=1 377w\" sizes=\"(max-width: 1505px) 100vw, 1505px\" data-attachment-id=\"3179\" data-permalink=\"https:\/\/generali-ronda.es\/index.php\/generali-seguros-en-ronda\/seguro-hogar-generali-ronda-maria-matilde-calvo-ruiz\/\" data-orig-file=\"https:\/\/i1.wp.com\/generali-ronda.es\/wp-content\/uploads\/2023\/01\/seguro-hogar-generali-ronda-maria-matilde-calvo-ruiz.jpg?fit=1850%2C1080&amp;ssl=1\" data-orig-size=\"1850,1080\" data-comments-opened=\"1\" data-image-meta=\"{&quot;aperture&quot;:&quot;0&quot;,&quot;credit&quot;:&quot;&quot;,&quot;camera&quot;:&quot;&quot;,&quot;caption&quot;:&quot;&quot;,&quot;created_timestamp&quot;:&quot;0&quot;,&quot;copyright&quot;:&quot;&quot;,&quot;focal_length&quot;:&quot;0&quot;,&quot;iso&quot;:&quot;0&quot;,&quot;shutter_speed&quot;:&quot;0&quot;,&quot;title&quot;:&quot;&quot;,&quot;orientation&quot;:&quot;0&quot;}\" data-image-title=\"seguro-hogar-generali-ronda-maria-matilde-calvo-ruiz\" data-image-description=\"&lt;p&gt;seguro-hogar-generali-ronda-maria-matilde-calvo-ruiz&lt;\/p&gt;\n\" data-image-caption=\"&lt;p&gt;seguro-hogar-generali-ronda-maria-matilde-calvo-ruiz&lt;\/p&gt;\n\" data-medium-file=\"https:\/\/i1.wp.com\/generali-ronda.es\/wp-content\/uploads\/2023\/01\/seguro-hogar-generali-ronda-maria-matilde-calvo-ruiz.jpg?fit=300%2C175&amp;ssl=1\" data-large-file=\"https:\/\/i1.wp.com\/generali-ronda.es\/wp-content\/uploads\/2023\/01\/seguro-hogar-generali-ronda-maria-matilde-calvo-ruiz.jpg?fit=1024%2C598&amp;ssl=1\" \/><\/a><\/figure><div class=\"elementor-image-box-content\"><h3 class=\"elementor-image-box-title\"><a href=\"https:\/\/generali-ronda.es\/index.php\/seguro-de-hogar\/\">Seguro de Hogar<\/a><\/h3><p class=\"elementor-image-box-description\">Un seguro de hogar es una forma de proteger tu hogar y tus pertenencias en caso de siniestro. Estos pueden incluir incendios, robos, inundaciones, terremotos y otros da\u00f1os. Al contar con un seguro de hogar, podr\u00e1s estar tranquilo sabiendo que tu hogar est\u00e1 protegido ante cualquier eventualidad. Adem\u00e1s, muchos seguros de hogar tambi\u00e9n incluyen cobertura para responsabilidad civil, lo que significa que estar\u00e1s protegido en caso de que alguien resulte herido en tu hogar. Al elegir tu seguro de hogar, es importante que consideres el tama\u00f1o y ubicaci\u00f3n de tu hogar, as\u00ed como tus necesidades espec\u00edficas de cobertura. En nuestra aseguradora, ofrecemos seguros de hogar adaptados a las necesidades de cada hogar. No dudes en contactarnos para obtener m\u00e1s informaci\u00f3n y una cotizaci\u00f3n personalizada.<\/p><\/div><\/div>\t\t<\/div>\n\t\t\t\t<\/div>\n\t\t\t\t\t\t<\/div>\n\t\t\t<\/div>\n\t\t<\/div>\n\t\t\t\t\t\t<\/div>\n\t\t\t<\/div>\n\t\t<\/section>\n\t\t\t\t<section class=\"elementor-element elementor-element-bc0f35f elementor-section-boxed elementor-section-height-default elementor-section-height-default elementor-section elementor-top-section\" data-id=\"bc0f35f\" data-element_type=\"section\">\n\t\t\t\t\t\t<div class=\"elementor-container elementor-column-gap-wider\">\n\t\t\t\t<div class=\"elementor-row\">\n\t\t\t\t<div class=\"elementor-element elementor-element-21d160a elementor-column elementor-col-33 elementor-top-column\" data-id=\"21d160a\" data-element_type=\"column\">\n\t\t\t<div class=\"elementor-column-wrap  elementor-element-populated\">\n\t\t\t\t\t<div class=\"elementor-widget-wrap\">\n\t\t\t\t<div class=\"elementor-element elementor-element-168d7b8 elementor-position-top elementor-vertical-align-top elementor-widget elementor-widget-image-box\" data-id=\"168d7b8\" data-element_type=\"widget\" data-widget_type=\"image-box.default\">\n\t\t\t\t<div class=\"elementor-widget-container\">\n\t\t\t<div class=\"elementor-image-box-wrapper\"><figure class=\"elementor-image-box-img\"><a href=\"https:\/\/generali-ronda.es\/index.php\/seguro-de-salud\/\"><img width=\"1850\" height=\"1080\" src=\"https:\/\/i2.wp.com\/generali-ronda.es\/wp-content\/uploads\/2023\/01\/seguro-salud-generali-ronda-maria-matilde-calvo-ruiz.jpg?fit=1850%2C1080&amp;ssl=1\" class=\"attachment-full size-full\" alt=\"seguro-salud-generali-ronda-maria-matilde-calvo-ruiz\" decoding=\"async\" loading=\"lazy\" srcset=\"https:\/\/i2.wp.com\/generali-ronda.es\/wp-content\/uploads\/2023\/01\/seguro-salud-generali-ronda-maria-matilde-calvo-ruiz.jpg?w=1850&amp;ssl=1 1850w, https:\/\/i2.wp.com\/generali-ronda.es\/wp-content\/uploads\/2023\/01\/seguro-salud-generali-ronda-maria-matilde-calvo-ruiz.jpg?resize=300%2C175&amp;ssl=1 300w, https:\/\/i2.wp.com\/generali-ronda.es\/wp-content\/uploads\/2023\/01\/seguro-salud-generali-ronda-maria-matilde-calvo-ruiz.jpg?resize=1024%2C598&amp;ssl=1 1024w, https:\/\/i2.wp.com\/generali-ronda.es\/wp-content\/uploads\/2023\/01\/seguro-salud-generali-ronda-maria-matilde-calvo-ruiz.jpg?resize=768%2C448&amp;ssl=1 768w, https:\/\/i2.wp.com\/generali-ronda.es\/wp-content\/uploads\/2023\/01\/seguro-salud-generali-ronda-maria-matilde-calvo-ruiz.jpg?resize=1536%2C897&amp;ssl=1 1536w, https:\/\/i2.wp.com\/generali-ronda.es\/wp-content\/uploads\/2023\/01\/seguro-salud-generali-ronda-maria-matilde-calvo-ruiz.jpg?resize=377%2C220&amp;ssl=1 377w\" sizes=\"(max-width: 1505px) 100vw, 1505px\" data-attachment-id=\"3180\" data-permalink=\"https:\/\/generali-ronda.es\/index.php\/generali-seguros-en-ronda\/seguro-salud-generali-ronda-maria-matilde-calvo-ruiz\/\" data-orig-file=\"https:\/\/i2.wp.com\/generali-ronda.es\/wp-content\/uploads\/2023\/01\/seguro-salud-generali-ronda-maria-matilde-calvo-ruiz.jpg?fit=1850%2C1080&amp;ssl=1\" data-orig-size=\"1850,1080\" data-comments-opened=\"1\" data-image-meta=\"{&quot;aperture&quot;:&quot;0&quot;,&quot;credit&quot;:&quot;&quot;,&quot;camera&quot;:&quot;&quot;,&quot;caption&quot;:&quot;&quot;,&quot;created_timestamp&quot;:&quot;0&quot;,&quot;copyright&quot;:&quot;&quot;,&quot;focal_length&quot;:&quot;0&quot;,&quot;iso&quot;:&quot;0&quot;,&quot;shutter_speed&quot;:&quot;0&quot;,&quot;title&quot;:&quot;&quot;,&quot;orientation&quot;:&quot;0&quot;}\" data-image-title=\"seguro-salud-generali-ronda-maria-matilde-calvo-ruiz\" data-image-description=\"&lt;p&gt;seguro-salud-generali-ronda-maria-matilde-calvo-ruiz&lt;\/p&gt;\n\" data-image-caption=\"&lt;p&gt;seguro-salud-generali-ronda-maria-matilde-calvo-ruiz&lt;\/p&gt;\n\" data-medium-file=\"https:\/\/i2.wp.com\/generali-ronda.es\/wp-content\/uploads\/2023\/01\/seguro-salud-generali-ronda-maria-matilde-calvo-ruiz.jpg?fit=300%2C175&amp;ssl=1\" data-large-file=\"https:\/\/i2.wp.com\/generali-ronda.es\/wp-content\/uploads\/2023\/01\/seguro-salud-generali-ronda-maria-matilde-calvo-ruiz.jpg?fit=1024%2C598&amp;ssl=1\" \/><\/a><\/figure><div class=\"elementor-image-box-content\"><h3 class=\"elementor-image-box-title\"><a href=\"https:\/\/generali-ronda.es\/index.php\/seguro-de-salud\/\">Seguro de Salud<\/a><\/h3><p class=\"elementor-image-box-description\">Un seguro de salud es una forma de asegurar tu bienestar y el de tu familia. Con un seguro de salud, podr\u00e1s contar con cobertura para tus necesidades m\u00e9dicas, incluyendo consultas, pruebas y procedimientos m\u00e9dicos. Adem\u00e1s, algunos seguros de salud tambi\u00e9n incluyen cobertura para medicamentos recetados y terapias. Al elegir tu seguro de salud, es importante que consideres tu estilo de vida, tu historial m\u00e9dico y tus necesidades espec\u00edficas de atenci\u00f3n m\u00e9dica. En nuestra aseguradora, ofrecemos seguros de salud adaptados a las necesidades de cada persona. Cont\u00e1ctanos para obtener m\u00e1s informaci\u00f3n y una cotizaci\u00f3n personalizada.<\/p><\/div><\/div>\t\t<\/div>\n\t\t\t\t<\/div>\n\t\t\t\t\t\t<\/div>\n\t\t\t<\/div>\n\t\t<\/div>\n\t\t\t\t<div class=\"elementor-element elementor-element-2bf05ba elementor-column elementor-col-33 elementor-top-column\" data-id=\"2bf05ba\" data-element_type=\"column\">\n\t\t\t<div class=\"elementor-column-wrap  elementor-element-populated\">\n\t\t\t\t\t<div class=\"elementor-widget-wrap\">\n\t\t\t\t<div class=\"elementor-element elementor-element-5c2beba elementor-position-top elementor-vertical-align-top elementor-widget elementor-widget-image-box\" data-id=\"5c2beba\" data-element_type=\"widget\" data-widget_type=\"image-box.default\">\n\t\t\t\t<div class=\"elementor-widget-container\">\n\t\t\t<div class=\"elementor-image-box-wrapper\"><figure class=\"elementor-image-box-img\"><a href=\"https:\/\/generali-ronda.es\/index.php\/generali-seguro-de-accidente\/\"><img width=\"1850\" height=\"1080\" src=\"https:\/\/i1.wp.com\/generali-ronda.es\/wp-content\/uploads\/2023\/01\/seguro-accidente-generali-ronda-maria-matilde-calvo-ruiz.jpg?fit=1850%2C1080&amp;ssl=1\" class=\"attachment-full size-full\" alt=\"seguro-accidente-generali-ronda-maria-matilde-calvo-ruiz\" decoding=\"async\" loading=\"lazy\" srcset=\"https:\/\/i1.wp.com\/generali-ronda.es\/wp-content\/uploads\/2023\/01\/seguro-accidente-generali-ronda-maria-matilde-calvo-ruiz.jpg?w=1850&amp;ssl=1 1850w, https:\/\/i1.wp.com\/generali-ronda.es\/wp-content\/uploads\/2023\/01\/seguro-accidente-generali-ronda-maria-matilde-calvo-ruiz.jpg?resize=300%2C175&amp;ssl=1 300w, https:\/\/i1.wp.com\/generali-ronda.es\/wp-content\/uploads\/2023\/01\/seguro-accidente-generali-ronda-maria-matilde-calvo-ruiz.jpg?resize=1024%2C598&amp;ssl=1 1024w, https:\/\/i1.wp.com\/generali-ronda.es\/wp-content\/uploads\/2023\/01\/seguro-accidente-generali-ronda-maria-matilde-calvo-ruiz.jpg?resize=768%2C448&amp;ssl=1 768w, https:\/\/i1.wp.com\/generali-ronda.es\/wp-content\/uploads\/2023\/01\/seguro-accidente-generali-ronda-maria-matilde-calvo-ruiz.jpg?resize=1536%2C897&amp;ssl=1 1536w, https:\/\/i1.wp.com\/generali-ronda.es\/wp-content\/uploads\/2023\/01\/seguro-accidente-generali-ronda-maria-matilde-calvo-ruiz.jpg?resize=377%2C220&amp;ssl=1 377w\" sizes=\"(max-width: 1505px) 100vw, 1505px\" data-attachment-id=\"3175\" data-permalink=\"https:\/\/generali-ronda.es\/index.php\/generali-seguros-en-ronda\/seguro-accidente-generali-ronda-maria-matilde-calvo-ruiz\/\" data-orig-file=\"https:\/\/i1.wp.com\/generali-ronda.es\/wp-content\/uploads\/2023\/01\/seguro-accidente-generali-ronda-maria-matilde-calvo-ruiz.jpg?fit=1850%2C1080&amp;ssl=1\" data-orig-size=\"1850,1080\" data-comments-opened=\"1\" data-image-meta=\"{&quot;aperture&quot;:&quot;0&quot;,&quot;credit&quot;:&quot;&quot;,&quot;camera&quot;:&quot;&quot;,&quot;caption&quot;:&quot;&quot;,&quot;created_timestamp&quot;:&quot;0&quot;,&quot;copyright&quot;:&quot;&quot;,&quot;focal_length&quot;:&quot;0&quot;,&quot;iso&quot;:&quot;0&quot;,&quot;shutter_speed&quot;:&quot;0&quot;,&quot;title&quot;:&quot;&quot;,&quot;orientation&quot;:&quot;0&quot;}\" data-image-title=\"seguro-accidente-generali-ronda-maria-matilde-calvo-ruiz\" data-image-description=\"&lt;p&gt;seguro-accidente-generali-ronda-maria-matilde-calvo-ruiz&lt;\/p&gt;\n\" data-image-caption=\"&lt;p&gt;seguro-accidente-generali-ronda-maria-matilde-calvo-ruiz&lt;\/p&gt;\n\" data-medium-file=\"https:\/\/i1.wp.com\/generali-ronda.es\/wp-content\/uploads\/2023\/01\/seguro-accidente-generali-ronda-maria-matilde-calvo-ruiz.jpg?fit=300%2C175&amp;ssl=1\" data-large-file=\"https:\/\/i1.wp.com\/generali-ronda.es\/wp-content\/uploads\/2023\/01\/seguro-accidente-generali-ronda-maria-matilde-calvo-ruiz.jpg?fit=1024%2C598&amp;ssl=1\" \/><\/a><\/figure><div class=\"elementor-image-box-content\"><h3 class=\"elementor-image-box-title\"><a href=\"https:\/\/generali-ronda.es\/index.php\/generali-seguro-de-accidente\/\">Seguro de Accidente<\/a><\/h3><p class=\"elementor-image-box-description\">Un seguro de accidente es una forma de protegerte a ti y a tu familia en caso de lesiones accidentales. Con un seguro de accidente, podr\u00e1s contar con cobertura para gastos m\u00e9dicos, p\u00e9rdida de salarios y otros costos relacionados con lesiones accidentales. Algunos seguros de accidente tambi\u00e9n incluyen cobertura para rehabilitaci\u00f3n y tratamientos a largo plazo. Al elegir tu seguro de accidente, es importante que consideres tu estilo de vida y el riesgo de sufrir lesiones accidentales. En nuestra aseguradora, ofrecemos seguros de accidente adaptados a las necesidades de cada persona. No dudes en contactarnos para obtener m\u00e1s informaci\u00f3n y una cotizaci\u00f3n personalizada.\n<\/p><\/div><\/div>\t\t<\/div>\n\t\t\t\t<\/div>\n\t\t\t\t\t\t<\/div>\n\t\t\t<\/div>\n\t\t<\/div>\n\t\t\t\t<div class=\"elementor-element elementor-element-1619c2c elementor-column elementor-col-33 elementor-top-column\" data-id=\"1619c2c\" data-element_type=\"column\">\n\t\t\t<div class=\"elementor-column-wrap  elementor-element-populated\">\n\t\t\t\t\t<div class=\"elementor-widget-wrap\">\n\t\t\t\t<div class=\"elementor-element elementor-element-91e056f elementor-position-top elementor-vertical-align-top elementor-widget elementor-widget-image-box\" data-id=\"91e056f\" data-element_type=\"widget\" data-widget_type=\"image-box.default\">\n\t\t\t\t<div class=\"elementor-widget-container\">\n\t\t\t<div class=\"elementor-image-box-wrapper\"><figure class=\"elementor-image-box-img\"><a href=\"https:\/\/generali-ronda.es\/index.php\/seguro-de-vida\/\"><img width=\"1850\" height=\"1080\" src=\"https:\/\/i0.wp.com\/generali-ronda.es\/wp-content\/uploads\/2023\/01\/seguro-vida-generali-ronda-maria-matilde-calvo-ruiz.jpg?fit=1850%2C1080&amp;ssl=1\" class=\"attachment-full size-full\" alt=\"seguro-vida-generali-ronda-maria-matilde-calvo-ruiz\" decoding=\"async\" loading=\"lazy\" srcset=\"https:\/\/i0.wp.com\/generali-ronda.es\/wp-content\/uploads\/2023\/01\/seguro-vida-generali-ronda-maria-matilde-calvo-ruiz.jpg?w=1850&amp;ssl=1 1850w, https:\/\/i0.wp.com\/generali-ronda.es\/wp-content\/uploads\/2023\/01\/seguro-vida-generali-ronda-maria-matilde-calvo-ruiz.jpg?resize=300%2C175&amp;ssl=1 300w, https:\/\/i0.wp.com\/generali-ronda.es\/wp-content\/uploads\/2023\/01\/seguro-vida-generali-ronda-maria-matilde-calvo-ruiz.jpg?resize=1024%2C598&amp;ssl=1 1024w, https:\/\/i0.wp.com\/generali-ronda.es\/wp-content\/uploads\/2023\/01\/seguro-vida-generali-ronda-maria-matilde-calvo-ruiz.jpg?resize=768%2C448&amp;ssl=1 768w, https:\/\/i0.wp.com\/generali-ronda.es\/wp-content\/uploads\/2023\/01\/seguro-vida-generali-ronda-maria-matilde-calvo-ruiz.jpg?resize=1536%2C897&amp;ssl=1 1536w, https:\/\/i0.wp.com\/generali-ronda.es\/wp-content\/uploads\/2023\/01\/seguro-vida-generali-ronda-maria-matilde-calvo-ruiz.jpg?resize=377%2C220&amp;ssl=1 377w\" sizes=\"(max-width: 1505px) 100vw, 1505px\" data-attachment-id=\"3181\" data-permalink=\"https:\/\/generali-ronda.es\/index.php\/generali-seguros-en-ronda\/seguro-vida-generali-ronda-maria-matilde-calvo-ruiz\/\" data-orig-file=\"https:\/\/i0.wp.com\/generali-ronda.es\/wp-content\/uploads\/2023\/01\/seguro-vida-generali-ronda-maria-matilde-calvo-ruiz.jpg?fit=1850%2C1080&amp;ssl=1\" data-orig-size=\"1850,1080\" data-comments-opened=\"1\" data-image-meta=\"{&quot;aperture&quot;:&quot;0&quot;,&quot;credit&quot;:&quot;&quot;,&quot;camera&quot;:&quot;&quot;,&quot;caption&quot;:&quot;&quot;,&quot;created_timestamp&quot;:&quot;0&quot;,&quot;copyright&quot;:&quot;&quot;,&quot;focal_length&quot;:&quot;0&quot;,&quot;iso&quot;:&quot;0&quot;,&quot;shutter_speed&quot;:&quot;0&quot;,&quot;title&quot;:&quot;&quot;,&quot;orientation&quot;:&quot;0&quot;}\" data-image-title=\"seguro-vida-generali-ronda-maria-matilde-calvo-ruiz\" data-image-description=\"&lt;p&gt;seguro-vida-generali-ronda-maria-matilde-calvo-ruiz&lt;\/p&gt;\n\" data-image-caption=\"&lt;p&gt;seguro-vida-generali-ronda-maria-matilde-calvo-ruiz&lt;\/p&gt;\n\" data-medium-file=\"https:\/\/i0.wp.com\/generali-ronda.es\/wp-content\/uploads\/2023\/01\/seguro-vida-generali-ronda-maria-matilde-calvo-ruiz.jpg?fit=300%2C175&amp;ssl=1\" data-large-file=\"https:\/\/i0.wp.com\/generali-ronda.es\/wp-content\/uploads\/2023\/01\/seguro-vida-generali-ronda-maria-matilde-calvo-ruiz.jpg?fit=1024%2C598&amp;ssl=1\" \/><\/a><\/figure><div class=\"elementor-image-box-content\"><h3 class=\"elementor-image-box-title\"><a href=\"https:\/\/generali-ronda.es\/index.php\/seguro-de-vida\/\">Seguro de Vida<\/a><\/h3><p class=\"elementor-image-box-description\">Un seguro de vida es una forma de proteger a tu familia en caso de tu fallecimiento. Con un seguro de vida, podr\u00e1s dejar un monto de dinero a tus seres queridos para ayudarles a cubrir gastos y mantener su estilo de vida en caso de tu ausencia. Algunos seguros de vida tambi\u00e9n incluyen cobertura para enfermedad grave o invalidez, lo que te permitir\u00e1 proteger a tu familia en caso de enfermedad o incapacidad. Al elegir tu seguro de vida, es importante que consideres tus necesidades y las necesidades de tu familia. En nuestra aseguradora, ofrecemos seguros de vida adaptados a las necesidades de cada persona. No dudes en contactarnos para obtener m\u00e1s informaci\u00f3n y una cotizaci\u00f3n personalizada.<\/p><\/div><\/div>\t\t<\/div>\n\t\t\t\t<\/div>\n\t\t\t\t\t\t<\/div>\n\t\t\t<\/div>\n\t\t<\/div>\n\t\t\t\t\t\t<\/div>\n\t\t\t<\/div>\n\t\t<\/section>\n\t\t\t\t<section class=\"elementor-element elementor-element-ed7b081 elementor-section-boxed elementor-section-height-default elementor-section-height-default elementor-section elementor-top-section\" data-id=\"ed7b081\" data-element_type=\"section\">\n\t\t\t\t\t\t<div class=\"elementor-container elementor-column-gap-wider\">\n\t\t\t\t<div class=\"elementor-row\">\n\t\t\t\t<div class=\"elementor-element elementor-element-af7ee59 elementor-column elementor-col-100 elementor-top-column\" data-id=\"af7ee59\" data-element_type=\"column\">\n\t\t\t<div class=\"elementor-column-wrap  elementor-element-populated\">\n\t\t\t\t\t<div class=\"elementor-widget-wrap\">\n\t\t\t\t<div class=\"elementor-element elementor-element-b84441f elementor-position-top elementor-vertical-align-top elementor-widget elementor-widget-image-box\" data-id=\"b84441f\" data-element_type=\"widget\" data-widget_type=\"image-box.default\">\n\t\t\t\t<div class=\"elementor-widget-container\">\n\t\t\t<div class=\"elementor-image-box-wrapper\"><figure class=\"elementor-image-box-img\"><a href=\"https:\/\/generali-ronda.es\/indhttps:\/\/generali-ronda.es\"><img width=\"1850\" height=\"1080\" src=\"https:\/\/i1.wp.com\/generali-ronda.es\/wp-content\/uploads\/2023\/01\/telefono-grua-generali-maria-matilde-calvo-ruiz.jpg?fit=1850%2C1080&amp;ssl=1\" class=\"attachment-full size-full\" alt=\"telefono-grua-generali-maria-matilde-calvo-ruiz\" decoding=\"async\" loading=\"lazy\" srcset=\"https:\/\/i1.wp.com\/generali-ronda.es\/wp-content\/uploads\/2023\/01\/telefono-grua-generali-maria-matilde-calvo-ruiz.jpg?w=1850&amp;ssl=1 1850w, https:\/\/i1.wp.com\/generali-ronda.es\/wp-content\/uploads\/2023\/01\/telefono-grua-generali-maria-matilde-calvo-ruiz.jpg?resize=300%2C175&amp;ssl=1 300w, https:\/\/i1.wp.com\/generali-ronda.es\/wp-content\/uploads\/2023\/01\/telefono-grua-generali-maria-matilde-calvo-ruiz.jpg?resize=1024%2C598&amp;ssl=1 1024w, https:\/\/i1.wp.com\/generali-ronda.es\/wp-content\/uploads\/2023\/01\/telefono-grua-generali-maria-matilde-calvo-ruiz.jpg?resize=768%2C448&amp;ssl=1 768w, https:\/\/i1.wp.com\/generali-ronda.es\/wp-content\/uploads\/2023\/01\/telefono-grua-generali-maria-matilde-calvo-ruiz.jpg?resize=1536%2C897&amp;ssl=1 1536w, https:\/\/i1.wp.com\/generali-ronda.es\/wp-content\/uploads\/2023\/01\/telefono-grua-generali-maria-matilde-calvo-ruiz.jpg?resize=377%2C220&amp;ssl=1 377w\" sizes=\"(max-width: 1505px) 100vw, 1505px\" data-attachment-id=\"3182\" data-permalink=\"https:\/\/generali-ronda.es\/index.php\/generali-seguros-en-ronda\/telefono-grua-generali-maria-matilde-calvo-ruiz\/\" data-orig-file=\"https:\/\/i1.wp.com\/generali-ronda.es\/wp-content\/uploads\/2023\/01\/telefono-grua-generali-maria-matilde-calvo-ruiz.jpg?fit=1850%2C1080&amp;ssl=1\" data-orig-size=\"1850,1080\" data-comments-opened=\"1\" data-image-meta=\"{&quot;aperture&quot;:&quot;0&quot;,&quot;credit&quot;:&quot;&quot;,&quot;camera&quot;:&quot;&quot;,&quot;caption&quot;:&quot;&quot;,&quot;created_timestamp&quot;:&quot;0&quot;,&quot;copyright&quot;:&quot;&quot;,&quot;focal_length&quot;:&quot;0&quot;,&quot;iso&quot;:&quot;0&quot;,&quot;shutter_speed&quot;:&quot;0&quot;,&quot;title&quot;:&quot;&quot;,&quot;orientation&quot;:&quot;0&quot;}\" data-image-title=\"telefono-grua-generali-maria-matilde-calvo-ruiz\" data-image-description=\"&lt;p&gt;telefono-grua-generali-maria-matilde-calvo-ruiz&lt;\/p&gt;\n\" data-image-caption=\"&lt;p&gt;telefono-grua-generali-maria-matilde-calvo-ruiz&lt;\/p&gt;\n\" data-medium-file=\"https:\/\/i1.wp.com\/generali-ronda.es\/wp-content\/uploads\/2023\/01\/telefono-grua-generali-maria-matilde-calvo-ruiz.jpg?fit=300%2C175&amp;ssl=1\" data-large-file=\"https:\/\/i1.wp.com\/generali-ronda.es\/wp-content\/uploads\/2023\/01\/telefono-grua-generali-maria-matilde-calvo-ruiz.jpg?fit=1024%2C598&amp;ssl=1\" \/><\/a><\/figure><div class=\"elementor-image-box-content\"><h3 class=\"elementor-image-box-title\"><a href=\"https:\/\/generali-ronda.es\/indhttps:\/\/generali-ronda.es\">Tel\u00e9fono Gr\u00faa Generali<\/a><\/h3><\/div><\/div>\t\t<\/div>\n\t\t\t\t<\/div>\n\t\t\t\t\t\t<\/div>\n\t\t\t<\/div>\n\t\t<\/div>\n\t\t\t\t\t\t<\/div>\n\t\t\t<\/div>\n\t\t<\/section>\n\t\t\t\t<section class=\"elementor-element elementor-element-aba86dd elementor-section-content-top elementor-section-stretched elementor-section-full_width elementor-section-height-default elementor-section-height-default elementor-section elementor-top-section\" data-id=\"aba86dd\" data-element_type=\"section\" data-settings=\"{&quot;background_background&quot;:&quot;classic&quot;,&quot;stretch_section&quot;:&quot;section-stretched&quot;}\">\n\t\t\t\t\t\t<div class=\"elementor-container elementor-column-gap-default\">\n\t\t\t\t<div class=\"elementor-row\">\n\t\t\t\t<div class=\"elementor-element elementor-element-582f57b elementor-column elementor-col-50 elementor-top-column\" data-id=\"582f57b\" data-element_type=\"column\">\n\t\t\t<div class=\"elementor-column-wrap  elementor-element-populated\">\n\t\t\t\t\t<div class=\"elementor-widget-wrap\">\n\t\t\t\t<div class=\"elementor-element elementor-element-91923f1 elementor-widget elementor-widget-heading\" data-id=\"91923f1\" data-element_type=\"widget\" data-widget_type=\"heading.default\">\n\t\t\t\t<div class=\"elementor-widget-container\">\n\t\t\t<h3 class=\"elementor-heading-title elementor-size-large\">LA MEJOR COMPA\u00d1\u00cdA: GENERALI<\/h3>\t\t<\/div>\n\t\t\t\t<\/div>\n\t\t\t\t<section class=\"elementor-element elementor-element-dcbd08b elementor-section-boxed elementor-section-height-default elementor-section-height-default elementor-section elementor-inner-section\" data-id=\"dcbd08b\" data-element_type=\"section\">\n\t\t\t\t\t\t<div class=\"elementor-container elementor-column-gap-wide\">\n\t\t\t\t<div class=\"elementor-row\">\n\t\t\t\t<div class=\"elementor-element elementor-element-a8d0402 elementor-column elementor-col-50 elementor-inner-column\" data-id=\"a8d0402\" data-element_type=\"column\">\n\t\t\t<div class=\"elementor-column-wrap  elementor-element-populated\">\n\t\t\t\t\t<div class=\"elementor-widget-wrap\">\n\t\t\t\t<div class=\"elementor-element elementor-element-25ae085 elementor-position-left elementor-view-default elementor-vertical-align-top elementor-widget elementor-widget-icon-box\" data-id=\"25ae085\" data-element_type=\"widget\" data-widget_type=\"icon-box.default\">\n\t\t\t\t<div class=\"elementor-widget-container\">\n\t\t\t\t\t<div class=\"elementor-icon-box-wrapper\">\n\t\t\t\t\t\t<div class=\"elementor-icon-box-icon\">\n\t\t\t\t<span class=\"elementor-icon elementor-animation-\" >\n\t\t\t\t<i aria-hidden=\"true\" class=\"fas fa-star\"><\/i>\t\t\t\t<\/span>\n\t\t\t<\/div>\n\t\t\t\t\t\t<div class=\"elementor-icon-box-content\">\n\t\t\t\t<h3 class=\"elementor-icon-box-title\">\n\t\t\t\t\t<span >Segun Forbes<\/span>\n\t\t\t\t<\/h3>\n\t\t\t\t\t\t\t\t<p class=\"elementor-icon-box-description\">Mejor Grupo Asegurador seg\u00fan la lista de \u2018The World\u2019sB est Regarded Companies\u00b4<\/p>\n\t\t\t\t\t\t\t<\/div>\n\t\t<\/div>\n\t\t\t\t<\/div>\n\t\t\t\t<\/div>\n\t\t\t\t<div class=\"elementor-element elementor-element-0f4fff0 elementor-widget elementor-widget-spacer\" data-id=\"0f4fff0\" data-element_type=\"widget\" data-widget_type=\"spacer.default\">\n\t\t\t\t<div class=\"elementor-widget-container\">\n\t\t\t\t\t<div class=\"elementor-spacer\">\n\t\t\t<div class=\"elementor-spacer-inner\"><\/div>\n\t\t<\/div>\n\t\t\t\t<\/div>\n\t\t\t\t<\/div>\n\t\t\t\t<div class=\"elementor-element elementor-element-aaba255 elementor-position-left elementor-view-default elementor-vertical-align-top elementor-widget elementor-widget-icon-box\" data-id=\"aaba255\" data-element_type=\"widget\" data-widget_type=\"icon-box.default\">\n\t\t\t\t<div class=\"elementor-widget-container\">\n\t\t\t\t\t<div class=\"elementor-icon-box-wrapper\">\n\t\t\t\t\t\t<div class=\"elementor-icon-box-icon\">\n\t\t\t\t<span class=\"elementor-icon elementor-animation-\" >\n\t\t\t\t<i aria-hidden=\"true\" class=\"fas fa-user-friends\"><\/i>\t\t\t\t<\/span>\n\t\t\t<\/div>\n\t\t\t\t\t\t<div class=\"elementor-icon-box-content\">\n\t\t\t\t<h3 class=\"elementor-icon-box-title\">\n\t\t\t\t\t<span >Conducta Social<\/span>\n\t\t\t\t<\/h3>\n\t\t\t\t\t\t\t\t<p class=\"elementor-icon-box-description\">En Generali estamos involucrados y comprometidos en multitud de proyectos sociales<\/p>\n\t\t\t\t\t\t\t<\/div>\n\t\t<\/div>\n\t\t\t\t<\/div>\n\t\t\t\t<\/div>\n\t\t\t\t<div class=\"elementor-element elementor-element-7e16c22 elementor-widget elementor-widget-spacer\" data-id=\"7e16c22\" data-element_type=\"widget\" data-widget_type=\"spacer.default\">\n\t\t\t\t<div class=\"elementor-widget-container\">\n\t\t\t\t\t<div class=\"elementor-spacer\">\n\t\t\t<div class=\"elementor-spacer-inner\"><\/div>\n\t\t<\/div>\n\t\t\t\t<\/div>\n\t\t\t\t<\/div>\n\t\t\t\t<div class=\"elementor-element elementor-element-7d7a313 elementor-position-left elementor-view-default elementor-vertical-align-top elementor-widget elementor-widget-icon-box\" data-id=\"7d7a313\" data-element_type=\"widget\" data-widget_type=\"icon-box.default\">\n\t\t\t\t<div class=\"elementor-widget-container\">\n\t\t\t\t\t<div class=\"elementor-icon-box-wrapper\">\n\t\t\t\t\t\t<div class=\"elementor-icon-box-icon\">\n\t\t\t\t<span class=\"elementor-icon elementor-animation-\" >\n\t\t\t\t<i aria-hidden=\"true\" class=\"fas fa-user-check\"><\/i>\t\t\t\t<\/span>\n\t\t\t<\/div>\n\t\t\t\t\t\t<div class=\"elementor-icon-box-content\">\n\t\t\t\t<h3 class=\"elementor-icon-box-title\">\n\t\t\t\t\t<span >Servicio<\/span>\n\t\t\t\t<\/h3>\n\t\t\t\t\t\t\t\t<p class=\"elementor-icon-box-description\">En la atenci\u00f3n a nuestros clientes es donde marcamos la diferencia<\/p>\n\t\t\t\t\t\t\t<\/div>\n\t\t<\/div>\n\t\t\t\t<\/div>\n\t\t\t\t<\/div>\n\t\t\t\t\t\t<\/div>\n\t\t\t<\/div>\n\t\t<\/div>\n\t\t\t\t<div class=\"elementor-element elementor-element-a1cd759 elementor-column elementor-col-50 elementor-inner-column\" data-id=\"a1cd759\" data-element_type=\"column\">\n\t\t\t<div class=\"elementor-column-wrap  elementor-element-populated\">\n\t\t\t\t\t<div class=\"elementor-widget-wrap\">\n\t\t\t\t<div class=\"elementor-element elementor-element-befc5dc elementor-position-left elementor-view-default elementor-vertical-align-top elementor-widget elementor-widget-icon-box\" data-id=\"befc5dc\" data-element_type=\"widget\" data-widget_type=\"icon-box.default\">\n\t\t\t\t<div class=\"elementor-widget-container\">\n\t\t\t\t\t<div class=\"elementor-icon-box-wrapper\">\n\t\t\t\t\t\t<div class=\"elementor-icon-box-icon\">\n\t\t\t\t<span class=\"elementor-icon elementor-animation-\" >\n\t\t\t\t<i aria-hidden=\"true\" class=\"far fa-thumbs-up\"><\/i>\t\t\t\t<\/span>\n\t\t\t<\/div>\n\t\t\t\t\t\t<div class=\"elementor-icon-box-content\">\n\t\t\t\t<h3 class=\"elementor-icon-box-title\">\n\t\t\t\t\t<span >Confianza<\/span>\n\t\t\t\t<\/h3>\n\t\t\t\t\t\t\t\t<p class=\"elementor-icon-box-description\">Nuestros clientes est\u00e1n tranquilos las coberturas que Generali ofrece y as\u00ed lo demuestran las encuestas de satisfacci\u00f3n<\/p>\n\t\t\t\t\t\t\t<\/div>\n\t\t<\/div>\n\t\t\t\t<\/div>\n\t\t\t\t<\/div>\n\t\t\t\t<div class=\"elementor-element elementor-element-20edf7e elementor-widget elementor-widget-spacer\" data-id=\"20edf7e\" data-element_type=\"widget\" data-widget_type=\"spacer.default\">\n\t\t\t\t<div class=\"elementor-widget-container\">\n\t\t\t\t\t<div class=\"elementor-spacer\">\n\t\t\t<div class=\"elementor-spacer-inner\"><\/div>\n\t\t<\/div>\n\t\t\t\t<\/div>\n\t\t\t\t<\/div>\n\t\t\t\t<div class=\"elementor-element elementor-element-531f750 elementor-position-left elementor-view-default elementor-vertical-align-top elementor-widget elementor-widget-icon-box\" data-id=\"531f750\" data-element_type=\"widget\" data-widget_type=\"icon-box.default\">\n\t\t\t\t<div class=\"elementor-widget-container\">\n\t\t\t\t\t<div class=\"elementor-icon-box-wrapper\">\n\t\t\t\t\t\t<div class=\"elementor-icon-box-icon\">\n\t\t\t\t<span class=\"elementor-icon elementor-animation-\" >\n\t\t\t\t<i aria-hidden=\"true\" class=\"fab fa-codepen\"><\/i>\t\t\t\t<\/span>\n\t\t\t<\/div>\n\t\t\t\t\t\t<div class=\"elementor-icon-box-content\">\n\t\t\t\t<h3 class=\"elementor-icon-box-title\">\n\t\t\t\t\t<span >Calidad de Seguro<\/span>\n\t\t\t\t<\/h3>\n\t\t\t\t\t\t\t\t<p class=\"elementor-icon-box-description\">Con Seguros y coberturas que se sit\u00faan a la vanguardia del mercado asegurador<\/p>\n\t\t\t\t\t\t\t<\/div>\n\t\t<\/div>\n\t\t\t\t<\/div>\n\t\t\t\t<\/div>\n\t\t\t\t<div class=\"elementor-element elementor-element-31d2d6a elementor-widget elementor-widget-spacer\" data-id=\"31d2d6a\" data-element_type=\"widget\" data-widget_type=\"spacer.default\">\n\t\t\t\t<div class=\"elementor-widget-container\">\n\t\t\t\t\t<div class=\"elementor-spacer\">\n\t\t\t<div class=\"elementor-spacer-inner\"><\/div>\n\t\t<\/div>\n\t\t\t\t<\/div>\n\t\t\t\t<\/div>\n\t\t\t\t<div class=\"elementor-element elementor-element-ae061dc elementor-position-left elementor-view-default elementor-vertical-align-top elementor-widget elementor-widget-icon-box\" data-id=\"ae061dc\" data-element_type=\"widget\" data-widget_type=\"icon-box.default\">\n\t\t\t\t<div class=\"elementor-widget-container\">\n\t\t\t\t\t<div class=\"elementor-icon-box-wrapper\">\n\t\t\t\t\t\t<div class=\"elementor-icon-box-icon\">\n\t\t\t\t<span class=\"elementor-icon elementor-animation-\" >\n\t\t\t\t<i aria-hidden=\"true\" class=\"fas fa-network-wired\"><\/i>\t\t\t\t<\/span>\n\t\t\t<\/div>\n\t\t\t\t\t\t<div class=\"elementor-icon-box-content\">\n\t\t\t\t<h3 class=\"elementor-icon-box-title\">\n\t\t\t\t\t<span >Relaci\u00f3n con los empleados<\/span>\n\t\t\t\t<\/h3>\n\t\t\t\t\t\t\t\t<p class=\"elementor-icon-box-description\">Con 70.734 empleados, referente en atenci\u00f3n a la familia Generali y conciliaci\u00f3n laboral\n<\/p>\n\t\t\t\t\t\t\t<\/div>\n\t\t<\/div>\n\t\t\t\t<\/div>\n\t\t\t\t<\/div>\n\t\t\t\t\t\t<\/div>\n\t\t\t<\/div>\n\t\t<\/div>\n\t\t\t\t\t\t<\/div>\n\t\t\t<\/div>\n\t\t<\/section>\n\t\t\t\t\t\t<\/div>\n\t\t\t<\/div>\n\t\t<\/div>\n\t\t\t\t<div class=\"elementor-element elementor-element-3da6360 elementor-column elementor-col-50 elementor-top-column\" data-id=\"3da6360\" data-element_type=\"column\">\n\t\t\t<div class=\"elementor-column-wrap  elementor-element-populated\">\n\t\t\t\t\t<div class=\"elementor-widget-wrap\">\n\t\t\t\t<div class=\"elementor-element elementor-element-bf4b7a5 elementor-invisible elementor-widget elementor-widget-image\" data-id=\"bf4b7a5\" data-element_type=\"widget\" data-settings=\"{&quot;_animation&quot;:&quot;fadeInUp&quot;}\" data-widget_type=\"image.default\">\n\t\t\t\t<div class=\"elementor-widget-container\">\n\t\t\t\t\t<div class=\"elementor-image\">\n\t\t\t\t\t\t\t\t\t\t<img width=\"724\" height=\"1024\" src=\"https:\/\/i1.wp.com\/generali-ronda.es\/wp-content\/uploads\/2019\/10\/generali-ronda-calle-sevilla-86-generali.jpg?fit=724%2C1024&amp;ssl=1\" class=\"attachment-large size-large\" alt=\"generali-ronda-calle-sevilla-86-generali\" decoding=\"async\" loading=\"lazy\" srcset=\"https:\/\/i1.wp.com\/generali-ronda.es\/wp-content\/uploads\/2019\/10\/generali-ronda-calle-sevilla-86-generali.jpg?w=1587&amp;ssl=1 1587w, https:\/\/i1.wp.com\/generali-ronda.es\/wp-content\/uploads\/2019\/10\/generali-ronda-calle-sevilla-86-generali.jpg?resize=212%2C300&amp;ssl=1 212w, https:\/\/i1.wp.com\/generali-ronda.es\/wp-content\/uploads\/2019\/10\/generali-ronda-calle-sevilla-86-generali.jpg?resize=768%2C1086&amp;ssl=1 768w, https:\/\/i1.wp.com\/generali-ronda.es\/wp-content\/uploads\/2019\/10\/generali-ronda-calle-sevilla-86-generali.jpg?resize=724%2C1024&amp;ssl=1 724w, https:\/\/i1.wp.com\/generali-ronda.es\/wp-content\/uploads\/2019\/10\/generali-ronda-calle-sevilla-86-generali.jpg?resize=156%2C220&amp;ssl=1 156w\" sizes=\"(max-width: 724px) 100vw, 724px\" data-attachment-id=\"2717\" data-permalink=\"https:\/\/generali-ronda.es\/index.php\/generali-seguros-en-ronda\/generali-ronda-calle-sevilla-86-generali\/\" data-orig-file=\"https:\/\/i1.wp.com\/generali-ronda.es\/wp-content\/uploads\/2019\/10\/generali-ronda-calle-sevilla-86-generali.jpg?fit=1587%2C2245&amp;ssl=1\" data-orig-size=\"1587,2245\" data-comments-opened=\"1\" data-image-meta=\"{&quot;aperture&quot;:&quot;0&quot;,&quot;credit&quot;:&quot;&quot;,&quot;camera&quot;:&quot;&quot;,&quot;caption&quot;:&quot;&quot;,&quot;created_timestamp&quot;:&quot;0&quot;,&quot;copyright&quot;:&quot;&quot;,&quot;focal_length&quot;:&quot;0&quot;,&quot;iso&quot;:&quot;0&quot;,&quot;shutter_speed&quot;:&quot;0&quot;,&quot;title&quot;:&quot;&quot;,&quot;orientation&quot;:&quot;0&quot;}\" data-image-title=\"generali-ronda-calle-sevilla-86-generali\" data-image-description=\"&lt;p&gt;generali-ronda-calle-sevilla-86-generali&lt;\/p&gt;\n\" data-image-caption=\"&lt;p&gt;generali-ronda-calle-sevilla-86-generali&lt;\/p&gt;\n\" data-medium-file=\"https:\/\/i1.wp.com\/generali-ronda.es\/wp-content\/uploads\/2019\/10\/generali-ronda-calle-sevilla-86-generali.jpg?fit=212%2C300&amp;ssl=1\" data-large-file=\"https:\/\/i1.wp.com\/generali-ronda.es\/wp-content\/uploads\/2019\/10\/generali-ronda-calle-sevilla-86-generali.jpg?fit=724%2C1024&amp;ssl=1\" \/>\t\t\t\t\t\t\t\t\t\t\t<\/div>\n\t\t\t\t<\/div>\n\t\t\t\t<\/div>\n\t\t\t\t\t\t<\/div>\n\t\t\t<\/div>\n\t\t<\/div>\n\t\t\t\t\t\t<\/div>\n\t\t\t<\/div>\n\t\t<\/section>\n\t\t\t\t<section class=\"elementor-element elementor-element-f2152fa elementor-section-stretched elementor-section-boxed elementor-section-height-default elementor-section-height-default elementor-section elementor-top-section\" data-id=\"f2152fa\" data-element_type=\"section\" data-settings=\"{&quot;background_background&quot;:&quot;classic&quot;,&quot;stretch_section&quot;:&quot;section-stretched&quot;}\">\n\t\t\t\t\t\t\t<div class=\"elementor-background-overlay\"><\/div>\n\t\t\t\t\t\t\t<div class=\"elementor-container elementor-column-gap-default\">\n\t\t\t\t<div class=\"elementor-row\">\n\t\t\t\t<div class=\"elementor-element elementor-element-6c76d03 elementor-column elementor-col-100 elementor-top-column\" data-id=\"6c76d03\" data-element_type=\"column\">\n\t\t\t<div class=\"elementor-column-wrap  elementor-element-populated\">\n\t\t\t\t\t<div class=\"elementor-widget-wrap\">\n\t\t\t\t<div class=\"elementor-element elementor-element-91d6d8d elementor-widget elementor-widget-heading\" data-id=\"91d6d8d\" data-element_type=\"widget\" data-widget_type=\"heading.default\">\n\t\t\t\t<div class=\"elementor-widget-container\">\n\t\t\t<h2 class=\"elementor-heading-title elementor-size-default\"><b>Seguros GENERALI en RONDA<\/b><\/h2>\t\t<\/div>\n\t\t\t\t<\/div>\n\t\t\t\t\t\t<\/div>\n\t\t\t<\/div>\n\t\t<\/div>\n\t\t\t\t\t\t<\/div>\n\t\t\t<\/div>\n\t\t<\/section>\n\t\t\t\t<section class=\"elementor-element elementor-element-3dbd503 elementor-section-full_width elementor-section-content-middle elementor-section-height-default elementor-section-height-default elementor-section elementor-top-section\" data-id=\"3dbd503\" data-element_type=\"section\">\n\t\t\t\t\t\t<div class=\"elementor-container elementor-column-gap-no\">\n\t\t\t\t<div class=\"elementor-row\">\n\t\t\t\t<div class=\"elementor-element elementor-element-a1e7ff6 elementor-invisible elementor-column elementor-col-50 elementor-top-column\" data-id=\"a1e7ff6\" data-element_type=\"column\" data-settings=\"{&quot;background_background&quot;:&quot;classic&quot;,&quot;animation&quot;:&quot;fadeInUp&quot;}\">\n\t\t\t<div class=\"elementor-column-wrap  elementor-element-populated\">\n\t\t\t\t\t\t\t<div class=\"elementor-background-overlay\"><\/div>\n\t\t\t\t\t<div class=\"elementor-widget-wrap\">\n\t\t\t\t<div class=\"elementor-element elementor-element-b10b223 elementor-widget elementor-widget-heading\" data-id=\"b10b223\" data-element_type=\"widget\" data-widget_type=\"heading.default\">\n\t\t\t\t<div class=\"elementor-widget-container\">\n\t\t\t<h2 class=\"elementor-heading-title elementor-size-large\">Seguros de Coche<\/h2>\t\t<\/div>\n\t\t\t\t<\/div>\n\t\t\t\t<div class=\"elementor-element elementor-element-3817c3a elementor-widget elementor-widget-text-editor\" data-id=\"3817c3a\" data-element_type=\"widget\" data-widget_type=\"text-editor.default\">\n\t\t\t\t<div class=\"elementor-widget-container\">\n\t\t\t\t\t<div class=\"elementor-text-editor elementor-clearfix\"><p>Adem\u00e1s del\u00a0<strong>Seguro Obligatorio<\/strong> en Espa\u00f1a y la Uni\u00f3n Europea, tendr\u00e1s las coberturas que mejor se adaptan a tus necesidades y al precio que deseas\u2026<\/p><\/div>\n\t\t\t\t<\/div>\n\t\t\t\t<\/div>\n\t\t\t\t<div class=\"elementor-element elementor-element-e5edbae elementor-mobile-align-justify elementor-widget elementor-widget-button\" data-id=\"e5edbae\" data-element_type=\"widget\" data-widget_type=\"button.default\">\n\t\t\t\t<div class=\"elementor-widget-container\">\n\t\t\t\t\t<div class=\"elementor-button-wrapper\">\n\t\t\t<a href=\"https:\/\/generali-ronda.es\/index.php\/generali-seguro-coche\/\" class=\"elementor-button-link elementor-button elementor-size-sm\" role=\"button\">\n\t\t\t\t\t\t<span class=\"elementor-button-content-wrapper\">\n\t\t\t\t\t\t<span class=\"elementor-button-icon elementor-align-icon-right\">\n\t\t\t\t<i aria-hidden=\"true\" class=\"fas fa-angle-double-right\"><\/i>\t\t\t<\/span>\n\t\t\t\t\t\t<span class=\"elementor-button-text\">Mas<\/span>\n\t\t<\/span>\n\t\t\t\t\t<\/a>\n\t\t<\/div>\n\t\t\t\t<\/div>\n\t\t\t\t<\/div>\n\t\t\t\t\t\t<\/div>\n\t\t\t<\/div>\n\t\t<\/div>\n\t\t\t\t<div class=\"elementor-element elementor-element-c5c0fbd elementor-invisible elementor-column elementor-col-50 elementor-top-column\" data-id=\"c5c0fbd\" data-element_type=\"column\" data-settings=\"{&quot;background_background&quot;:&quot;classic&quot;,&quot;animation&quot;:&quot;fadeInUp&quot;}\">\n\t\t\t<div class=\"elementor-column-wrap  elementor-element-populated\">\n\t\t\t\t\t\t\t<div class=\"elementor-background-overlay\"><\/div>\n\t\t\t\t\t<div class=\"elementor-widget-wrap\">\n\t\t\t\t<div class=\"elementor-element elementor-element-7949d5d elementor-widget elementor-widget-heading\" data-id=\"7949d5d\" data-element_type=\"widget\" data-widget_type=\"heading.default\">\n\t\t\t\t<div class=\"elementor-widget-container\">\n\t\t\t<h2 class=\"elementor-heading-title elementor-size-large\">Generali Decesos<\/h2>\t\t<\/div>\n\t\t\t\t<\/div>\n\t\t\t\t<div class=\"elementor-element elementor-element-a487e25 elementor-widget elementor-widget-text-editor\" data-id=\"a487e25\" data-element_type=\"widget\" data-widget_type=\"text-editor.default\">\n\t\t\t\t<div class=\"elementor-widget-container\">\n\t\t\t\t\t<div class=\"elementor-text-editor elementor-clearfix\"><p>Dicen que en nuestras \u00faltimas horas vemos una luz muy brillante al final del t\u00fanel\u2026 hasta que llegue ese momento hay que disfrutar de la vida de la mejor manera posible\u2026 <strong>SEGURO DE DECESOS!<\/strong><\/p><\/div>\n\t\t\t\t<\/div>\n\t\t\t\t<\/div>\n\t\t\t\t<div class=\"elementor-element elementor-element-f684834 elementor-mobile-align-justify elementor-widget elementor-widget-button\" data-id=\"f684834\" data-element_type=\"widget\" data-widget_type=\"button.default\">\n\t\t\t\t<div class=\"elementor-widget-container\">\n\t\t\t\t\t<div class=\"elementor-button-wrapper\">\n\t\t\t<a href=\"https:\/\/generali-ronda.es\/index.php\/seguro-de-decesos-en-ronda\/\" class=\"elementor-button-link elementor-button elementor-size-sm\" role=\"button\">\n\t\t\t\t\t\t<span class=\"elementor-button-content-wrapper\">\n\t\t\t\t\t\t<span class=\"elementor-button-icon elementor-align-icon-right\">\n\t\t\t\t<i aria-hidden=\"true\" class=\"fas fa-angle-double-right\"><\/i>\t\t\t<\/span>\n\t\t\t\t\t\t<span class=\"elementor-button-text\">Mas<\/span>\n\t\t<\/span>\n\t\t\t\t\t<\/a>\n\t\t<\/div>\n\t\t\t\t<\/div>\n\t\t\t\t<\/div>\n\t\t\t\t\t\t<\/div>\n\t\t\t<\/div>\n\t\t<\/div>\n\t\t\t\t\t\t<\/div>\n\t\t\t<\/div>\n\t\t<\/section>\n\t\t\t\t<section class=\"elementor-element elementor-element-4dec8ec elementor-section-full_width elementor-section-content-middle elementor-section-height-default elementor-section-height-default elementor-invisible elementor-section elementor-top-section\" data-id=\"4dec8ec\" data-element_type=\"section\" data-settings=\"{&quot;animation&quot;:&quot;fadeInUp&quot;}\">\n\t\t\t\t\t\t<div class=\"elementor-container elementor-column-gap-no\">\n\t\t\t\t<div class=\"elementor-row\">\n\t\t\t\t<div class=\"elementor-element elementor-element-849509c elementor-column elementor-col-50 elementor-top-column\" data-id=\"849509c\" data-element_type=\"column\" data-settings=\"{&quot;background_background&quot;:&quot;classic&quot;}\">\n\t\t\t<div class=\"elementor-column-wrap  elementor-element-populated\">\n\t\t\t\t\t\t\t<div class=\"elementor-background-overlay\"><\/div>\n\t\t\t\t\t<div class=\"elementor-widget-wrap\">\n\t\t\t\t<div class=\"elementor-element elementor-element-9b9ac36 elementor-widget elementor-widget-heading\" data-id=\"9b9ac36\" data-element_type=\"widget\" data-widget_type=\"heading.default\">\n\t\t\t\t<div class=\"elementor-widget-container\">\n\t\t\t<h2 class=\"elementor-heading-title elementor-size-large\">Seguros Salud<\/h2>\t\t<\/div>\n\t\t\t\t<\/div>\n\t\t\t\t<div class=\"elementor-element elementor-element-f658bad elementor-widget elementor-widget-text-editor\" data-id=\"f658bad\" data-element_type=\"widget\" data-widget_type=\"text-editor.default\">\n\t\t\t\t<div class=\"elementor-widget-container\">\n\t\t\t\t\t<div class=\"elementor-text-editor elementor-clearfix\"><p><span style=\"color: #ffffff;\">Trabajamos para que tu salud y la de los tuyos sea siempre lo primero, que s\u00f3lo tengas que preocuparte de disfrutar,\u00a0<span style=\"caret-color: #000000;\">preg\u00fantanos<\/span>\u00a0por las modalidades de los <b>Seguros de Salud<\/b><\/span><\/p><\/div>\n\t\t\t\t<\/div>\n\t\t\t\t<\/div>\n\t\t\t\t<div class=\"elementor-element elementor-element-37b360c elementor-mobile-align-justify elementor-widget elementor-widget-button\" data-id=\"37b360c\" data-element_type=\"widget\" data-widget_type=\"button.default\">\n\t\t\t\t<div class=\"elementor-widget-container\">\n\t\t\t\t\t<div class=\"elementor-button-wrapper\">\n\t\t\t<a href=\"https:\/\/generali-ronda.es\/index.php\/seguro-de-salud\/\" class=\"elementor-button-link elementor-button elementor-size-sm\" role=\"button\">\n\t\t\t\t\t\t<span class=\"elementor-button-content-wrapper\">\n\t\t\t\t\t\t<span class=\"elementor-button-icon elementor-align-icon-right\">\n\t\t\t\t<i aria-hidden=\"true\" class=\"fas fa-angle-double-right\"><\/i>\t\t\t<\/span>\n\t\t\t\t\t\t<span class=\"elementor-button-text\">Mas<\/span>\n\t\t<\/span>\n\t\t\t\t\t<\/a>\n\t\t<\/div>\n\t\t\t\t<\/div>\n\t\t\t\t<\/div>\n\t\t\t\t\t\t<\/div>\n\t\t\t<\/div>\n\t\t<\/div>\n\t\t\t\t<div class=\"elementor-element elementor-element-e9e56ed elementor-column elementor-col-50 elementor-top-column\" data-id=\"e9e56ed\" data-element_type=\"column\" data-settings=\"{&quot;background_background&quot;:&quot;classic&quot;}\">\n\t\t\t<div class=\"elementor-column-wrap  elementor-element-populated\">\n\t\t\t\t\t\t\t<div class=\"elementor-background-overlay\"><\/div>\n\t\t\t\t\t<div class=\"elementor-widget-wrap\">\n\t\t\t\t<div class=\"elementor-element elementor-element-fe2bad1 elementor-widget elementor-widget-heading\" data-id=\"fe2bad1\" data-element_type=\"widget\" data-widget_type=\"heading.default\">\n\t\t\t\t<div class=\"elementor-widget-container\">\n\t\t\t<h2 class=\"elementor-heading-title elementor-size-large\">Seguros de Accidente<\/h2>\t\t<\/div>\n\t\t\t\t<\/div>\n\t\t\t\t<div class=\"elementor-element elementor-element-7d01fb7 elementor-widget elementor-widget-text-editor\" data-id=\"7d01fb7\" data-element_type=\"widget\" data-widget_type=\"text-editor.default\">\n\t\t\t\t<div class=\"elementor-widget-container\">\n\t\t\t\t\t<div class=\"elementor-text-editor elementor-clearfix\"><p><span style=\"color: #ffffff;\">GENERALI te protege frente al accidente. Ponemos a tu disposici\u00f3n una gama de <b>seguros de accidentes<\/b> completa y personalizable. \u00a1Solo tienes que escoger el seguro que m\u00e1s se adapte a ti!<\/span><\/p><\/div>\n\t\t\t\t<\/div>\n\t\t\t\t<\/div>\n\t\t\t\t<div class=\"elementor-element elementor-element-4127c15 elementor-mobile-align-justify elementor-widget elementor-widget-button\" data-id=\"4127c15\" data-element_type=\"widget\" data-widget_type=\"button.default\">\n\t\t\t\t<div class=\"elementor-widget-container\">\n\t\t\t\t\t<div class=\"elementor-button-wrapper\">\n\t\t\t<a href=\"https:\/\/generali-ronda.es\/index.php\/seguro-de-accidente\/\" class=\"elementor-button-link elementor-button elementor-size-sm\" role=\"button\">\n\t\t\t\t\t\t<span class=\"elementor-button-content-wrapper\">\n\t\t\t\t\t\t<span class=\"elementor-button-icon elementor-align-icon-right\">\n\t\t\t\t<i aria-hidden=\"true\" class=\"fas fa-angle-double-right\"><\/i>\t\t\t<\/span>\n\t\t\t\t\t\t<span class=\"elementor-button-text\">Mas<\/span>\n\t\t<\/span>\n\t\t\t\t\t<\/a>\n\t\t<\/div>\n\t\t\t\t<\/div>\n\t\t\t\t<\/div>\n\t\t\t\t\t\t<\/div>\n\t\t\t<\/div>\n\t\t<\/div>\n\t\t\t\t\t\t<\/div>\n\t\t\t<\/div>\n\t\t<\/section>\n\t\t\t\t<section class=\"elementor-element elementor-element-444d785 elementor-section-full_width elementor-section-content-middle elementor-section-height-default elementor-section-height-default elementor-invisible elementor-section elementor-top-section\" data-id=\"444d785\" data-element_type=\"section\" data-settings=\"{&quot;animation&quot;:&quot;fadeInUp&quot;}\">\n\t\t\t\t\t\t<div class=\"elementor-container elementor-column-gap-no\">\n\t\t\t\t<div class=\"elementor-row\">\n\t\t\t\t<div class=\"elementor-element elementor-element-9019ee5 elementor-column elementor-col-50 elementor-top-column\" data-id=\"9019ee5\" data-element_type=\"column\" data-settings=\"{&quot;background_background&quot;:&quot;classic&quot;}\">\n\t\t\t<div class=\"elementor-column-wrap  elementor-element-populated\">\n\t\t\t\t\t\t\t<div class=\"elementor-background-overlay\"><\/div>\n\t\t\t\t\t<div class=\"elementor-widget-wrap\">\n\t\t\t\t<div class=\"elementor-element elementor-element-a51c608 elementor-widget elementor-widget-heading\" data-id=\"a51c608\" data-element_type=\"widget\" data-widget_type=\"heading.default\">\n\t\t\t\t<div class=\"elementor-widget-container\">\n\t\t\t<h2 class=\"elementor-heading-title elementor-size-large\">Generali Ahorro<\/h2>\t\t<\/div>\n\t\t\t\t<\/div>\n\t\t\t\t<div class=\"elementor-element elementor-element-199053d elementor-widget elementor-widget-text-editor\" data-id=\"199053d\" data-element_type=\"widget\" data-widget_type=\"text-editor.default\">\n\t\t\t\t<div class=\"elementor-widget-container\">\n\t\t\t\t\t<div class=\"elementor-text-editor elementor-clearfix\"><p>\u00bfQuieres que tu dinero y el de los tuyos crezca? GENERALI Ahorro es la respuesta que estabas buscando<\/p><\/div>\n\t\t\t\t<\/div>\n\t\t\t\t<\/div>\n\t\t\t\t<div class=\"elementor-element elementor-element-4837911 elementor-mobile-align-justify elementor-widget elementor-widget-button\" data-id=\"4837911\" data-element_type=\"widget\" data-widget_type=\"button.default\">\n\t\t\t\t<div class=\"elementor-widget-container\">\n\t\t\t\t\t<div class=\"elementor-button-wrapper\">\n\t\t\t<a href=\"https:\/\/generali-ronda.es\/index.php\/generali-seguro-de-ahorro\/\" class=\"elementor-button-link elementor-button elementor-size-sm\" role=\"button\">\n\t\t\t\t\t\t<span class=\"elementor-button-content-wrapper\">\n\t\t\t\t\t\t<span class=\"elementor-button-icon elementor-align-icon-right\">\n\t\t\t\t<i aria-hidden=\"true\" class=\"fas fa-angle-double-right\"><\/i>\t\t\t<\/span>\n\t\t\t\t\t\t<span class=\"elementor-button-text\">Mas<\/span>\n\t\t<\/span>\n\t\t\t\t\t<\/a>\n\t\t<\/div>\n\t\t\t\t<\/div>\n\t\t\t\t<\/div>\n\t\t\t\t\t\t<\/div>\n\t\t\t<\/div>\n\t\t<\/div>\n\t\t\t\t<div class=\"elementor-element elementor-element-1eb24b2 elementor-column elementor-col-50 elementor-top-column\" data-id=\"1eb24b2\" data-element_type=\"column\" data-settings=\"{&quot;background_background&quot;:&quot;classic&quot;}\">\n\t\t\t<div class=\"elementor-column-wrap  elementor-element-populated\">\n\t\t\t\t\t\t\t<div class=\"elementor-background-overlay\"><\/div>\n\t\t\t\t\t<div class=\"elementor-widget-wrap\">\n\t\t\t\t<div class=\"elementor-element elementor-element-c0c7895 elementor-widget elementor-widget-heading\" data-id=\"c0c7895\" data-element_type=\"widget\" data-widget_type=\"heading.default\">\n\t\t\t\t<div class=\"elementor-widget-container\">\n\t\t\t<h2 class=\"elementor-heading-title elementor-size-large\">Seguros de Vida<\/h2>\t\t<\/div>\n\t\t\t\t<\/div>\n\t\t\t\t<div class=\"elementor-element elementor-element-409e6bc elementor-widget elementor-widget-text-editor\" data-id=\"409e6bc\" data-element_type=\"widget\" data-widget_type=\"text-editor.default\">\n\t\t\t\t<div class=\"elementor-widget-container\">\n\t\t\t\t\t<div class=\"elementor-text-editor elementor-clearfix\"><p>Con los <b>Seguros de Vida<\/b> tendr\u00e1s los imprevistos bajo control. Te ofrecemos una amplia gama de <b>seguros<\/b> con los que podr\u00e1s gestionar tu presente y tu futuro<\/p><\/div>\n\t\t\t\t<\/div>\n\t\t\t\t<\/div>\n\t\t\t\t<div class=\"elementor-element elementor-element-cf54380 elementor-mobile-align-justify elementor-widget elementor-widget-button\" data-id=\"cf54380\" data-element_type=\"widget\" data-widget_type=\"button.default\">\n\t\t\t\t<div class=\"elementor-widget-container\">\n\t\t\t\t\t<div class=\"elementor-button-wrapper\">\n\t\t\t<a href=\"https:\/\/generali-ronda.es\/index.php\/seguro-de-vida\/\" class=\"elementor-button-link elementor-button elementor-size-sm\" role=\"button\">\n\t\t\t\t\t\t<span class=\"elementor-button-content-wrapper\">\n\t\t\t\t\t\t<span class=\"elementor-button-icon elementor-align-icon-right\">\n\t\t\t\t<i aria-hidden=\"true\" class=\"fas fa-angle-double-right\"><\/i>\t\t\t<\/span>\n\t\t\t\t\t\t<span class=\"elementor-button-text\">Mas<\/span>\n\t\t<\/span>\n\t\t\t\t\t<\/a>\n\t\t<\/div>\n\t\t\t\t<\/div>\n\t\t\t\t<\/div>\n\t\t\t\t\t\t<\/div>\n\t\t\t<\/div>\n\t\t<\/div>\n\t\t\t\t\t\t<\/div>\n\t\t\t<\/div>\n\t\t<\/section>\n\t\t\t\t<section class=\"elementor-element elementor-element-5ad3eef elementor-section-full_width elementor-section-content-middle elementor-section-height-default elementor-section-height-default elementor-invisible elementor-section elementor-top-section\" data-id=\"5ad3eef\" data-element_type=\"section\" data-settings=\"{&quot;animation&quot;:&quot;fadeInUp&quot;}\">\n\t\t\t\t\t\t<div class=\"elementor-container elementor-column-gap-no\">\n\t\t\t\t<div class=\"elementor-row\">\n\t\t\t\t<div class=\"elementor-element elementor-element-8701f04 elementor-column elementor-col-50 elementor-top-column\" data-id=\"8701f04\" data-element_type=\"column\" data-settings=\"{&quot;background_background&quot;:&quot;classic&quot;}\">\n\t\t\t<div class=\"elementor-column-wrap  elementor-element-populated\">\n\t\t\t\t\t\t\t<div class=\"elementor-background-overlay\"><\/div>\n\t\t\t\t\t<div class=\"elementor-widget-wrap\">\n\t\t\t\t<div class=\"elementor-element elementor-element-1a336c5 elementor-widget elementor-widget-heading\" data-id=\"1a336c5\" data-element_type=\"widget\" data-widget_type=\"heading.default\">\n\t\t\t\t<div class=\"elementor-widget-container\">\n\t\t\t<h2 class=\"elementor-heading-title elementor-size-large\">Seguros de Hogar<\/h2>\t\t<\/div>\n\t\t\t\t<\/div>\n\t\t\t\t<div class=\"elementor-element elementor-element-d0ec6bb elementor-widget elementor-widget-text-editor\" data-id=\"d0ec6bb\" data-element_type=\"widget\" data-widget_type=\"text-editor.default\">\n\t\t\t\t<div class=\"elementor-widget-container\">\n\t\t\t\t\t<div class=\"elementor-text-editor elementor-clearfix\"><p>Ponemos a tu disposici\u00f3n una completa gama de <strong>coberturas para proteger tu hogar<\/strong><\/p><\/div>\n\t\t\t\t<\/div>\n\t\t\t\t<\/div>\n\t\t\t\t<div class=\"elementor-element elementor-element-c4fdab2 elementor-mobile-align-justify elementor-widget elementor-widget-button\" data-id=\"c4fdab2\" data-element_type=\"widget\" data-widget_type=\"button.default\">\n\t\t\t\t<div class=\"elementor-widget-container\">\n\t\t\t\t\t<div class=\"elementor-button-wrapper\">\n\t\t\t<a href=\"https:\/\/generali-ronda.es\/index.php\/seguro-de-hogar\/\" class=\"elementor-button-link elementor-button elementor-size-sm\" role=\"button\">\n\t\t\t\t\t\t<span class=\"elementor-button-content-wrapper\">\n\t\t\t\t\t\t<span class=\"elementor-button-icon elementor-align-icon-right\">\n\t\t\t\t<i aria-hidden=\"true\" class=\"fas fa-angle-double-right\"><\/i>\t\t\t<\/span>\n\t\t\t\t\t\t<span class=\"elementor-button-text\">Mas<\/span>\n\t\t<\/span>\n\t\t\t\t\t<\/a>\n\t\t<\/div>\n\t\t\t\t<\/div>\n\t\t\t\t<\/div>\n\t\t\t\t\t\t<\/div>\n\t\t\t<\/div>\n\t\t<\/div>\n\t\t\t\t<div class=\"elementor-element elementor-element-ffc030d elementor-column elementor-col-50 elementor-top-column\" data-id=\"ffc030d\" data-element_type=\"column\" data-settings=\"{&quot;background_background&quot;:&quot;classic&quot;}\">\n\t\t\t<div class=\"elementor-column-wrap  elementor-element-populated\">\n\t\t\t\t\t\t\t<div class=\"elementor-background-overlay\"><\/div>\n\t\t\t\t\t<div class=\"elementor-widget-wrap\">\n\t\t\t\t<div class=\"elementor-element elementor-element-03a4f07 elementor-widget elementor-widget-heading\" data-id=\"03a4f07\" data-element_type=\"widget\" data-widget_type=\"heading.default\">\n\t\t\t\t<div class=\"elementor-widget-container\">\n\t\t\t<h2 class=\"elementor-heading-title elementor-size-large\">Generali Planes de Pensiones<\/h2>\t\t<\/div>\n\t\t\t\t<\/div>\n\t\t\t\t<div class=\"elementor-element elementor-element-f46afeb elementor-widget elementor-widget-text-editor\" data-id=\"f46afeb\" data-element_type=\"widget\" data-widget_type=\"text-editor.default\">\n\t\t\t\t<div class=\"elementor-widget-container\">\n\t\t\t\t\t<div class=\"elementor-text-editor elementor-clearfix\"><p>Dise\u00f1ados para garantizar tu bienestar cuando llega la jubilaci\u00f3n, acompa\u00f1\u00e1ndote en esa esencial etapa de la vida. Si eres de los ya tienen contratado un <strong>Plan de Pensiones<\/strong> con otra entidad, puedes traspasarlo sin penalizaci\u00f3n alguna<\/p><\/div>\n\t\t\t\t<\/div>\n\t\t\t\t<\/div>\n\t\t\t\t<div class=\"elementor-element elementor-element-ae9b968 elementor-mobile-align-justify elementor-widget elementor-widget-button\" data-id=\"ae9b968\" data-element_type=\"widget\" data-widget_type=\"button.default\">\n\t\t\t\t<div class=\"elementor-widget-container\">\n\t\t\t\t\t<div class=\"elementor-button-wrapper\">\n\t\t\t<a href=\"https:\/\/generali-ronda.es\/index.php\/plan-de-pensiones-2\/\" class=\"elementor-button-link elementor-button elementor-size-sm\" role=\"button\">\n\t\t\t\t\t\t<span class=\"elementor-button-content-wrapper\">\n\t\t\t\t\t\t<span class=\"elementor-button-icon elementor-align-icon-right\">\n\t\t\t\t<i aria-hidden=\"true\" class=\"fas fa-angle-double-right\"><\/i>\t\t\t<\/span>\n\t\t\t\t\t\t<span class=\"elementor-button-text\">Mas<\/span>\n\t\t<\/span>\n\t\t\t\t\t<\/a>\n\t\t<\/div>\n\t\t\t\t<\/div>\n\t\t\t\t<\/div>\n\t\t\t\t\t\t<\/div>\n\t\t\t<\/div>\n\t\t<\/div>\n\t\t\t\t\t\t<\/div>\n\t\t\t<\/div>\n\t\t<\/section>\n\t\t\t\t<section class=\"elementor-element elementor-element-3358dd13 elementor-section-stretched elementor-section-boxed elementor-section-height-default elementor-section-height-default elementor-invisible elementor-section elementor-top-section\" data-id=\"3358dd13\" data-element_type=\"section\" data-settings=\"{&quot;background_background&quot;:&quot;classic&quot;,&quot;stretch_section&quot;:&quot;section-stretched&quot;,&quot;animation&quot;:&quot;fadeIn&quot;}\">\n\t\t\t\t\t\t\t<div class=\"elementor-background-overlay\"><\/div>\n\t\t\t\t\t\t\t<div class=\"elementor-container elementor-column-gap-default\">\n\t\t\t\t<div class=\"elementor-row\">\n\t\t\t\t<div class=\"elementor-element elementor-element-635811cc elementor-column elementor-col-50 elementor-top-column\" data-id=\"635811cc\" data-element_type=\"column\">\n\t\t\t<div class=\"elementor-column-wrap  elementor-element-populated\">\n\t\t\t\t\t<div class=\"elementor-widget-wrap\">\n\t\t\t\t<div class=\"elementor-element elementor-element-590429b0 elementor-invisible elementor-widget elementor-widget-heading\" data-id=\"590429b0\" data-element_type=\"widget\" data-settings=\"{&quot;_animation&quot;:&quot;zoomIn&quot;}\" data-widget_type=\"heading.default\">\n\t\t\t\t<div class=\"elementor-widget-container\">\n\t\t\t<h2 class=\"elementor-heading-title elementor-size-large\"><a href=\"https:\/\/generali-ronda.es\/index.php\/conocenos\/\">Maria Matilde Calvo Ruiz | Generali Seguros en Ronda<\/a><\/h2>\t\t<\/div>\n\t\t\t\t<\/div>\n\t\t\t\t<div class=\"elementor-element elementor-element-54d2eb2c elementor-widget elementor-widget-text-editor\" data-id=\"54d2eb2c\" data-element_type=\"widget\" data-widget_type=\"text-editor.default\">\n\t\t\t\t<div class=\"elementor-widget-container\">\n\t\t\t\t\t<div class=\"elementor-text-editor elementor-clearfix\"><p>Con m\u00e1s de 40 a\u00f1os de experiencia, Maria Matilde Calco Ruiz es una referente en el Sector Asegurador. En conclusi\u00f3n, una trayectoria tan longeva no puede ser fruto de la casualidad.<\/p><\/div>\n\t\t\t\t<\/div>\n\t\t\t\t<\/div>\n\t\t\t\t\t\t<\/div>\n\t\t\t<\/div>\n\t\t<\/div>\n\t\t\t\t<div class=\"elementor-element elementor-element-491914fc elementor-column elementor-col-50 elementor-top-column\" data-id=\"491914fc\" data-element_type=\"column\">\n\t\t\t<div class=\"elementor-column-wrap  elementor-element-populated\">\n\t\t\t\t\t<div class=\"elementor-widget-wrap\">\n\t\t\t\t<div class=\"elementor-element elementor-element-bf93a2f elementor-aspect-ratio-169 elementor-widget elementor-widget-video\" data-id=\"bf93a2f\" data-element_type=\"widget\" data-settings=\"{&quot;aspect_ratio&quot;:&quot;169&quot;}\" data-widget_type=\"video.default\">\n\t\t\t\t<div class=\"elementor-widget-container\">\n\t\t\t\t\t<div class=\"elementor-wrapper elementor-fit-aspect-ratio elementor-open-inline\">\n\t\t\t<iframe class=\"elementor-video-iframe\" allowfullscreen title=\"Reproductor de v\u00eddeo youtube\" src=\"https:\/\/www.youtube.com\/embed\/UPZW1dpWDhw?feature=oembed&amp;start&amp;end&amp;wmode=opaque&amp;loop=0&amp;controls=1&amp;mute=0&amp;rel=0&amp;modestbranding=0\"><\/iframe>\t\t<\/div>\n\t\t\t\t<\/div>\n\t\t\t\t<\/div>\n\t\t\t\t\t\t<\/div>\n\t\t\t<\/div>\n\t\t<\/div>\n\t\t\t\t\t\t<\/div>\n\t\t\t<\/div>\n\t\t<\/section>\n\t\t\t\t<section class=\"elementor-element elementor-element-312d94c elementor-section-stretched elementor-section-boxed elementor-section-height-default elementor-section-height-default elementor-invisible elementor-section elementor-top-section\" data-id=\"312d94c\" data-element_type=\"section\" data-settings=\"{&quot;background_background&quot;:&quot;classic&quot;,&quot;stretch_section&quot;:&quot;section-stretched&quot;,&quot;animation&quot;:&quot;fadeIn&quot;}\">\n\t\t\t\t\t\t<div class=\"elementor-container elementor-column-gap-default\">\n\t\t\t\t<div class=\"elementor-row\">\n\t\t\t\t<div class=\"elementor-element elementor-element-15f78d3 elementor-column elementor-col-100 elementor-top-column\" data-id=\"15f78d3\" data-element_type=\"column\" data-settings=\"{&quot;background_background&quot;:&quot;classic&quot;}\">\n\t\t\t<div class=\"elementor-column-wrap  elementor-element-populated\">\n\t\t\t\t\t<div class=\"elementor-widget-wrap\">\n\t\t\t\t<div class=\"elementor-element elementor-element-e852f81 elementor-invisible elementor-widget elementor-widget-heading\" data-id=\"e852f81\" data-element_type=\"widget\" data-settings=\"{&quot;_animation&quot;:&quot;fadeInLeft&quot;}\" data-widget_type=\"heading.default\">\n\t\t\t\t<div class=\"elementor-widget-container\">\n\t\t\t<h2 class=\"elementor-heading-title elementor-size-large\">ASEGURADORA de Confianza en ROnda<\/h2>\t\t<\/div>\n\t\t\t\t<\/div>\n\t\t\t\t<div class=\"elementor-element elementor-element-343953e elementor-widget elementor-widget-text-editor\" data-id=\"343953e\" data-element_type=\"widget\" data-widget_type=\"text-editor.default\">\n\t\t\t\t<div class=\"elementor-widget-container\">\n\t\t\t\t\t<div class=\"elementor-text-editor elementor-clearfix\"><p style=\"text-align: left;\"><strong>Agencia Generali Seguros en Ronda. Calle Sevilla 86.\u00a0<\/strong>M\u00e1s de CUATRO d\u00e9cadas dedicadas al sector asegurador.<\/p><\/div>\n\t\t\t\t<\/div>\n\t\t\t\t<\/div>\n\t\t\t\t<div class=\"elementor-element elementor-element-018a49e elementor-align-left elementor-tablet-align-center elementor-mobile-align-center elementor-invisible elementor-widget elementor-widget-button\" data-id=\"018a49e\" data-element_type=\"widget\" data-settings=\"{&quot;_animation&quot;:&quot;fadeIn&quot;}\" data-widget_type=\"button.default\">\n\t\t\t\t<div class=\"elementor-widget-container\">\n\t\t\t\t\t<div class=\"elementor-button-wrapper\">\n\t\t\t<a href=\"tel:952874028\" class=\"elementor-button-link elementor-button elementor-size-sm elementor-animation-grow\" role=\"button\">\n\t\t\t\t\t\t<span class=\"elementor-button-content-wrapper\">\n\t\t\t\t\t\t<span class=\"elementor-button-icon elementor-align-icon-right\">\n\t\t\t\t<i aria-hidden=\"true\" class=\"fas fa-phone\"><\/i>\t\t\t<\/span>\n\t\t\t\t\t\t<span class=\"elementor-button-text\">Llamar<\/span>\n\t\t<\/span>\n\t\t\t\t\t<\/a>\n\t\t<\/div>\n\t\t\t\t<\/div>\n\t\t\t\t<\/div>\n\t\t\t\t\t\t<\/div>\n\t\t\t<\/div>\n\t\t<\/div>\n\t\t\t\t\t\t<\/div>\n\t\t\t<\/div>\n\t\t<\/section>\n\t\t\t\t<section class=\"elementor-element elementor-element-80f0da1 elementor-section-full_width elementor-section-height-default elementor-section-height-default elementor-section elementor-top-section\" data-id=\"80f0da1\" data-element_type=\"section\">\n\t\t\t\t\t\t<div class=\"elementor-container elementor-column-gap-default\">\n\t\t\t\t<div class=\"elementor-row\">\n\t\t\t\t<div class=\"elementor-element elementor-element-6af619e elementor-column elementor-col-100 elementor-top-column\" data-id=\"6af619e\" data-element_type=\"column\">\n\t\t\t<div class=\"elementor-column-wrap  elementor-element-populated\">\n\t\t\t\t\t<div class=\"elementor-widget-wrap\">\n\t\t\t\t<div class=\"elementor-element elementor-element-fc70f7e elementor-widget elementor-widget-heading\" data-id=\"fc70f7e\" data-element_type=\"widget\" data-widget_type=\"heading.default\">\n\t\t\t\t<div class=\"elementor-widget-container\">\n\t\t\t<h2 class=\"elementor-heading-title elementor-size-default\">V\u00cdDEOS <i>(click en la imagen)<\/i><\/h2>\t\t<\/div>\n\t\t\t\t<\/div>\n\t\t\t\t\t\t<\/div>\n\t\t\t<\/div>\n\t\t<\/div>\n\t\t\t\t\t\t<\/div>\n\t\t\t<\/div>\n\t\t<\/section>\n\t\t\t\t<section class=\"elementor-element elementor-element-3f87b480 elementor-section-boxed elementor-section-height-default elementor-section-height-default elementor-section elementor-top-section\" data-id=\"3f87b480\" data-element_type=\"section\">\n\t\t\t\t\t\t<div class=\"elementor-container elementor-column-gap-wider\">\n\t\t\t\t<div class=\"elementor-row\">\n\t\t\t\t<div class=\"elementor-element elementor-element-416e31cd elementor-column elementor-col-33 elementor-top-column\" data-id=\"416e31cd\" data-element_type=\"column\">\n\t\t\t<div class=\"elementor-column-wrap  elementor-element-populated\">\n\t\t\t\t\t<div class=\"elementor-widget-wrap\">\n\t\t\t\t<div class=\"elementor-element elementor-element-2dfcef6c elementor-position-top elementor-vertical-align-top elementor-widget elementor-widget-image-box\" data-id=\"2dfcef6c\" data-element_type=\"widget\" data-widget_type=\"image-box.default\">\n\t\t\t\t<div class=\"elementor-widget-container\">\n\t\t\t<div class=\"elementor-image-box-wrapper\"><figure class=\"elementor-image-box-img\"><a href=\"https:\/\/www.youtube.com\/watch?v=mOhPFldSB7I&amp;t=615s\"><img width=\"1280\" height=\"720\" src=\"https:\/\/i0.wp.com\/generali-ronda.es\/wp-content\/uploads\/2021\/09\/seguros-en-ronda-generali-seguros-maria-matilde-calvo-ruix.png?fit=1280%2C720&amp;ssl=1\" class=\"attachment-full size-full\" alt=\"seguros-en-ronda-generali-seguros-maria-matilde-calvo-ruiz\" decoding=\"async\" loading=\"lazy\" srcset=\"https:\/\/i0.wp.com\/generali-ronda.es\/wp-content\/uploads\/2021\/09\/seguros-en-ronda-generali-seguros-maria-matilde-calvo-ruix.png?w=1280&amp;ssl=1 1280w, https:\/\/i0.wp.com\/generali-ronda.es\/wp-content\/uploads\/2021\/09\/seguros-en-ronda-generali-seguros-maria-matilde-calvo-ruix.png?resize=300%2C169&amp;ssl=1 300w, https:\/\/i0.wp.com\/generali-ronda.es\/wp-content\/uploads\/2021\/09\/seguros-en-ronda-generali-seguros-maria-matilde-calvo-ruix.png?resize=1024%2C576&amp;ssl=1 1024w, https:\/\/i0.wp.com\/generali-ronda.es\/wp-content\/uploads\/2021\/09\/seguros-en-ronda-generali-seguros-maria-matilde-calvo-ruix.png?resize=768%2C432&amp;ssl=1 768w, https:\/\/i0.wp.com\/generali-ronda.es\/wp-content\/uploads\/2021\/09\/seguros-en-ronda-generali-seguros-maria-matilde-calvo-ruix.png?resize=391%2C220&amp;ssl=1 391w\" sizes=\"(max-width: 1280px) 100vw, 1280px\" data-attachment-id=\"3158\" data-permalink=\"https:\/\/generali-ronda.es\/index.php\/generali-seguros-en-ronda\/seguros-en-ronda-generali-seguros-maria-matilde-calvo-ruix\/\" data-orig-file=\"https:\/\/i0.wp.com\/generali-ronda.es\/wp-content\/uploads\/2021\/09\/seguros-en-ronda-generali-seguros-maria-matilde-calvo-ruix.png?fit=1280%2C720&amp;ssl=1\" data-orig-size=\"1280,720\" data-comments-opened=\"1\" data-image-meta=\"{&quot;aperture&quot;:&quot;0&quot;,&quot;credit&quot;:&quot;&quot;,&quot;camera&quot;:&quot;&quot;,&quot;caption&quot;:&quot;&quot;,&quot;created_timestamp&quot;:&quot;0&quot;,&quot;copyright&quot;:&quot;&quot;,&quot;focal_length&quot;:&quot;0&quot;,&quot;iso&quot;:&quot;0&quot;,&quot;shutter_speed&quot;:&quot;0&quot;,&quot;title&quot;:&quot;&quot;,&quot;orientation&quot;:&quot;0&quot;}\" data-image-title=\"seguros-en-ronda-generali-seguros-maria-matilde-calvo-ruiz\" data-image-description=\"&lt;p&gt;seguros-en-ronda-generali-seguros-maria-matilde-calvo-ruiz&lt;\/p&gt;\n\" data-image-caption=\"&lt;p&gt;seguros-en-ronda-generali-seguros-maria-matilde-calvo-rui&lt;\/p&gt;\n\" data-medium-file=\"https:\/\/i0.wp.com\/generali-ronda.es\/wp-content\/uploads\/2021\/09\/seguros-en-ronda-generali-seguros-maria-matilde-calvo-ruix.png?fit=300%2C169&amp;ssl=1\" data-large-file=\"https:\/\/i0.wp.com\/generali-ronda.es\/wp-content\/uploads\/2021\/09\/seguros-en-ronda-generali-seguros-maria-matilde-calvo-ruix.png?fit=1024%2C576&amp;ssl=1\" \/><\/a><\/figure><div class=\"elementor-image-box-content\"><h3 class=\"elementor-image-box-title\"><a href=\"https:\/\/www.youtube.com\/watch?v=mOhPFldSB7I&amp;t=615s\">SEGUROS Y MEDIACI\u00d3N, entrevista con Mois\u00e9s N\u00fa\u00f1ez de Bien, presidente Colegio de Mediadores de M\u00e1laga<\/a><\/h3><p class=\"elementor-image-box-description\">Entrevista con Moises Nu\u00f1ez de Bien, presidente del Colegio de Mediadores de Seguros de M\u00e1laga.\n\nLa trayectoria de Mois\u00e9s en el mundo de los seguros es impecable e intachable. Tanto es as\u00ed, que hablar de seguros en M\u00e1laga, es poner de apellido \"Nu\u00f1ez de Bien\". <\/p><\/div><\/div>\t\t<\/div>\n\t\t\t\t<\/div>\n\t\t\t\t\t\t<\/div>\n\t\t\t<\/div>\n\t\t<\/div>\n\t\t\t\t<div class=\"elementor-element elementor-element-291a8845 elementor-column elementor-col-33 elementor-top-column\" data-id=\"291a8845\" data-element_type=\"column\">\n\t\t\t<div class=\"elementor-column-wrap  elementor-element-populated\">\n\t\t\t\t\t<div class=\"elementor-widget-wrap\">\n\t\t\t\t<div class=\"elementor-element elementor-element-5ddb2558 elementor-position-top elementor-vertical-align-top elementor-widget elementor-widget-image-box\" data-id=\"5ddb2558\" data-element_type=\"widget\" data-widget_type=\"image-box.default\">\n\t\t\t\t<div class=\"elementor-widget-container\">\n\t\t\t<div class=\"elementor-image-box-wrapper\"><figure class=\"elementor-image-box-img\"><a href=\"https:\/\/www.youtube.com\/watch?v=bN2oMnxN4lc&amp;t=615s\"><img width=\"2383\" height=\"1337\" src=\"https:\/\/i1.wp.com\/generali-ronda.es\/wp-content\/uploads\/2021\/09\/seguros-en-ronda-generali-seguros-maria-matilde-calvo-ruiz.jpg?fit=2383%2C1337&amp;ssl=1\" class=\"attachment-full size-full\" alt=\"seguros-en-ronda-generali-seguros-maria-matilde-calvo-ruiz\" decoding=\"async\" loading=\"lazy\" srcset=\"https:\/\/i1.wp.com\/generali-ronda.es\/wp-content\/uploads\/2021\/09\/seguros-en-ronda-generali-seguros-maria-matilde-calvo-ruiz.jpg?w=2383&amp;ssl=1 2383w, https:\/\/i1.wp.com\/generali-ronda.es\/wp-content\/uploads\/2021\/09\/seguros-en-ronda-generali-seguros-maria-matilde-calvo-ruiz.jpg?resize=300%2C168&amp;ssl=1 300w, https:\/\/i1.wp.com\/generali-ronda.es\/wp-content\/uploads\/2021\/09\/seguros-en-ronda-generali-seguros-maria-matilde-calvo-ruiz.jpg?resize=1024%2C575&amp;ssl=1 1024w, https:\/\/i1.wp.com\/generali-ronda.es\/wp-content\/uploads\/2021\/09\/seguros-en-ronda-generali-seguros-maria-matilde-calvo-ruiz.jpg?resize=768%2C431&amp;ssl=1 768w, https:\/\/i1.wp.com\/generali-ronda.es\/wp-content\/uploads\/2021\/09\/seguros-en-ronda-generali-seguros-maria-matilde-calvo-ruiz.jpg?resize=1536%2C862&amp;ssl=1 1536w, https:\/\/i1.wp.com\/generali-ronda.es\/wp-content\/uploads\/2021\/09\/seguros-en-ronda-generali-seguros-maria-matilde-calvo-ruiz.jpg?resize=2048%2C1149&amp;ssl=1 2048w, https:\/\/i1.wp.com\/generali-ronda.es\/wp-content\/uploads\/2021\/09\/seguros-en-ronda-generali-seguros-maria-matilde-calvo-ruiz.jpg?resize=392%2C220&amp;ssl=1 392w, https:\/\/i1.wp.com\/generali-ronda.es\/wp-content\/uploads\/2021\/09\/seguros-en-ronda-generali-seguros-maria-matilde-calvo-ruiz.jpg?resize=1920%2C1077&amp;ssl=1 1920w\" sizes=\"(max-width: 1505px) 100vw, 1505px\" data-attachment-id=\"3161\" data-permalink=\"https:\/\/generali-ronda.es\/index.php\/generali-seguros-en-ronda\/seguros-en-ronda-generali-seguros-maria-matilde-calvo-ruiz\/\" data-orig-file=\"https:\/\/i1.wp.com\/generali-ronda.es\/wp-content\/uploads\/2021\/09\/seguros-en-ronda-generali-seguros-maria-matilde-calvo-ruiz.jpg?fit=2383%2C1337&amp;ssl=1\" data-orig-size=\"2383,1337\" data-comments-opened=\"1\" data-image-meta=\"{&quot;aperture&quot;:&quot;0&quot;,&quot;credit&quot;:&quot;&quot;,&quot;camera&quot;:&quot;&quot;,&quot;caption&quot;:&quot;&quot;,&quot;created_timestamp&quot;:&quot;0&quot;,&quot;copyright&quot;:&quot;&quot;,&quot;focal_length&quot;:&quot;0&quot;,&quot;iso&quot;:&quot;0&quot;,&quot;shutter_speed&quot;:&quot;0&quot;,&quot;title&quot;:&quot;&quot;,&quot;orientation&quot;:&quot;1&quot;}\" data-image-title=\"seguros-en-ronda-generali-seguros-maria-matilde-calvo-ruiz\" data-image-description=\"\" data-image-caption=\"&lt;p&gt;seguros-en-ronda-generali-seguros-maria-matilde-calvo-ruiz&lt;\/p&gt;\n\" data-medium-file=\"https:\/\/i1.wp.com\/generali-ronda.es\/wp-content\/uploads\/2021\/09\/seguros-en-ronda-generali-seguros-maria-matilde-calvo-ruiz.jpg?fit=300%2C168&amp;ssl=1\" data-large-file=\"https:\/\/i1.wp.com\/generali-ronda.es\/wp-content\/uploads\/2021\/09\/seguros-en-ronda-generali-seguros-maria-matilde-calvo-ruiz.jpg?fit=1024%2C575&amp;ssl=1\" \/><\/a><\/figure><div class=\"elementor-image-box-content\"><h3 class=\"elementor-image-box-title\"><a href=\"https:\/\/www.youtube.com\/watch?v=bN2oMnxN4lc&amp;t=615s\">EL FUTURO DEL MERCADO ASEGURADOR POSTCOVID, con Adri\u00e1n Dom\u00ednguez, Jefe Comercial en Generali \ud83e\udd81<\/a><\/h3><p class=\"elementor-image-box-description\">En el v\u00eddeo, analizaremos el MERCADO ASEGURADOR POSTCOVID: reflexi\u00f3n del panorama actual, tendencias, qu\u00e9 nos espera en los pr\u00f3ximos a\u00f1os, etc. \n\nM\u00e1s all\u00e1 de la teor\u00eda, para m\u00ed es un aut\u00e9ntico placer que Adrian se pase por este espacio, ya que, adem\u00e1s de lo estupendo profesional que es, \u00a1le tengo un especial cari\u00f1o!\n<\/p><\/div><\/div>\t\t<\/div>\n\t\t\t\t<\/div>\n\t\t\t\t\t\t<\/div>\n\t\t\t<\/div>\n\t\t<\/div>\n\t\t\t\t<div class=\"elementor-element elementor-element-28cd2598 elementor-column elementor-col-33 elementor-top-column\" data-id=\"28cd2598\" data-element_type=\"column\">\n\t\t\t<div class=\"elementor-column-wrap  elementor-element-populated\">\n\t\t\t\t\t<div class=\"elementor-widget-wrap\">\n\t\t\t\t<div class=\"elementor-element elementor-element-501ae926 elementor-position-top elementor-vertical-align-top elementor-widget elementor-widget-image-box\" data-id=\"501ae926\" data-element_type=\"widget\" data-widget_type=\"image-box.default\">\n\t\t\t\t<div class=\"elementor-widget-container\">\n\t\t\t<div class=\"elementor-image-box-wrapper\"><figure class=\"elementor-image-box-img\"><a href=\"https:\/\/www.youtube.com\/watch?v=--q2pc3QVKM&amp;t=820s\"><img width=\"960\" height=\"540\" src=\"https:\/\/i0.wp.com\/generali-ronda.es\/wp-content\/uploads\/2021\/09\/generali-seguros-en-ronda-generali-seguros-maria-matilde-calvo-ruiz.jpg?fit=960%2C540&amp;ssl=1\" class=\"attachment-full size-full\" alt=\"generali-seguros-en-ronda-generali-seguros-maria-matilde-calvo-ruiz\" decoding=\"async\" loading=\"lazy\" srcset=\"https:\/\/i0.wp.com\/generali-ronda.es\/wp-content\/uploads\/2021\/09\/generali-seguros-en-ronda-generali-seguros-maria-matilde-calvo-ruiz.jpg?w=960&amp;ssl=1 960w, https:\/\/i0.wp.com\/generali-ronda.es\/wp-content\/uploads\/2021\/09\/generali-seguros-en-ronda-generali-seguros-maria-matilde-calvo-ruiz.jpg?resize=300%2C169&amp;ssl=1 300w, https:\/\/i0.wp.com\/generali-ronda.es\/wp-content\/uploads\/2021\/09\/generali-seguros-en-ronda-generali-seguros-maria-matilde-calvo-ruiz.jpg?resize=768%2C432&amp;ssl=1 768w, https:\/\/i0.wp.com\/generali-ronda.es\/wp-content\/uploads\/2021\/09\/generali-seguros-en-ronda-generali-seguros-maria-matilde-calvo-ruiz.jpg?resize=391%2C220&amp;ssl=1 391w\" sizes=\"(max-width: 960px) 100vw, 960px\" data-attachment-id=\"3164\" data-permalink=\"https:\/\/generali-ronda.es\/index.php\/generali-seguros-en-ronda\/generali-seguros-en-ronda-generali-seguros-maria-matilde-calvo-ruiz\/\" data-orig-file=\"https:\/\/i0.wp.com\/generali-ronda.es\/wp-content\/uploads\/2021\/09\/generali-seguros-en-ronda-generali-seguros-maria-matilde-calvo-ruiz.jpg?fit=960%2C540&amp;ssl=1\" data-orig-size=\"960,540\" data-comments-opened=\"1\" data-image-meta=\"{&quot;aperture&quot;:&quot;0&quot;,&quot;credit&quot;:&quot;miguel ruiz calvo&quot;,&quot;camera&quot;:&quot;&quot;,&quot;caption&quot;:&quot;&quot;,&quot;created_timestamp&quot;:&quot;0&quot;,&quot;copyright&quot;:&quot;&quot;,&quot;focal_length&quot;:&quot;0&quot;,&quot;iso&quot;:&quot;0&quot;,&quot;shutter_speed&quot;:&quot;0&quot;,&quot;title&quot;:&quot;&quot;,&quot;orientation&quot;:&quot;0&quot;}\" data-image-title=\"generali-seguros-en-ronda-generali-seguros-maria-matilde-calvo-ruiz\" data-image-description=\"\" data-image-caption=\"&lt;p&gt;generali-seguros-en-ronda-generali-seguros-maria-matilde-calvo-ruiz&lt;\/p&gt;\n\" data-medium-file=\"https:\/\/i0.wp.com\/generali-ronda.es\/wp-content\/uploads\/2021\/09\/generali-seguros-en-ronda-generali-seguros-maria-matilde-calvo-ruiz.jpg?fit=300%2C169&amp;ssl=1\" data-large-file=\"https:\/\/i0.wp.com\/generali-ronda.es\/wp-content\/uploads\/2021\/09\/generali-seguros-en-ronda-generali-seguros-maria-matilde-calvo-ruiz.jpg?fit=960%2C540&amp;ssl=1\" \/><\/a><\/figure><div class=\"elementor-image-box-content\"><h3 class=\"elementor-image-box-title\"><a href=\"https:\/\/www.youtube.com\/watch?v=--q2pc3QVKM&amp;t=820s\">LOS M\u00c1S INFLUYENTES: Jorge Gonz\u00e1lez, Carlos Lluch, \u00c1ngel del Amo, J.Luis Latorre, Rom\u00e1n Mestre, Benito Rius<\/a><\/h3><p class=\"elementor-image-box-description\">Seis de las diez personas m\u00e1s influyentes en la Mediaci\u00f3n de Seguros nos acompa\u00f1aron en el directo sobre seguros<\/p><\/div><\/div>\t\t<\/div>\n\t\t\t\t<\/div>\n\t\t\t\t\t\t<\/div>\n\t\t\t<\/div>\n\t\t<\/div>\n\t\t\t\t\t\t<\/div>\n\t\t\t<\/div>\n\t\t<\/section>\n\t\t\t\t<section class=\"elementor-element elementor-element-3071c52 elementor-section-height-min-height elementor-section-stretched elementor-section-boxed elementor-section-height-default elementor-section-items-middle elementor-invisible elementor-section elementor-top-section\" data-id=\"3071c52\" data-element_type=\"section\" data-settings=\"{&quot;background_background&quot;:&quot;classic&quot;,&quot;stretch_section&quot;:&quot;section-stretched&quot;,&quot;animation&quot;:&quot;fadeIn&quot;}\">\n\t\t\t\t\t\t\t<div class=\"elementor-background-overlay\"><\/div>\n\t\t\t\t\t\t\t<div class=\"elementor-container elementor-column-gap-default\">\n\t\t\t\t<div class=\"elementor-row\">\n\t\t\t\t<div class=\"elementor-element elementor-element-5e1f337a elementor-column elementor-col-50 elementor-top-column\" data-id=\"5e1f337a\" data-element_type=\"column\">\n\t\t\t<div class=\"elementor-column-wrap  elementor-element-populated\">\n\t\t\t\t\t<div class=\"elementor-widget-wrap\">\n\t\t\t\t<div class=\"elementor-element elementor-element-10405226 elementor-invisible elementor-widget elementor-widget-heading\" data-id=\"10405226\" data-element_type=\"widget\" data-settings=\"{&quot;_animation&quot;:&quot;zoomIn&quot;}\" data-widget_type=\"heading.default\">\n\t\t\t\t<div class=\"elementor-widget-container\">\n\t\t\t<h2 class=\"elementor-heading-title elementor-size-large\">M\u00e1s que Seguros<\/h2>\t\t<\/div>\n\t\t\t\t<\/div>\n\t\t\t\t<div class=\"elementor-element elementor-element-b10914b elementor-widget elementor-widget-text-editor\" data-id=\"b10914b\" data-element_type=\"widget\" data-widget_type=\"text-editor.default\">\n\t\t\t\t<div class=\"elementor-widget-container\">\n\t\t\t\t\t<div class=\"elementor-text-editor elementor-clearfix\"><p><strong>Autom\u00f3vil, Hogar, Vida, Salud, Decesos<\/strong>\u2026 \u00a1y m\u00e1s! Estamos a tu disposici\u00f3n, preg\u00fantanos por el Riesgo que deseas cubrir y nosotros nos encargaremos de todas las gestiones, velando por tus intereses y asesor\u00e1ndote en la contrataci\u00f3n del Seguro que m\u00e1s se adapte a lo que buscas \u00a1Te invitamos a conocernos!<\/p><\/div>\n\t\t\t\t<\/div>\n\t\t\t\t<\/div>\n\t\t\t\t\t\t<\/div>\n\t\t\t<\/div>\n\t\t<\/div>\n\t\t\t\t<div class=\"elementor-element elementor-element-71da36af elementor-column elementor-col-50 elementor-top-column\" data-id=\"71da36af\" data-element_type=\"column\">\n\t\t\t<div class=\"elementor-column-wrap  elementor-element-populated\">\n\t\t\t\t\t<div class=\"elementor-widget-wrap\">\n\t\t\t\t<div class=\"elementor-element elementor-element-6be568e elementor-aspect-ratio-169 elementor-widget elementor-widget-video\" data-id=\"6be568e\" data-element_type=\"widget\" data-settings=\"{&quot;aspect_ratio&quot;:&quot;169&quot;}\" data-widget_type=\"video.default\">\n\t\t\t\t<div class=\"elementor-widget-container\">\n\t\t\t\t\t<div class=\"elementor-wrapper elementor-fit-aspect-ratio elementor-open-inline\">\n\t\t\t<iframe class=\"elementor-video-iframe\" allowfullscreen title=\"Reproductor de v\u00eddeo youtube\" src=\"https:\/\/www.youtube.com\/embed\/r_RD1jqT_yw?feature=oembed&amp;start&amp;end&amp;wmode=opaque&amp;loop=0&amp;controls=1&amp;mute=0&amp;rel=0&amp;modestbranding=0\"><\/iframe>\t\t<\/div>\n\t\t\t\t<\/div>\n\t\t\t\t<\/div>\n\t\t\t\t\t\t<\/div>\n\t\t\t<\/div>\n\t\t<\/div>\n\t\t\t\t\t\t<\/div>\n\t\t\t<\/div>\n\t\t<\/section>\n\t\t\t\t<section class=\"elementor-element elementor-element-553b653 elementor-section-full_width elementor-section-content-middle elementor-section-stretched elementor-section-height-default elementor-section-height-default elementor-invisible elementor-section elementor-top-section\" data-id=\"553b653\" data-element_type=\"section\" data-settings=\"{&quot;background_background&quot;:&quot;classic&quot;,&quot;stretch_section&quot;:&quot;section-stretched&quot;,&quot;animation&quot;:&quot;fadeIn&quot;}\">\n\t\t\t\t\t\t\t<div class=\"elementor-background-overlay\"><\/div>\n\t\t\t\t\t\t\t<div class=\"elementor-container elementor-column-gap-default\">\n\t\t\t\t<div class=\"elementor-row\">\n\t\t\t\t<div class=\"elementor-element elementor-element-410141b elementor-column elementor-col-100 elementor-top-column\" data-id=\"410141b\" data-element_type=\"column\">\n\t\t\t<div class=\"elementor-column-wrap  elementor-element-populated\">\n\t\t\t\t\t<div class=\"elementor-widget-wrap\">\n\t\t\t\t<div class=\"elementor-element elementor-element-05b388d elementor-invisible elementor-widget elementor-widget-image\" data-id=\"05b388d\" data-element_type=\"widget\" data-settings=\"{&quot;_animation&quot;:&quot;none&quot;}\" data-widget_type=\"image.default\">\n\t\t\t\t<div class=\"elementor-widget-container\">\n\t\t\t\t\t<div class=\"elementor-image\">\n\t\t\t\t\t\t\t\t\t\t\t<a href=\"https:\/\/generali-ronda.es\/index.php\/publicaciones\/\">\n\t\t\t\t\t\t\t<img decoding=\"async\" src=\"https:\/\/i0.wp.com\/generali-ronda.es\/wp-content\/uploads\/2019\/04\/Leon-Seguros-Generali-Ronda-copia.png?fit=769%2C917&amp;ssl=1\" title=\"Leon Seguros Generali Ronda &#8211; copia\" alt=\"Leon Seguros Generali Ronda - copia\" \/>\t\t\t\t\t\t\t\t<\/a>\n\t\t\t\t\t\t\t\t\t\t\t<\/div>\n\t\t\t\t<\/div>\n\t\t\t\t<\/div>\n\t\t\t\t<div class=\"elementor-element elementor-element-18c0871 elementor-widget elementor-widget-heading\" data-id=\"18c0871\" data-element_type=\"widget\" data-widget_type=\"heading.default\">\n\t\t\t\t<div class=\"elementor-widget-container\">\n\t\t\t<h2 class=\"elementor-heading-title elementor-size-xl\"><a href=\"https:\/\/generali-ronda.es\/index.php\/publicaciones\/\">Blog Sobre Seguros<\/a><\/h2>\t\t<\/div>\n\t\t\t\t<\/div>\n\t\t\t\t<section class=\"elementor-element elementor-element-ce68033 elementor-section-boxed elementor-section-height-default elementor-section-height-default elementor-section elementor-inner-section\" data-id=\"ce68033\" data-element_type=\"section\">\n\t\t\t\t\t\t<div class=\"elementor-container elementor-column-gap-wider\">\n\t\t\t\t<div class=\"elementor-row\">\n\t\t\t\t<div class=\"elementor-element elementor-element-1e61c6e elementor-column elementor-col-100 elementor-inner-column\" data-id=\"1e61c6e\" data-element_type=\"column\">\n\t\t\t<div class=\"elementor-column-wrap  elementor-element-populated\">\n\t\t\t\t\t<div class=\"elementor-widget-wrap\">\n\t\t\t\t<div class=\"elementor-element elementor-element-ad6a1e2 elementor-align-right elementor-mobile-align-center elementor-widget elementor-widget-button\" data-id=\"ad6a1e2\" data-element_type=\"widget\" data-widget_type=\"button.default\">\n\t\t\t\t<div class=\"elementor-widget-container\">\n\t\t\t\t\t<div class=\"elementor-button-wrapper\">\n\t\t\t<a href=\"https:\/\/generali-ronda.es\/index.php\/publicaciones\/\" class=\"elementor-button-link elementor-button elementor-size-sm elementor-animation-grow\" role=\"button\">\n\t\t\t\t\t\t<span class=\"elementor-button-content-wrapper\">\n\t\t\t\t\t\t<span class=\"elementor-button-text\">VISITAR<\/span>\n\t\t<\/span>\n\t\t\t\t\t<\/a>\n\t\t<\/div>\n\t\t\t\t<\/div>\n\t\t\t\t<\/div>\n\t\t\t\t\t\t<\/div>\n\t\t\t<\/div>\n\t\t<\/div>\n\t\t\t\t\t\t<\/div>\n\t\t\t<\/div>\n\t\t<\/section>\n\t\t\t\t\t\t<\/div>\n\t\t\t<\/div>\n\t\t<\/div>\n\t\t\t\t\t\t<\/div>\n\t\t\t<\/div>\n\t\t<\/section>\n\t\t\t\t<section class=\"elementor-element elementor-element-725a9f3 elementor-section-stretched elementor-section-boxed elementor-section-height-default elementor-section-height-default elementor-invisible elementor-section elementor-top-section\" data-id=\"725a9f3\" data-element_type=\"section\" data-settings=\"{&quot;background_background&quot;:&quot;classic&quot;,&quot;stretch_section&quot;:&quot;section-stretched&quot;,&quot;animation&quot;:&quot;fadeIn&quot;}\">\n\t\t\t\t\t\t<div class=\"elementor-container elementor-column-gap-default\">\n\t\t\t\t<div class=\"elementor-row\">\n\t\t\t\t<div class=\"elementor-element elementor-element-a5d3f07 elementor-column elementor-col-100 elementor-top-column\" data-id=\"a5d3f07\" data-element_type=\"column\">\n\t\t\t<div class=\"elementor-column-wrap  elementor-element-populated\">\n\t\t\t\t\t<div class=\"elementor-widget-wrap\">\n\t\t\t\t<div class=\"elementor-element elementor-element-ce0bd2e elementor-invisible elementor-widget elementor-widget-heading\" data-id=\"ce0bd2e\" data-element_type=\"widget\" data-settings=\"{&quot;_animation&quot;:&quot;fadeIn&quot;}\" data-widget_type=\"heading.default\">\n\t\t\t\t<div class=\"elementor-widget-container\">\n\t\t\t<h3 class=\"elementor-heading-title elementor-size-large\">CLientes HABLAN de NUESTRO SERVICIO<\/h3>\t\t<\/div>\n\t\t\t\t<\/div>\n\t\t\t\t<section class=\"elementor-element elementor-element-51ef94b elementor-section-content-middle elementor-section-boxed elementor-section-height-default elementor-section-height-default elementor-invisible elementor-section elementor-inner-section\" data-id=\"51ef94b\" data-element_type=\"section\" data-settings=\"{&quot;animation&quot;:&quot;fadeIn&quot;}\">\n\t\t\t\t\t\t<div class=\"elementor-container elementor-column-gap-default\">\n\t\t\t\t<div class=\"elementor-row\">\n\t\t\t\t<div class=\"elementor-element elementor-element-0f689e0 elementor-sm-50 elementor-column elementor-col-25 elementor-inner-column\" data-id=\"0f689e0\" data-element_type=\"column\">\n\t\t\t<div class=\"elementor-column-wrap  elementor-element-populated\">\n\t\t\t\t\t<div class=\"elementor-widget-wrap\">\n\t\t\t\t<div class=\"elementor-element elementor-element-2231ef6 elementor-widget elementor-widget-image\" data-id=\"2231ef6\" data-element_type=\"widget\" data-widget_type=\"image.default\">\n\t\t\t\t<div class=\"elementor-widget-container\">\n\t\t\t\t\t<div class=\"elementor-image\">\n\t\t\t\t\t\t\t\t\t\t<img width=\"258\" height=\"258\" src=\"https:\/\/i0.wp.com\/generali-ronda.es\/wp-content\/uploads\/2019\/08\/segurosrondageneraliclientes-1.jpeg?fit=258%2C258&amp;ssl=1\" class=\"attachment-large size-large\" alt=\"segurosrondageneraliclientes\" decoding=\"async\" loading=\"lazy\" srcset=\"https:\/\/i0.wp.com\/generali-ronda.es\/wp-content\/uploads\/2019\/08\/segurosrondageneraliclientes-1.jpeg?resize=150%2C150&amp;ssl=1 150w, https:\/\/i0.wp.com\/generali-ronda.es\/wp-content\/uploads\/2019\/08\/segurosrondageneraliclientes-1.jpeg?resize=100%2C100&amp;ssl=1 100w, https:\/\/i0.wp.com\/generali-ronda.es\/wp-content\/uploads\/2019\/08\/segurosrondageneraliclientes-1.jpeg?resize=50%2C50&amp;ssl=1 50w\" sizes=\"(max-width: 258px) 100vw, 258px\" data-attachment-id=\"2478\" data-permalink=\"https:\/\/generali-ronda.es\/index.php\/generali-seguros-en-ronda\/segurosrondageneraliclientes-2\/\" data-orig-file=\"https:\/\/i0.wp.com\/generali-ronda.es\/wp-content\/uploads\/2019\/08\/segurosrondageneraliclientes-1.jpeg?fit=258%2C323&amp;ssl=1\" data-orig-size=\"258,323\" data-comments-opened=\"1\" data-image-meta=\"{&quot;aperture&quot;:&quot;0&quot;,&quot;credit&quot;:&quot;&quot;,&quot;camera&quot;:&quot;&quot;,&quot;caption&quot;:&quot;&quot;,&quot;created_timestamp&quot;:&quot;0&quot;,&quot;copyright&quot;:&quot;&quot;,&quot;focal_length&quot;:&quot;0&quot;,&quot;iso&quot;:&quot;0&quot;,&quot;shutter_speed&quot;:&quot;0&quot;,&quot;title&quot;:&quot;&quot;,&quot;orientation&quot;:&quot;1&quot;}\" data-image-title=\"segurosrondageneraliclientes\" data-image-description=\"&lt;p&gt;segurosrondageneraliclientes&lt;\/p&gt;\n\" data-image-caption=\"&lt;p&gt;segurosrondageneraliclientes&lt;\/p&gt;\n\" data-medium-file=\"https:\/\/i0.wp.com\/generali-ronda.es\/wp-content\/uploads\/2019\/08\/segurosrondageneraliclientes-1.jpeg?fit=240%2C300&amp;ssl=1\" data-large-file=\"https:\/\/i0.wp.com\/generali-ronda.es\/wp-content\/uploads\/2019\/08\/segurosrondageneraliclientes-1.jpeg?fit=258%2C258&amp;ssl=1\" \/>\t\t\t\t\t\t\t\t\t\t\t<\/div>\n\t\t\t\t<\/div>\n\t\t\t\t<\/div>\n\t\t\t\t\t\t<\/div>\n\t\t\t<\/div>\n\t\t<\/div>\n\t\t\t\t<div class=\"elementor-element elementor-element-06cf337 elementor-sm-50 elementor-column elementor-col-25 elementor-inner-column\" data-id=\"06cf337\" data-element_type=\"column\">\n\t\t\t<div class=\"elementor-column-wrap  elementor-element-populated\">\n\t\t\t\t\t<div class=\"elementor-widget-wrap\">\n\t\t\t\t<div class=\"elementor-element elementor-element-6ea6d51 elementor-view-default elementor-position-top elementor-vertical-align-top elementor-widget elementor-widget-icon-box\" data-id=\"6ea6d51\" data-element_type=\"widget\" data-widget_type=\"icon-box.default\">\n\t\t\t\t<div class=\"elementor-widget-container\">\n\t\t\t\t\t<div class=\"elementor-icon-box-wrapper\">\n\t\t\t\t\t\t<div class=\"elementor-icon-box-icon\">\n\t\t\t\t<span class=\"elementor-icon elementor-animation-\" >\n\t\t\t\t<i aria-hidden=\"true\" class=\"fas fa-quote-right\"><\/i>\t\t\t\t<\/span>\n\t\t\t<\/div>\n\t\t\t\t\t\t<div class=\"elementor-icon-box-content\">\n\t\t\t\t<p class=\"elementor-icon-box-title\">\n\t\t\t\t\t<span >Llevo contratando mis seguros con Maria durante los \u00faltimos 35 a\u00f1os y puedo decir que es una aut\u00e9ntica profesional, de las que ya no quedan, es muy amable y se desvive por sus clientes<\/span>\n\t\t\t\t<\/p>\n\t\t\t\t\t\t\t\t<p class=\"elementor-icon-box-description\">Teresa Chito<\/p>\n\t\t\t\t\t\t\t<\/div>\n\t\t<\/div>\n\t\t\t\t<\/div>\n\t\t\t\t<\/div>\n\t\t\t\t\t\t<\/div>\n\t\t\t<\/div>\n\t\t<\/div>\n\t\t\t\t<div class=\"elementor-element elementor-element-b19317a elementor-sm-50 elementor-column elementor-col-25 elementor-inner-column\" data-id=\"b19317a\" data-element_type=\"column\">\n\t\t\t<div class=\"elementor-column-wrap  elementor-element-populated\">\n\t\t\t\t\t<div class=\"elementor-widget-wrap\">\n\t\t\t\t<div class=\"elementor-element elementor-element-901ce95 elementor-widget elementor-widget-image\" data-id=\"901ce95\" data-element_type=\"widget\" data-widget_type=\"image.default\">\n\t\t\t\t<div class=\"elementor-widget-container\">\n\t\t\t\t\t<div class=\"elementor-image\">\n\t\t\t\t\t\t\t\t\t\t<img width=\"345\" height=\"345\" src=\"https:\/\/i1.wp.com\/generali-ronda.es\/wp-content\/uploads\/2019\/08\/generali-segurosronda-1.jpg?fit=345%2C345&amp;ssl=1\" class=\"attachment-large size-large\" alt=\"generali-segurosronda\" decoding=\"async\" loading=\"lazy\" srcset=\"https:\/\/i1.wp.com\/generali-ronda.es\/wp-content\/uploads\/2019\/08\/generali-segurosronda-1.jpg?resize=150%2C150&amp;ssl=1 150w, https:\/\/i1.wp.com\/generali-ronda.es\/wp-content\/uploads\/2019\/08\/generali-segurosronda-1.jpg?resize=100%2C100&amp;ssl=1 100w, https:\/\/i1.wp.com\/generali-ronda.es\/wp-content\/uploads\/2019\/08\/generali-segurosronda-1.jpg?resize=50%2C50&amp;ssl=1 50w\" sizes=\"(max-width: 345px) 100vw, 345px\" data-attachment-id=\"2472\" data-permalink=\"https:\/\/generali-ronda.es\/index.php\/generali-seguros-en-ronda\/generali-segurosronda-2\/\" data-orig-file=\"https:\/\/i1.wp.com\/generali-ronda.es\/wp-content\/uploads\/2019\/08\/generali-segurosronda-1.jpg?fit=345%2C429&amp;ssl=1\" data-orig-size=\"345,429\" data-comments-opened=\"1\" data-image-meta=\"{&quot;aperture&quot;:&quot;0&quot;,&quot;credit&quot;:&quot;miguel ruiz calvo&quot;,&quot;camera&quot;:&quot;&quot;,&quot;caption&quot;:&quot;&quot;,&quot;created_timestamp&quot;:&quot;0&quot;,&quot;copyright&quot;:&quot;&quot;,&quot;focal_length&quot;:&quot;0&quot;,&quot;iso&quot;:&quot;0&quot;,&quot;shutter_speed&quot;:&quot;0&quot;,&quot;title&quot;:&quot;&quot;,&quot;orientation&quot;:&quot;1&quot;}\" data-image-title=\"generali-segurosronda\" data-image-description=\"&lt;p&gt;generali-segurosronda&lt;\/p&gt;\n\" data-image-caption=\"&lt;p&gt;generali-segurosronda&lt;\/p&gt;\n\" data-medium-file=\"https:\/\/i1.wp.com\/generali-ronda.es\/wp-content\/uploads\/2019\/08\/generali-segurosronda-1.jpg?fit=241%2C300&amp;ssl=1\" data-large-file=\"https:\/\/i1.wp.com\/generali-ronda.es\/wp-content\/uploads\/2019\/08\/generali-segurosronda-1.jpg?fit=345%2C345&amp;ssl=1\" \/>\t\t\t\t\t\t\t\t\t\t\t<\/div>\n\t\t\t\t<\/div>\n\t\t\t\t<\/div>\n\t\t\t\t\t\t<\/div>\n\t\t\t<\/div>\n\t\t<\/div>\n\t\t\t\t<div class=\"elementor-element elementor-element-c79be73 elementor-sm-50 elementor-column elementor-col-25 elementor-inner-column\" data-id=\"c79be73\" data-element_type=\"column\">\n\t\t\t<div class=\"elementor-column-wrap  elementor-element-populated\">\n\t\t\t\t\t<div class=\"elementor-widget-wrap\">\n\t\t\t\t<div class=\"elementor-element elementor-element-6f65ee0 elementor-view-default elementor-position-top elementor-vertical-align-top elementor-widget elementor-widget-icon-box\" data-id=\"6f65ee0\" data-element_type=\"widget\" data-widget_type=\"icon-box.default\">\n\t\t\t\t<div class=\"elementor-widget-container\">\n\t\t\t\t\t<div class=\"elementor-icon-box-wrapper\">\n\t\t\t\t\t\t<div class=\"elementor-icon-box-icon\">\n\t\t\t\t<span class=\"elementor-icon elementor-animation-\" >\n\t\t\t\t<i class=\"fa fa-quote-right\" aria-hidden=\"true\"><\/i>\t\t\t\t<\/span>\n\t\t\t<\/div>\n\t\t\t\t\t\t<div class=\"elementor-icon-box-content\">\n\t\t\t\t<p class=\"elementor-icon-box-title\">\n\t\t\t\t\t<span >Thank you to Mar\u00eda, I have now the best I could get on my insurance. She is very helpfull and nice. I feel secure now with her sugestions.<\/span>\n\t\t\t\t<\/p>\n\t\t\t\t\t\t\t\t<p class=\"elementor-icon-box-description\">Maria Russell<\/p>\n\t\t\t\t\t\t\t<\/div>\n\t\t<\/div>\n\t\t\t\t<\/div>\n\t\t\t\t<\/div>\n\t\t\t\t\t\t<\/div>\n\t\t\t<\/div>\n\t\t<\/div>\n\t\t\t\t\t\t<\/div>\n\t\t\t<\/div>\n\t\t<\/section>\n\t\t\t\t<section class=\"elementor-element elementor-element-048a0c2 elementor-section-content-middle elementor-section-boxed elementor-section-height-default elementor-section-height-default elementor-invisible elementor-section elementor-inner-section\" data-id=\"048a0c2\" data-element_type=\"section\" data-settings=\"{&quot;animation&quot;:&quot;fadeInLeft&quot;}\">\n\t\t\t\t\t\t<div class=\"elementor-container elementor-column-gap-default\">\n\t\t\t\t<div class=\"elementor-row\">\n\t\t\t\t<div class=\"elementor-element elementor-element-541edcc elementor-sm-50 elementor-column elementor-col-25 elementor-inner-column\" data-id=\"541edcc\" data-element_type=\"column\">\n\t\t\t<div class=\"elementor-column-wrap  elementor-element-populated\">\n\t\t\t\t\t<div class=\"elementor-widget-wrap\">\n\t\t\t\t<div class=\"elementor-element elementor-element-7fc5ac3 elementor-widget elementor-widget-image\" data-id=\"7fc5ac3\" data-element_type=\"widget\" data-widget_type=\"image.default\">\n\t\t\t\t<div class=\"elementor-widget-container\">\n\t\t\t\t\t<div class=\"elementor-image\">\n\t\t\t\t\t\t\t\t\t\t<img width=\"150\" height=\"150\" src=\"https:\/\/i2.wp.com\/generali-ronda.es\/wp-content\/uploads\/2019\/04\/perfil-vacio.jpg?fit=150%2C150&amp;ssl=1\" class=\"attachment-medium_large size-medium_large\" alt=\"generali-ronda\" decoding=\"async\" loading=\"lazy\" srcset=\"https:\/\/i2.wp.com\/generali-ronda.es\/wp-content\/uploads\/2019\/04\/perfil-vacio.jpg?w=150&amp;ssl=1 150w, https:\/\/i2.wp.com\/generali-ronda.es\/wp-content\/uploads\/2019\/04\/perfil-vacio.jpg?resize=120%2C120&amp;ssl=1 120w, https:\/\/i2.wp.com\/generali-ronda.es\/wp-content\/uploads\/2019\/04\/perfil-vacio.jpg?resize=50%2C50&amp;ssl=1 50w\" sizes=\"(max-width: 150px) 100vw, 150px\" data-attachment-id=\"1635\" data-permalink=\"https:\/\/generali-ronda.es\/index.php\/generali-seguros-en-ronda\/perfil-vacio\/\" data-orig-file=\"https:\/\/i2.wp.com\/generali-ronda.es\/wp-content\/uploads\/2019\/04\/perfil-vacio.jpg?fit=150%2C150&amp;ssl=1\" data-orig-size=\"150,150\" data-comments-opened=\"1\" data-image-meta=\"{&quot;aperture&quot;:&quot;0&quot;,&quot;credit&quot;:&quot;&quot;,&quot;camera&quot;:&quot;&quot;,&quot;caption&quot;:&quot;&quot;,&quot;created_timestamp&quot;:&quot;0&quot;,&quot;copyright&quot;:&quot;&quot;,&quot;focal_length&quot;:&quot;0&quot;,&quot;iso&quot;:&quot;0&quot;,&quot;shutter_speed&quot;:&quot;0&quot;,&quot;title&quot;:&quot;&quot;,&quot;orientation&quot;:&quot;0&quot;}\" data-image-title=\"generali-ronda\" data-image-description=\"&lt;p&gt;generali-ronda&lt;\/p&gt;\n\" data-image-caption=\"\" data-medium-file=\"https:\/\/i2.wp.com\/generali-ronda.es\/wp-content\/uploads\/2019\/04\/perfil-vacio.jpg?fit=150%2C150&amp;ssl=1\" data-large-file=\"https:\/\/i2.wp.com\/generali-ronda.es\/wp-content\/uploads\/2019\/04\/perfil-vacio.jpg?fit=150%2C150&amp;ssl=1\" \/>\t\t\t\t\t\t\t\t\t\t\t<\/div>\n\t\t\t\t<\/div>\n\t\t\t\t<\/div>\n\t\t\t\t\t\t<\/div>\n\t\t\t<\/div>\n\t\t<\/div>\n\t\t\t\t<div class=\"elementor-element elementor-element-b10e823 elementor-sm-50 elementor-column elementor-col-25 elementor-inner-column\" data-id=\"b10e823\" data-element_type=\"column\">\n\t\t\t<div class=\"elementor-column-wrap  elementor-element-populated\">\n\t\t\t\t\t<div class=\"elementor-widget-wrap\">\n\t\t\t\t<div class=\"elementor-element elementor-element-0ade805 elementor-view-default elementor-position-top elementor-vertical-align-top elementor-widget elementor-widget-icon-box\" data-id=\"0ade805\" data-element_type=\"widget\" data-widget_type=\"icon-box.default\">\n\t\t\t\t<div class=\"elementor-widget-container\">\n\t\t\t\t\t<div class=\"elementor-icon-box-wrapper\">\n\t\t\t\t\t\t<div class=\"elementor-icon-box-icon\">\n\t\t\t\t<span class=\"elementor-icon elementor-animation-\" >\n\t\t\t\t<i class=\"fa fa-quote-right\" aria-hidden=\"true\"><\/i>\t\t\t\t<\/span>\n\t\t\t<\/div>\n\t\t\t\t\t\t<div class=\"elementor-icon-box-content\">\n\t\t\t\t<p class=\"elementor-icon-box-title\">\n\t\t\t\t\t<span >Mar\u00eda Matilde es muy amable, te escucha y atiende si tienes problemas incluso despu\u00e9s de cierre.<\/span>\n\t\t\t\t<\/p>\n\t\t\t\t\t\t\t\t<p class=\"elementor-icon-box-description\">Alvaro Morales<\/p>\n\t\t\t\t\t\t\t<\/div>\n\t\t<\/div>\n\t\t\t\t<\/div>\n\t\t\t\t<\/div>\n\t\t\t\t\t\t<\/div>\n\t\t\t<\/div>\n\t\t<\/div>\n\t\t\t\t<div class=\"elementor-element elementor-element-abbae5f elementor-sm-50 elementor-column elementor-col-25 elementor-inner-column\" data-id=\"abbae5f\" data-element_type=\"column\">\n\t\t\t<div class=\"elementor-column-wrap  elementor-element-populated\">\n\t\t\t\t\t<div class=\"elementor-widget-wrap\">\n\t\t\t\t<div class=\"elementor-element elementor-element-5c851f9 elementor-widget elementor-widget-image\" data-id=\"5c851f9\" data-element_type=\"widget\" data-widget_type=\"image.default\">\n\t\t\t\t<div class=\"elementor-widget-container\">\n\t\t\t\t\t<div class=\"elementor-image\">\n\t\t\t\t\t\t\t\t\t\t<img width=\"953\" height=\"1024\" src=\"https:\/\/i0.wp.com\/generali-ronda.es\/wp-content\/uploads\/2019\/08\/clientegenerali-segurosenronda.jpg?fit=953%2C1024&amp;ssl=1\" class=\"attachment-large size-large\" alt=\"clientegenerali-segurosenronda\" decoding=\"async\" loading=\"lazy\" srcset=\"https:\/\/i0.wp.com\/generali-ronda.es\/wp-content\/uploads\/2019\/08\/clientegenerali-segurosenronda.jpg?w=1092&amp;ssl=1 1092w, https:\/\/i0.wp.com\/generali-ronda.es\/wp-content\/uploads\/2019\/08\/clientegenerali-segurosenronda.jpg?resize=279%2C300&amp;ssl=1 279w, https:\/\/i0.wp.com\/generali-ronda.es\/wp-content\/uploads\/2019\/08\/clientegenerali-segurosenronda.jpg?resize=768%2C825&amp;ssl=1 768w, https:\/\/i0.wp.com\/generali-ronda.es\/wp-content\/uploads\/2019\/08\/clientegenerali-segurosenronda.jpg?resize=953%2C1024&amp;ssl=1 953w, https:\/\/i0.wp.com\/generali-ronda.es\/wp-content\/uploads\/2019\/08\/clientegenerali-segurosenronda.jpg?resize=205%2C220&amp;ssl=1 205w\" sizes=\"(max-width: 953px) 100vw, 953px\" data-attachment-id=\"2494\" data-permalink=\"https:\/\/generali-ronda.es\/index.php\/generali-seguros-en-ronda\/clientegenerali-segurosenronda-3\/\" data-orig-file=\"https:\/\/i0.wp.com\/generali-ronda.es\/wp-content\/uploads\/2019\/08\/clientegenerali-segurosenronda.jpg?fit=1092%2C1173&amp;ssl=1\" data-orig-size=\"1092,1173\" data-comments-opened=\"1\" data-image-meta=\"{&quot;aperture&quot;:&quot;0&quot;,&quot;credit&quot;:&quot;&quot;,&quot;camera&quot;:&quot;&quot;,&quot;caption&quot;:&quot;&quot;,&quot;created_timestamp&quot;:&quot;0&quot;,&quot;copyright&quot;:&quot;&quot;,&quot;focal_length&quot;:&quot;0&quot;,&quot;iso&quot;:&quot;0&quot;,&quot;shutter_speed&quot;:&quot;0&quot;,&quot;title&quot;:&quot;&quot;,&quot;orientation&quot;:&quot;0&quot;}\" data-image-title=\"clientegenerali-segurosenronda\" data-image-description=\"&lt;p&gt;clientegenerali-segurosenronda&lt;\/p&gt;\n\" data-image-caption=\"&lt;p&gt;clientegenerali-segurosenronda&lt;\/p&gt;\n\" data-medium-file=\"https:\/\/i0.wp.com\/generali-ronda.es\/wp-content\/uploads\/2019\/08\/clientegenerali-segurosenronda.jpg?fit=279%2C300&amp;ssl=1\" data-large-file=\"https:\/\/i0.wp.com\/generali-ronda.es\/wp-content\/uploads\/2019\/08\/clientegenerali-segurosenronda.jpg?fit=953%2C1024&amp;ssl=1\" \/>\t\t\t\t\t\t\t\t\t\t\t<\/div>\n\t\t\t\t<\/div>\n\t\t\t\t<\/div>\n\t\t\t\t\t\t<\/div>\n\t\t\t<\/div>\n\t\t<\/div>\n\t\t\t\t<div class=\"elementor-element elementor-element-34b6bc3 elementor-sm-50 elementor-column elementor-col-25 elementor-inner-column\" data-id=\"34b6bc3\" data-element_type=\"column\">\n\t\t\t<div class=\"elementor-column-wrap  elementor-element-populated\">\n\t\t\t\t\t<div class=\"elementor-widget-wrap\">\n\t\t\t\t<div class=\"elementor-element elementor-element-a75ed57 elementor-view-default elementor-position-top elementor-vertical-align-top elementor-widget elementor-widget-icon-box\" data-id=\"a75ed57\" data-element_type=\"widget\" data-widget_type=\"icon-box.default\">\n\t\t\t\t<div class=\"elementor-widget-container\">\n\t\t\t\t\t<div class=\"elementor-icon-box-wrapper\">\n\t\t\t\t\t\t<div class=\"elementor-icon-box-icon\">\n\t\t\t\t<span class=\"elementor-icon elementor-animation-\" >\n\t\t\t\t<i class=\"fa fa-quote-right\" aria-hidden=\"true\"><\/i>\t\t\t\t<\/span>\n\t\t\t<\/div>\n\t\t\t\t\t\t<div class=\"elementor-icon-box-content\">\n\t\t\t\t<p class=\"elementor-icon-box-title\">\n\t\t\t\t\t<span >Eficacia, sensatez de precios y un equipo de expertos que de forma permanente y constante est\u00e1n a tu disposici\u00f3n. Excelente agencia; totalmente aconsejable.<\/span>\n\t\t\t\t<\/p>\n\t\t\t\t\t\t\t\t<p class=\"elementor-icon-box-description\">Francisco Ramirez<\/p>\n\t\t\t\t\t\t\t<\/div>\n\t\t<\/div>\n\t\t\t\t<\/div>\n\t\t\t\t<\/div>\n\t\t\t\t\t\t<\/div>\n\t\t\t<\/div>\n\t\t<\/div>\n\t\t\t\t\t\t<\/div>\n\t\t\t<\/div>\n\t\t<\/section>\n\t\t\t\t<section class=\"elementor-element elementor-element-167fcdf elementor-section-content-middle elementor-section-boxed elementor-section-height-default elementor-section-height-default elementor-invisible elementor-section elementor-inner-section\" data-id=\"167fcdf\" data-element_type=\"section\" data-settings=\"{&quot;animation&quot;:&quot;fadeInRight&quot;}\">\n\t\t\t\t\t\t<div class=\"elementor-container elementor-column-gap-default\">\n\t\t\t\t<div class=\"elementor-row\">\n\t\t\t\t<div class=\"elementor-element elementor-element-0a821b1 elementor-sm-50 elementor-column elementor-col-25 elementor-inner-column\" data-id=\"0a821b1\" data-element_type=\"column\">\n\t\t\t<div class=\"elementor-column-wrap  elementor-element-populated\">\n\t\t\t\t\t<div class=\"elementor-widget-wrap\">\n\t\t\t\t<div class=\"elementor-element elementor-element-6b70754 elementor-widget elementor-widget-image\" data-id=\"6b70754\" data-element_type=\"widget\" data-widget_type=\"image.default\">\n\t\t\t\t<div class=\"elementor-widget-container\">\n\t\t\t\t\t<div class=\"elementor-image\">\n\t\t\t\t\t\t\t\t\t\t<img decoding=\"async\" src=\"https:\/\/i2.wp.com\/generali-ronda.es\/wp-content\/uploads\/2019\/04\/perfil-vacio.jpg?fit=150%2C150&amp;ssl=1\" title=\"generali-ronda\" alt=\"generali-ronda\" \/>\t\t\t\t\t\t\t\t\t\t\t<\/div>\n\t\t\t\t<\/div>\n\t\t\t\t<\/div>\n\t\t\t\t\t\t<\/div>\n\t\t\t<\/div>\n\t\t<\/div>\n\t\t\t\t<div class=\"elementor-element elementor-element-66e0f0f elementor-sm-50 elementor-column elementor-col-25 elementor-inner-column\" data-id=\"66e0f0f\" data-element_type=\"column\">\n\t\t\t<div class=\"elementor-column-wrap  elementor-element-populated\">\n\t\t\t\t\t<div class=\"elementor-widget-wrap\">\n\t\t\t\t<div class=\"elementor-element elementor-element-f61d32a elementor-view-default elementor-position-top elementor-vertical-align-top elementor-widget elementor-widget-icon-box\" data-id=\"f61d32a\" data-element_type=\"widget\" data-widget_type=\"icon-box.default\">\n\t\t\t\t<div class=\"elementor-widget-container\">\n\t\t\t\t\t<div class=\"elementor-icon-box-wrapper\">\n\t\t\t\t\t\t<div class=\"elementor-icon-box-icon\">\n\t\t\t\t<span class=\"elementor-icon elementor-animation-\" >\n\t\t\t\t<i class=\"fa fa-quote-right\" aria-hidden=\"true\"><\/i>\t\t\t\t<\/span>\n\t\t\t<\/div>\n\t\t\t\t\t\t<div class=\"elementor-icon-box-content\">\n\t\t\t\t<p class=\"elementor-icon-box-title\">\n\t\t\t\t\t<span >Gracias por tu asesoramiento Maria, recomiendo a todo el mundo esta agencia. Si quieres resolver tus asuntos r\u00e1pidamente est\u00e1s en el sitio correcto,  calle Sevilla n86. Plena disponibilidad<\/span>\n\t\t\t\t<\/p>\n\t\t\t\t\t\t\t\t<p class=\"elementor-icon-box-description\">Maria Luisa Reyes<\/p>\n\t\t\t\t\t\t\t<\/div>\n\t\t<\/div>\n\t\t\t\t<\/div>\n\t\t\t\t<\/div>\n\t\t\t\t\t\t<\/div>\n\t\t\t<\/div>\n\t\t<\/div>\n\t\t\t\t<div class=\"elementor-element elementor-element-8505f02 elementor-sm-50 elementor-column elementor-col-25 elementor-inner-column\" data-id=\"8505f02\" data-element_type=\"column\">\n\t\t\t<div class=\"elementor-column-wrap  elementor-element-populated\">\n\t\t\t\t\t<div class=\"elementor-widget-wrap\">\n\t\t\t\t<div class=\"elementor-element elementor-element-f4528e4 elementor-widget elementor-widget-image\" data-id=\"f4528e4\" data-element_type=\"widget\" data-widget_type=\"image.default\">\n\t\t\t\t<div class=\"elementor-widget-container\">\n\t\t\t\t\t<div class=\"elementor-image\">\n\t\t\t\t\t\t\t\t\t\t<img width=\"780\" height=\"780\" src=\"https:\/\/i2.wp.com\/generali-ronda.es\/wp-content\/uploads\/2019\/08\/segurosrondagenerali.png?fit=780%2C780&amp;ssl=1\" class=\"attachment-large size-large\" alt=\"segurosrondagenerali\" decoding=\"async\" loading=\"lazy\" srcset=\"https:\/\/i2.wp.com\/generali-ronda.es\/wp-content\/uploads\/2019\/08\/segurosrondagenerali.png?resize=150%2C150&amp;ssl=1 150w, https:\/\/i2.wp.com\/generali-ronda.es\/wp-content\/uploads\/2019\/08\/segurosrondagenerali.png?resize=100%2C100&amp;ssl=1 100w, https:\/\/i2.wp.com\/generali-ronda.es\/wp-content\/uploads\/2019\/08\/segurosrondagenerali.png?resize=50%2C50&amp;ssl=1 50w\" sizes=\"(max-width: 780px) 100vw, 780px\" data-attachment-id=\"2488\" data-permalink=\"https:\/\/generali-ronda.es\/index.php\/generali-seguros-en-ronda\/segurosrondagenerali\/\" data-orig-file=\"https:\/\/i2.wp.com\/generali-ronda.es\/wp-content\/uploads\/2019\/08\/segurosrondagenerali.png?fit=780%2C907&amp;ssl=1\" data-orig-size=\"780,907\" data-comments-opened=\"1\" data-image-meta=\"{&quot;aperture&quot;:&quot;0&quot;,&quot;credit&quot;:&quot;&quot;,&quot;camera&quot;:&quot;&quot;,&quot;caption&quot;:&quot;&quot;,&quot;created_timestamp&quot;:&quot;0&quot;,&quot;copyright&quot;:&quot;&quot;,&quot;focal_length&quot;:&quot;0&quot;,&quot;iso&quot;:&quot;0&quot;,&quot;shutter_speed&quot;:&quot;0&quot;,&quot;title&quot;:&quot;&quot;,&quot;orientation&quot;:&quot;0&quot;}\" data-image-title=\"segurosrondagenerali\" data-image-description=\"&lt;p&gt;segurosrondagenerali&lt;\/p&gt;\n\" data-image-caption=\"&lt;p&gt;segurosrondagenerali&lt;\/p&gt;\n\" data-medium-file=\"https:\/\/i2.wp.com\/generali-ronda.es\/wp-content\/uploads\/2019\/08\/segurosrondagenerali.png?fit=258%2C300&amp;ssl=1\" data-large-file=\"https:\/\/i2.wp.com\/generali-ronda.es\/wp-content\/uploads\/2019\/08\/segurosrondagenerali.png?fit=780%2C780&amp;ssl=1\" \/>\t\t\t\t\t\t\t\t\t\t\t<\/div>\n\t\t\t\t<\/div>\n\t\t\t\t<\/div>\n\t\t\t\t\t\t<\/div>\n\t\t\t<\/div>\n\t\t<\/div>\n\t\t\t\t<div class=\"elementor-element elementor-element-18ba6fa elementor-sm-50 elementor-column elementor-col-25 elementor-inner-column\" data-id=\"18ba6fa\" data-element_type=\"column\">\n\t\t\t<div class=\"elementor-column-wrap  elementor-element-populated\">\n\t\t\t\t\t<div class=\"elementor-widget-wrap\">\n\t\t\t\t<div class=\"elementor-element elementor-element-b98d937 elementor-view-default elementor-position-top elementor-vertical-align-top elementor-widget elementor-widget-icon-box\" data-id=\"b98d937\" data-element_type=\"widget\" data-widget_type=\"icon-box.default\">\n\t\t\t\t<div class=\"elementor-widget-container\">\n\t\t\t\t\t<div class=\"elementor-icon-box-wrapper\">\n\t\t\t\t\t\t<div class=\"elementor-icon-box-icon\">\n\t\t\t\t<span class=\"elementor-icon elementor-animation-\" >\n\t\t\t\t<i class=\"fa fa-quote-right\" aria-hidden=\"true\"><\/i>\t\t\t\t<\/span>\n\t\t\t<\/div>\n\t\t\t\t\t\t<div class=\"elementor-icon-box-content\">\n\t\t\t\t<p class=\"elementor-icon-box-title\">\n\t\t\t\t\t<span >Agencia totalmente recomendable. Tratan de ajustar los productos a tus necesidades.  Servicio muy cercano.<\/span>\n\t\t\t\t<\/p>\n\t\t\t\t\t\t\t\t<p class=\"elementor-icon-box-description\">Ismael Ayala<\/p>\n\t\t\t\t\t\t\t<\/div>\n\t\t<\/div>\n\t\t\t\t<\/div>\n\t\t\t\t<\/div>\n\t\t\t\t\t\t<\/div>\n\t\t\t<\/div>\n\t\t<\/div>\n\t\t\t\t\t\t<\/div>\n\t\t\t<\/div>\n\t\t<\/section>\n\t\t\t\t\t\t<\/div>\n\t\t\t<\/div>\n\t\t<\/div>\n\t\t\t\t\t\t<\/div>\n\t\t\t<\/div>\n\t\t<\/section>\n\t\t\t\t<section class=\"elementor-element elementor-element-f49b33a elementor-section-full_width elementor-section-height-full elementor-section-content-middle elementor-section-stretched elementor-section-height-default elementor-section-items-middle elementor-invisible elementor-section elementor-top-section\" data-id=\"f49b33a\" data-element_type=\"section\" data-settings=\"{&quot;background_background&quot;:&quot;classic&quot;,&quot;stretch_section&quot;:&quot;section-stretched&quot;,&quot;animation&quot;:&quot;fadeIn&quot;}\">\n\t\t\t\t\t\t\t<div class=\"elementor-background-overlay\"><\/div>\n\t\t\t\t\t\t\t<div class=\"elementor-container elementor-column-gap-no\">\n\t\t\t\t<div class=\"elementor-row\">\n\t\t\t\t<div class=\"elementor-element elementor-element-7d746ec elementor-column elementor-col-100 elementor-top-column\" data-id=\"7d746ec\" data-element_type=\"column\">\n\t\t\t<div class=\"elementor-column-wrap  elementor-element-populated\">\n\t\t\t\t\t<div class=\"elementor-widget-wrap\">\n\t\t\t\t<div class=\"elementor-element elementor-element-095cf0f elementor-invisible elementor-widget elementor-widget-heading\" data-id=\"095cf0f\" data-element_type=\"widget\" data-settings=\"{&quot;_animation&quot;:&quot;fadeIn&quot;}\" data-widget_type=\"heading.default\">\n\t\t\t\t<div class=\"elementor-widget-container\">\n\t\t\t<h2 class=\"elementor-heading-title elementor-size-large\">GENERALI: El l\u00edder de los Seguros<\/h2>\t\t<\/div>\n\t\t\t\t<\/div>\n\t\t\t\t<div class=\"elementor-element elementor-element-e544c95 elementor-invisible elementor-widget elementor-widget-heading\" data-id=\"e544c95\" data-element_type=\"widget\" data-settings=\"{&quot;_animation&quot;:&quot;fadeIn&quot;}\" data-widget_type=\"heading.default\">\n\t\t\t\t<div class=\"elementor-widget-container\">\n\t\t\t<h3 class=\"elementor-heading-title elementor-size-default\">Desde Generali en Ronda, creemos profundamente en los v\u00ednculos. Por ello, llevamos 175 a\u00f1os estableci\u00e9ndolos con nuestros clientes. As\u00ed, forjamos v\u00ednculos duraderos que hacen posible que hoy 70 millones de personas en todo el mundo se sientan seguras y protegida<\/h3>\t\t<\/div>\n\t\t\t\t<\/div>\n\t\t\t\t\t\t<\/div>\n\t\t\t<\/div>\n\t\t<\/div>\n\t\t\t\t\t\t<\/div>\n\t\t\t<\/div>\n\t\t<\/section>\n\t\t\t\t<section class=\"elementor-element elementor-element-94a9b0c elementor-section-stretched elementor-section-boxed elementor-section-height-default elementor-section-height-default elementor-invisible elementor-section elementor-top-section\" data-id=\"94a9b0c\" data-element_type=\"section\" data-settings=\"{&quot;stretch_section&quot;:&quot;section-stretched&quot;,&quot;animation&quot;:&quot;fadeIn&quot;}\">\n\t\t\t\t\t\t<div class=\"elementor-container elementor-column-gap-default\">\n\t\t\t\t<div class=\"elementor-row\">\n\t\t\t\t<div class=\"elementor-element elementor-element-bba14e3 elementor-column elementor-col-100 elementor-top-column\" data-id=\"bba14e3\" data-element_type=\"column\">\n\t\t\t<div class=\"elementor-column-wrap  elementor-element-populated\">\n\t\t\t\t\t<div class=\"elementor-widget-wrap\">\n\t\t\t\t<section class=\"elementor-element elementor-element-2502af7 elementor-section-boxed elementor-section-height-default elementor-section-height-default elementor-section elementor-inner-section\" data-id=\"2502af7\" data-element_type=\"section\">\n\t\t\t\t\t\t<div class=\"elementor-container elementor-column-gap-wider\">\n\t\t\t\t<div class=\"elementor-row\">\n\t\t\t\t<div class=\"elementor-element elementor-element-bbb2db9 elementor-sm-50 elementor-column elementor-col-25 elementor-inner-column\" data-id=\"bbb2db9\" data-element_type=\"column\">\n\t\t\t<div class=\"elementor-column-wrap  elementor-element-populated\">\n\t\t\t\t\t<div class=\"elementor-widget-wrap\">\n\t\t\t\t<div class=\"elementor-element elementor-element-a8fd2a7 elementor-widget elementor-widget-image\" data-id=\"a8fd2a7\" data-element_type=\"widget\" data-widget_type=\"image.default\">\n\t\t\t\t<div class=\"elementor-widget-container\">\n\t\t\t\t\t<div class=\"elementor-image\">\n\t\t\t\t\t\t\t\t\t\t\t<a href=\"https:\/\/www.generali.es\/\" target=\"_blank\">\n\t\t\t\t\t\t\t<img width=\"600\" height=\"490\" src=\"https:\/\/i0.wp.com\/generali-ronda.es\/wp-content\/uploads\/2019\/07\/generali-2.png?fit=600%2C490&amp;ssl=1\" class=\"attachment-full size-full\" alt=\"generali-ronda\" decoding=\"async\" loading=\"lazy\" srcset=\"https:\/\/i0.wp.com\/generali-ronda.es\/wp-content\/uploads\/2019\/07\/generali-2.png?w=600&amp;ssl=1 600w, https:\/\/i0.wp.com\/generali-ronda.es\/wp-content\/uploads\/2019\/07\/generali-2.png?resize=300%2C245&amp;ssl=1 300w, https:\/\/i0.wp.com\/generali-ronda.es\/wp-content\/uploads\/2019\/07\/generali-2.png?resize=318%2C260&amp;ssl=1 318w\" sizes=\"(max-width: 600px) 100vw, 600px\" data-attachment-id=\"2303\" data-permalink=\"https:\/\/generali-ronda.es\/index.php\/generali-seguros-en-ronda\/generali-2-2\/\" data-orig-file=\"https:\/\/i0.wp.com\/generali-ronda.es\/wp-content\/uploads\/2019\/07\/generali-2.png?fit=600%2C490&amp;ssl=1\" data-orig-size=\"600,490\" data-comments-opened=\"1\" data-image-meta=\"{&quot;aperture&quot;:&quot;0&quot;,&quot;credit&quot;:&quot;&quot;,&quot;camera&quot;:&quot;&quot;,&quot;caption&quot;:&quot;&quot;,&quot;created_timestamp&quot;:&quot;0&quot;,&quot;copyright&quot;:&quot;&quot;,&quot;focal_length&quot;:&quot;0&quot;,&quot;iso&quot;:&quot;0&quot;,&quot;shutter_speed&quot;:&quot;0&quot;,&quot;title&quot;:&quot;&quot;,&quot;orientation&quot;:&quot;0&quot;}\" data-image-title=\"generali-ronda\" data-image-description=\"\" data-image-caption=\"&lt;p&gt;generali-ronda&lt;\/p&gt;\n\" data-medium-file=\"https:\/\/i0.wp.com\/generali-ronda.es\/wp-content\/uploads\/2019\/07\/generali-2.png?fit=300%2C245&amp;ssl=1\" data-large-file=\"https:\/\/i0.wp.com\/generali-ronda.es\/wp-content\/uploads\/2019\/07\/generali-2.png?fit=490%2C490&amp;ssl=1\" \/>\t\t\t\t\t\t\t\t<\/a>\n\t\t\t\t\t\t\t\t\t\t\t<\/div>\n\t\t\t\t<\/div>\n\t\t\t\t<\/div>\n\t\t\t\t\t\t<\/div>\n\t\t\t<\/div>\n\t\t<\/div>\n\t\t\t\t<div class=\"elementor-element elementor-element-16e1110 elementor-sm-50 elementor-column elementor-col-25 elementor-inner-column\" data-id=\"16e1110\" data-element_type=\"column\">\n\t\t\t<div class=\"elementor-column-wrap  elementor-element-populated\">\n\t\t\t\t\t<div class=\"elementor-widget-wrap\">\n\t\t\t\t<div class=\"elementor-element elementor-element-b1c7468 elementor-widget elementor-widget-image\" data-id=\"b1c7468\" data-element_type=\"widget\" data-widget_type=\"image.default\">\n\t\t\t\t<div class=\"elementor-widget-container\">\n\t\t\t\t\t<div class=\"elementor-image\">\n\t\t\t\t\t\t\t\t\t\t\t<a href=\"https:\/\/www.consorseguros.es\/web\/inicio\" target=\"_blank\">\n\t\t\t\t\t\t\t<img width=\"150\" height=\"150\" src=\"https:\/\/i0.wp.com\/generali-ronda.es\/wp-content\/uploads\/2019\/07\/consorcio-compensacion-rondaseguros.jpg?resize=150%2C150&amp;ssl=1\" class=\"attachment-thumbnail size-thumbnail\" alt=\"consorcio-compensacion-rondaseguros\" decoding=\"async\" loading=\"lazy\" srcset=\"https:\/\/i0.wp.com\/generali-ronda.es\/wp-content\/uploads\/2019\/07\/consorcio-compensacion-rondaseguros.jpg?resize=150%2C150&amp;ssl=1 150w, https:\/\/i0.wp.com\/generali-ronda.es\/wp-content\/uploads\/2019\/07\/consorcio-compensacion-rondaseguros.jpg?resize=100%2C100&amp;ssl=1 100w, https:\/\/i0.wp.com\/generali-ronda.es\/wp-content\/uploads\/2019\/07\/consorcio-compensacion-rondaseguros.jpg?resize=50%2C50&amp;ssl=1 50w, https:\/\/i0.wp.com\/generali-ronda.es\/wp-content\/uploads\/2019\/07\/consorcio-compensacion-rondaseguros.jpg?zoom=2&amp;resize=150%2C150&amp;ssl=1 300w\" sizes=\"(max-width: 150px) 100vw, 150px\" data-attachment-id=\"2293\" data-permalink=\"https:\/\/generali-ronda.es\/consorcio-compensacion-rondaseguros\/\" data-orig-file=\"https:\/\/i0.wp.com\/generali-ronda.es\/wp-content\/uploads\/2019\/07\/consorcio-compensacion-rondaseguros.jpg?fit=300%2C303&amp;ssl=1\" data-orig-size=\"300,303\" data-comments-opened=\"1\" data-image-meta=\"{&quot;aperture&quot;:&quot;0&quot;,&quot;credit&quot;:&quot;&quot;,&quot;camera&quot;:&quot;&quot;,&quot;caption&quot;:&quot;&quot;,&quot;created_timestamp&quot;:&quot;0&quot;,&quot;copyright&quot;:&quot;&quot;,&quot;focal_length&quot;:&quot;0&quot;,&quot;iso&quot;:&quot;0&quot;,&quot;shutter_speed&quot;:&quot;0&quot;,&quot;title&quot;:&quot;&quot;,&quot;orientation&quot;:&quot;0&quot;}\" data-image-title=\"consorcio-compensacion-rondaseguros\" data-image-description=\"&lt;p&gt;consorcio-compensacion-rondaseguros&lt;\/p&gt;\n\" data-image-caption=\"\" data-medium-file=\"https:\/\/i0.wp.com\/generali-ronda.es\/wp-content\/uploads\/2019\/07\/consorcio-compensacion-rondaseguros.jpg?fit=297%2C300&amp;ssl=1\" data-large-file=\"https:\/\/i0.wp.com\/generali-ronda.es\/wp-content\/uploads\/2019\/07\/consorcio-compensacion-rondaseguros.jpg?fit=300%2C300&amp;ssl=1\" \/>\t\t\t\t\t\t\t\t<\/a>\n\t\t\t\t\t\t\t\t\t\t\t<\/div>\n\t\t\t\t<\/div>\n\t\t\t\t<\/div>\n\t\t\t\t\t\t<\/div>\n\t\t\t<\/div>\n\t\t<\/div>\n\t\t\t\t<div class=\"elementor-element elementor-element-ec2bf3c elementor-sm-50 elementor-column elementor-col-25 elementor-inner-column\" data-id=\"ec2bf3c\" data-element_type=\"column\">\n\t\t\t<div class=\"elementor-column-wrap  elementor-element-populated\">\n\t\t\t\t\t<div class=\"elementor-widget-wrap\">\n\t\t\t\t<div class=\"elementor-element elementor-element-d01ba89 elementor-widget elementor-widget-image\" data-id=\"d01ba89\" data-element_type=\"widget\" data-widget_type=\"image.default\">\n\t\t\t\t<div class=\"elementor-widget-container\">\n\t\t\t\t\t<div class=\"elementor-image\">\n\t\t\t\t\t\t\t\t\t\t\t<a href=\"https:\/\/boe.es\/\" target=\"_blank\">\n\t\t\t\t\t\t\t<img width=\"200\" height=\"150\" src=\"https:\/\/i1.wp.com\/generali-ronda.es\/wp-content\/uploads\/2019\/07\/boe-segurosenronda-1.jpg?fit=200%2C150&amp;ssl=1\" class=\"attachment-full size-full\" alt=\"boe-segurosenronda\" decoding=\"async\" loading=\"lazy\" data-attachment-id=\"2296\" data-permalink=\"https:\/\/generali-ronda.es\/boe-segurosenronda\/\" data-orig-file=\"https:\/\/i1.wp.com\/generali-ronda.es\/wp-content\/uploads\/2019\/07\/boe-segurosenronda-1.jpg?fit=200%2C150&amp;ssl=1\" data-orig-size=\"200,150\" data-comments-opened=\"1\" data-image-meta=\"{&quot;aperture&quot;:&quot;0&quot;,&quot;credit&quot;:&quot;&quot;,&quot;camera&quot;:&quot;&quot;,&quot;caption&quot;:&quot;&quot;,&quot;created_timestamp&quot;:&quot;0&quot;,&quot;copyright&quot;:&quot;&quot;,&quot;focal_length&quot;:&quot;0&quot;,&quot;iso&quot;:&quot;0&quot;,&quot;shutter_speed&quot;:&quot;0&quot;,&quot;title&quot;:&quot;&quot;,&quot;orientation&quot;:&quot;0&quot;}\" data-image-title=\"boe-segurosenronda\" data-image-description=\"&lt;p&gt;boe-segurosenronda&lt;\/p&gt;\n\" data-image-caption=\"\" data-medium-file=\"https:\/\/i1.wp.com\/generali-ronda.es\/wp-content\/uploads\/2019\/07\/boe-segurosenronda-1.jpg?fit=150%2C150&amp;ssl=1\" data-large-file=\"https:\/\/i1.wp.com\/generali-ronda.es\/wp-content\/uploads\/2019\/07\/boe-segurosenronda-1.jpg?fit=150%2C150&amp;ssl=1\" \/>\t\t\t\t\t\t\t\t<\/a>\n\t\t\t\t\t\t\t\t\t\t\t<\/div>\n\t\t\t\t<\/div>\n\t\t\t\t<\/div>\n\t\t\t\t\t\t<\/div>\n\t\t\t<\/div>\n\t\t<\/div>\n\t\t\t\t<div class=\"elementor-element elementor-element-0aa7aa9 elementor-sm-50 elementor-column elementor-col-25 elementor-inner-column\" data-id=\"0aa7aa9\" data-element_type=\"column\">\n\t\t\t<div class=\"elementor-column-wrap  elementor-element-populated\">\n\t\t\t\t\t<div class=\"elementor-widget-wrap\">\n\t\t\t\t<div class=\"elementor-element elementor-element-75824b7 elementor-widget elementor-widget-image\" data-id=\"75824b7\" data-element_type=\"widget\" data-widget_type=\"image.default\">\n\t\t\t\t<div class=\"elementor-widget-container\">\n\t\t\t\t\t<div class=\"elementor-image\">\n\t\t\t\t\t\t\t\t\t\t\t<a href=\"http:\/\/www.dgsfp.mineco.es\" target=\"_blank\">\n\t\t\t\t\t\t\t<img width=\"300\" height=\"150\" src=\"https:\/\/i1.wp.com\/generali-ronda.es\/wp-content\/uploads\/2019\/07\/seguros-ronda_Direcci\u00f3n_General_de_Seguros_y_Fondos_de_Pensiones.jpg?fit=300%2C150&amp;ssl=1\" class=\"attachment-full size-full\" alt=\"\" decoding=\"async\" loading=\"lazy\" data-attachment-id=\"2288\" data-permalink=\"https:\/\/generali-ronda.es\/seguros-ronda_direccion_general_de_seguros_y_fondos_de_pensiones\/\" data-orig-file=\"https:\/\/i1.wp.com\/generali-ronda.es\/wp-content\/uploads\/2019\/07\/seguros-ronda_Direcci\u00f3n_General_de_Seguros_y_Fondos_de_Pensiones.jpg?fit=300%2C150&amp;ssl=1\" data-orig-size=\"300,150\" data-comments-opened=\"1\" data-image-meta=\"{&quot;aperture&quot;:&quot;0&quot;,&quot;credit&quot;:&quot;&quot;,&quot;camera&quot;:&quot;&quot;,&quot;caption&quot;:&quot;&quot;,&quot;created_timestamp&quot;:&quot;0&quot;,&quot;copyright&quot;:&quot;&quot;,&quot;focal_length&quot;:&quot;0&quot;,&quot;iso&quot;:&quot;0&quot;,&quot;shutter_speed&quot;:&quot;0&quot;,&quot;title&quot;:&quot;&quot;,&quot;orientation&quot;:&quot;0&quot;}\" data-image-title=\"seguros-ronda_Direcci\u00f3n_General_de_Seguros_y_Fondos_de_Pensiones\" data-image-description=\"\" data-image-caption=\"\" data-medium-file=\"https:\/\/i1.wp.com\/generali-ronda.es\/wp-content\/uploads\/2019\/07\/seguros-ronda_Direcci\u00f3n_General_de_Seguros_y_Fondos_de_Pensiones.jpg?fit=300%2C150&amp;ssl=1\" data-large-file=\"https:\/\/i1.wp.com\/generali-ronda.es\/wp-content\/uploads\/2019\/07\/seguros-ronda_Direcci\u00f3n_General_de_Seguros_y_Fondos_de_Pensiones.jpg?fit=150%2C150&amp;ssl=1\" \/>\t\t\t\t\t\t\t\t<\/a>\n\t\t\t\t\t\t\t\t\t\t\t<\/div>\n\t\t\t\t<\/div>\n\t\t\t\t<\/div>\n\t\t\t\t\t\t<\/div>\n\t\t\t<\/div>\n\t\t<\/div>\n\t\t\t\t\t\t<\/div>\n\t\t\t<\/div>\n\t\t<\/section>\n\t\t\t\t<section class=\"elementor-element elementor-element-afaf5b9 elementor-section-boxed elementor-section-height-default elementor-section-height-default elementor-section elementor-inner-section\" data-id=\"afaf5b9\" data-element_type=\"section\">\n\t\t\t\t\t\t<div class=\"elementor-container elementor-column-gap-wider\">\n\t\t\t\t<div class=\"elementor-row\">\n\t\t\t\t<div class=\"elementor-element elementor-element-7970147 elementor-sm-50 elementor-column elementor-col-25 elementor-inner-column\" data-id=\"7970147\" data-element_type=\"column\">\n\t\t\t<div class=\"elementor-column-wrap  elementor-element-populated\">\n\t\t\t\t\t<div class=\"elementor-widget-wrap\">\n\t\t\t\t<div class=\"elementor-element elementor-element-a70aa73 elementor-widget elementor-widget-image\" data-id=\"a70aa73\" data-element_type=\"widget\" data-widget_type=\"image.default\">\n\t\t\t\t<div class=\"elementor-widget-container\">\n\t\t\t\t\t<div class=\"elementor-image\">\n\t\t\t\t\t\t\t\t\t\t\t<a href=\"https:\/\/www.colegiodesegurosmalaga.com\" target=\"_blank\">\n\t\t\t\t\t\t\t<img width=\"1201\" height=\"800\" src=\"https:\/\/i1.wp.com\/generali-ronda.es\/wp-content\/uploads\/2019\/07\/Colegio-M\u00e1laga-1.png?fit=1201%2C800&amp;ssl=1\" class=\"attachment-full size-full\" alt=\"seguros-colegio-mediadores\" decoding=\"async\" loading=\"lazy\" srcset=\"https:\/\/i1.wp.com\/generali-ronda.es\/wp-content\/uploads\/2019\/07\/Colegio-M\u00e1laga-1.png?w=1201&amp;ssl=1 1201w, https:\/\/i1.wp.com\/generali-ronda.es\/wp-content\/uploads\/2019\/07\/Colegio-M\u00e1laga-1.png?resize=300%2C200&amp;ssl=1 300w, https:\/\/i1.wp.com\/generali-ronda.es\/wp-content\/uploads\/2019\/07\/Colegio-M\u00e1laga-1.png?resize=768%2C512&amp;ssl=1 768w, https:\/\/i1.wp.com\/generali-ronda.es\/wp-content\/uploads\/2019\/07\/Colegio-M\u00e1laga-1.png?resize=1024%2C682&amp;ssl=1 1024w, https:\/\/i1.wp.com\/generali-ronda.es\/wp-content\/uploads\/2019\/07\/Colegio-M\u00e1laga-1.png?resize=390%2C260&amp;ssl=1 390w\" sizes=\"(max-width: 1201px) 100vw, 1201px\" data-attachment-id=\"2287\" data-permalink=\"https:\/\/generali-ronda.es\/colegio-malaga-2\/\" data-orig-file=\"https:\/\/i1.wp.com\/generali-ronda.es\/wp-content\/uploads\/2019\/07\/Colegio-M\u00e1laga-1.png?fit=1201%2C800&amp;ssl=1\" data-orig-size=\"1201,800\" data-comments-opened=\"1\" data-image-meta=\"{&quot;aperture&quot;:&quot;0&quot;,&quot;credit&quot;:&quot;&quot;,&quot;camera&quot;:&quot;&quot;,&quot;caption&quot;:&quot;&quot;,&quot;created_timestamp&quot;:&quot;0&quot;,&quot;copyright&quot;:&quot;&quot;,&quot;focal_length&quot;:&quot;0&quot;,&quot;iso&quot;:&quot;0&quot;,&quot;shutter_speed&quot;:&quot;0&quot;,&quot;title&quot;:&quot;&quot;,&quot;orientation&quot;:&quot;0&quot;}\" data-image-title=\"seguros-colegio-mediadores\" data-image-description=\"&lt;p&gt;seguros-colegio-mediadores&lt;\/p&gt;\n\" data-image-caption=\"\" data-medium-file=\"https:\/\/i1.wp.com\/generali-ronda.es\/wp-content\/uploads\/2019\/07\/Colegio-M\u00e1laga-1.png?fit=300%2C200&amp;ssl=1\" data-large-file=\"https:\/\/i1.wp.com\/generali-ronda.es\/wp-content\/uploads\/2019\/07\/Colegio-M\u00e1laga-1.png?fit=1024%2C682&amp;ssl=1\" \/>\t\t\t\t\t\t\t\t<\/a>\n\t\t\t\t\t\t\t\t\t\t\t<\/div>\n\t\t\t\t<\/div>\n\t\t\t\t<\/div>\n\t\t\t\t\t\t<\/div>\n\t\t\t<\/div>\n\t\t<\/div>\n\t\t\t\t<div class=\"elementor-element elementor-element-9fbac37 elementor-sm-50 elementor-column elementor-col-25 elementor-inner-column\" data-id=\"9fbac37\" data-element_type=\"column\">\n\t\t\t<div class=\"elementor-column-wrap  elementor-element-populated\">\n\t\t\t\t\t<div class=\"elementor-widget-wrap\">\n\t\t\t\t<div class=\"elementor-element elementor-element-de55cf2 elementor-widget elementor-widget-image\" data-id=\"de55cf2\" data-element_type=\"widget\" data-widget_type=\"image.default\">\n\t\t\t\t<div class=\"elementor-widget-container\">\n\t\t\t\t\t<div class=\"elementor-image\">\n\t\t\t\t\t\t\t\t\t\t\t<a href=\"https:\/\/www.inese.es\/\" target=\"_blank\">\n\t\t\t\t\t\t\t<img width=\"225\" height=\"150\" src=\"https:\/\/i1.wp.com\/generali-ronda.es\/wp-content\/uploads\/2019\/07\/inese-revista-seguros.png?fit=225%2C150&amp;ssl=1\" class=\"attachment-full size-full\" alt=\"inese-revista-seguros\" decoding=\"async\" loading=\"lazy\" data-attachment-id=\"2302\" data-permalink=\"https:\/\/generali-ronda.es\/index.php\/generali-seguros-en-ronda\/inese-revista-seguros\/\" data-orig-file=\"https:\/\/i1.wp.com\/generali-ronda.es\/wp-content\/uploads\/2019\/07\/inese-revista-seguros.png?fit=225%2C150&amp;ssl=1\" data-orig-size=\"225,150\" data-comments-opened=\"1\" data-image-meta=\"{&quot;aperture&quot;:&quot;0&quot;,&quot;credit&quot;:&quot;&quot;,&quot;camera&quot;:&quot;&quot;,&quot;caption&quot;:&quot;&quot;,&quot;created_timestamp&quot;:&quot;0&quot;,&quot;copyright&quot;:&quot;&quot;,&quot;focal_length&quot;:&quot;0&quot;,&quot;iso&quot;:&quot;0&quot;,&quot;shutter_speed&quot;:&quot;0&quot;,&quot;title&quot;:&quot;&quot;,&quot;orientation&quot;:&quot;0&quot;}\" data-image-title=\"inese-revista-seguros\" data-image-description=\"&lt;p&gt;inese-revista-seguros&lt;\/p&gt;\n\" data-image-caption=\"\" data-medium-file=\"https:\/\/i1.wp.com\/generali-ronda.es\/wp-content\/uploads\/2019\/07\/inese-revista-seguros.png?fit=150%2C150&amp;ssl=1\" data-large-file=\"https:\/\/i1.wp.com\/generali-ronda.es\/wp-content\/uploads\/2019\/07\/inese-revista-seguros.png?fit=150%2C150&amp;ssl=1\" \/>\t\t\t\t\t\t\t\t<\/a>\n\t\t\t\t\t\t\t\t\t\t\t<\/div>\n\t\t\t\t<\/div>\n\t\t\t\t<\/div>\n\t\t\t\t\t\t<\/div>\n\t\t\t<\/div>\n\t\t<\/div>\n\t\t\t\t<div class=\"elementor-element elementor-element-0c70fb3 elementor-sm-50 elementor-column elementor-col-25 elementor-inner-column\" data-id=\"0c70fb3\" data-element_type=\"column\">\n\t\t\t<div class=\"elementor-column-wrap  elementor-element-populated\">\n\t\t\t\t\t<div class=\"elementor-widget-wrap\">\n\t\t\t\t<div class=\"elementor-element elementor-element-93fa5fa elementor-widget elementor-widget-image\" data-id=\"93fa5fa\" data-element_type=\"widget\" data-widget_type=\"image.default\">\n\t\t\t\t<div class=\"elementor-widget-container\">\n\t\t\t\t\t<div class=\"elementor-image\">\n\t\t\t\t\t\t\t\t\t\t\t<a href=\"https:\/\/www.cnmv.es\/portal\/home.aspx\" target=\"_blank\">\n\t\t\t\t\t\t\t<img width=\"238\" height=\"237\" src=\"https:\/\/i0.wp.com\/generali-ronda.es\/wp-content\/uploads\/2019\/07\/seguros-ronda-generali.jpeg?fit=238%2C237&amp;ssl=1\" class=\"attachment-full size-full\" alt=\"seguros-ronda-generali\" decoding=\"async\" loading=\"lazy\" srcset=\"https:\/\/i0.wp.com\/generali-ronda.es\/wp-content\/uploads\/2019\/07\/seguros-ronda-generali.jpeg?w=238&amp;ssl=1 238w, https:\/\/i0.wp.com\/generali-ronda.es\/wp-content\/uploads\/2019\/07\/seguros-ronda-generali.jpeg?resize=150%2C150&amp;ssl=1 150w, https:\/\/i0.wp.com\/generali-ronda.es\/wp-content\/uploads\/2019\/07\/seguros-ronda-generali.jpeg?resize=100%2C100&amp;ssl=1 100w, https:\/\/i0.wp.com\/generali-ronda.es\/wp-content\/uploads\/2019\/07\/seguros-ronda-generali.jpeg?resize=50%2C50&amp;ssl=1 50w\" sizes=\"(max-width: 238px) 100vw, 238px\" data-attachment-id=\"2304\" data-permalink=\"https:\/\/generali-ronda.es\/index.php\/generali-seguros-en-ronda\/seguros-ronda-generali\/\" data-orig-file=\"https:\/\/i0.wp.com\/generali-ronda.es\/wp-content\/uploads\/2019\/07\/seguros-ronda-generali.jpeg?fit=238%2C237&amp;ssl=1\" data-orig-size=\"238,237\" data-comments-opened=\"1\" data-image-meta=\"{&quot;aperture&quot;:&quot;0&quot;,&quot;credit&quot;:&quot;&quot;,&quot;camera&quot;:&quot;&quot;,&quot;caption&quot;:&quot;&quot;,&quot;created_timestamp&quot;:&quot;1491502331&quot;,&quot;copyright&quot;:&quot;&quot;,&quot;focal_length&quot;:&quot;0&quot;,&quot;iso&quot;:&quot;0&quot;,&quot;shutter_speed&quot;:&quot;0&quot;,&quot;title&quot;:&quot;&quot;,&quot;orientation&quot;:&quot;1&quot;}\" data-image-title=\"seguros-ronda-generali\" data-image-description=\"\" data-image-caption=\"&lt;p&gt;seguros-ronda-generali&lt;\/p&gt;\n\" data-medium-file=\"https:\/\/i0.wp.com\/generali-ronda.es\/wp-content\/uploads\/2019\/07\/seguros-ronda-generali.jpeg?fit=237%2C237&amp;ssl=1\" data-large-file=\"https:\/\/i0.wp.com\/generali-ronda.es\/wp-content\/uploads\/2019\/07\/seguros-ronda-generali.jpeg?fit=237%2C237&amp;ssl=1\" \/>\t\t\t\t\t\t\t\t<\/a>\n\t\t\t\t\t\t\t\t\t\t\t<\/div>\n\t\t\t\t<\/div>\n\t\t\t\t<\/div>\n\t\t\t\t\t\t<\/div>\n\t\t\t<\/div>\n\t\t<\/div>\n\t\t\t\t<div class=\"elementor-element elementor-element-b1eea5a elementor-sm-50 elementor-column elementor-col-25 elementor-inner-column\" data-id=\"b1eea5a\" data-element_type=\"column\">\n\t\t\t<div class=\"elementor-column-wrap  elementor-element-populated\">\n\t\t\t\t\t<div class=\"elementor-widget-wrap\">\n\t\t\t\t<div class=\"elementor-element elementor-element-b48db92 elementor-widget elementor-widget-image\" data-id=\"b48db92\" data-element_type=\"widget\" data-widget_type=\"image.default\">\n\t\t\t\t<div class=\"elementor-widget-container\">\n\t\t\t\t\t<div class=\"elementor-image\">\n\t\t\t\t\t\t\t\t\t\t\t<a href=\"https:\/\/www.lloyds.com\/\" target=\"_blank\">\n\t\t\t\t\t\t\t<img width=\"640\" height=\"480\" src=\"https:\/\/i1.wp.com\/generali-ronda.es\/wp-content\/uploads\/2019\/07\/segurosenronda.jpg?fit=640%2C480&amp;ssl=1\" class=\"attachment-full size-full\" alt=\"segurosenronda\" decoding=\"async\" loading=\"lazy\" srcset=\"https:\/\/i1.wp.com\/generali-ronda.es\/wp-content\/uploads\/2019\/07\/segurosenronda.jpg?w=640&amp;ssl=1 640w, https:\/\/i1.wp.com\/generali-ronda.es\/wp-content\/uploads\/2019\/07\/segurosenronda.jpg?resize=300%2C225&amp;ssl=1 300w, https:\/\/i1.wp.com\/generali-ronda.es\/wp-content\/uploads\/2019\/07\/segurosenronda.jpg?resize=347%2C260&amp;ssl=1 347w\" sizes=\"(max-width: 640px) 100vw, 640px\" data-attachment-id=\"2310\" data-permalink=\"https:\/\/generali-ronda.es\/index.php\/generali-seguros-en-ronda\/segurosenronda-2\/\" data-orig-file=\"https:\/\/i1.wp.com\/generali-ronda.es\/wp-content\/uploads\/2019\/07\/segurosenronda.jpg?fit=640%2C480&amp;ssl=1\" data-orig-size=\"640,480\" data-comments-opened=\"1\" data-image-meta=\"{&quot;aperture&quot;:&quot;0&quot;,&quot;credit&quot;:&quot;&quot;,&quot;camera&quot;:&quot;&quot;,&quot;caption&quot;:&quot;&quot;,&quot;created_timestamp&quot;:&quot;0&quot;,&quot;copyright&quot;:&quot;&quot;,&quot;focal_length&quot;:&quot;0&quot;,&quot;iso&quot;:&quot;0&quot;,&quot;shutter_speed&quot;:&quot;0&quot;,&quot;title&quot;:&quot;&quot;,&quot;orientation&quot;:&quot;0&quot;}\" data-image-title=\"segurosenronda\" data-image-description=\"&lt;p&gt;segurosenronda&lt;\/p&gt;\n\" data-image-caption=\"&lt;p&gt;segurosenronda&lt;\/p&gt;\n\" data-medium-file=\"https:\/\/i1.wp.com\/generali-ronda.es\/wp-content\/uploads\/2019\/07\/segurosenronda.jpg?fit=300%2C225&amp;ssl=1\" data-large-file=\"https:\/\/i1.wp.com\/generali-ronda.es\/wp-content\/uploads\/2019\/07\/segurosenronda.jpg?fit=480%2C480&amp;ssl=1\" \/>\t\t\t\t\t\t\t\t<\/a>\n\t\t\t\t\t\t\t\t\t\t\t<\/div>\n\t\t\t\t<\/div>\n\t\t\t\t<\/div>\n\t\t\t\t\t\t<\/div>\n\t\t\t<\/div>\n\t\t<\/div>\n\t\t\t\t\t\t<\/div>\n\t\t\t<\/div>\n\t\t<\/section>\n\t\t\t\t\t\t<\/div>\n\t\t\t<\/div>\n\t\t<\/div>\n\t\t\t\t\t\t<\/div>\n\t\t\t<\/div>\n\t\t<\/section>\n\t\t\t\t<section class=\"elementor-element elementor-element-1b78fc2 elementor-section-height-full elementor-section-stretched elementor-section-boxed elementor-section-height-default elementor-section-items-middle elementor-invisible elementor-section elementor-top-section\" data-id=\"1b78fc2\" data-element_type=\"section\" data-settings=\"{&quot;background_background&quot;:&quot;video&quot;,&quot;background_video_link&quot;:&quot;https:\\\/\\\/generali-ronda.es\\\/generali-ronda-2-mp4\\\/&quot;,&quot;stretch_section&quot;:&quot;section-stretched&quot;,&quot;background_play_on_mobile&quot;:&quot;yes&quot;,&quot;animation&quot;:&quot;fadeInUp&quot;}\">\n\t\t\t\t\t\t\t\t<div class=\"elementor-background-video-container\">\n\t\t\t\t\t\t\t\t\t\t\t\t\t<video class=\"elementor-background-video-hosted elementor-html5-video\" autoplay muted playsinline loop><\/video>\n\t\t\t\t\t\t\t\t\t\t\t<\/div>\n\t\t\t\t\t\t\t\t\t<div class=\"elementor-background-overlay\"><\/div>\n\t\t\t\t\t\t\t<div class=\"elementor-container elementor-column-gap-default\">\n\t\t\t\t<div class=\"elementor-row\">\n\t\t\t\t<div class=\"elementor-element elementor-element-3d1dfb7 elementor-column elementor-col-100 elementor-top-column\" data-id=\"3d1dfb7\" data-element_type=\"column\">\n\t\t\t<div class=\"elementor-column-wrap  elementor-element-populated\">\n\t\t\t\t\t<div class=\"elementor-widget-wrap\">\n\t\t\t\t<div class=\"elementor-element elementor-element-0a7ee11 elementor-aspect-ratio-169 elementor-widget elementor-widget-video\" data-id=\"0a7ee11\" data-element_type=\"widget\" data-settings=\"{&quot;aspect_ratio&quot;:&quot;169&quot;}\" data-widget_type=\"video.default\">\n\t\t\t\t<div class=\"elementor-widget-container\">\n\t\t\t\t\t<div class=\"elementor-wrapper elementor-fit-aspect-ratio elementor-open-inline\">\n\t\t\t\t\t<video class=\"elementor-video\" src=\"https:\/\/videos.files.wordpress.com\/TqGSbYTi\/generali-ronda-2_hd.mp4\" controls=\"\" controlsList=\"nodownload\" poster=\"https:\/\/generali-ronda.es\/wp-content\/uploads\/2019\/10\/generali-ronda-calle-sevilla-86-29400.jpg\"><\/video>\n\t\t\t\t<\/div>\n\t\t\t\t<\/div>\n\t\t\t\t<\/div>\n\t\t\t\t\t\t<\/div>\n\t\t\t<\/div>\n\t\t<\/div>\n\t\t\t\t\t\t<\/div>\n\t\t\t<\/div>\n\t\t<\/section>\n\t\t\t\t<section class=\"elementor-element elementor-element-3eadbfc elementor-section-stretched elementor-section-boxed elementor-section-height-default elementor-section-height-default elementor-invisible elementor-section elementor-top-section\" data-id=\"3eadbfc\" data-element_type=\"section\" data-settings=\"{&quot;background_background&quot;:&quot;classic&quot;,&quot;stretch_section&quot;:&quot;section-stretched&quot;,&quot;shape_divider_top&quot;:&quot;mountains&quot;,&quot;animation&quot;:&quot;fadeIn&quot;}\">\n\t\t\t\t\t<div class=\"elementor-shape elementor-shape-top\" data-negative=\"false\">\n\t\t\t<svg xmlns=\"http:\/\/www.w3.org\/2000\/svg\" viewBox=\"0 0 1000 100\" preserveAspectRatio=\"none\">\n\t<path class=\"elementor-shape-fill\" opacity=\"0.33\" d=\"M473,67.3c-203.9,88.3-263.1-34-320.3,0C66,119.1,0,59.7,0,59.7V0h1000v59.7 c0,0-62.1,26.1-94.9,29.3c-32.8,3.3-62.8-12.3-75.8-22.1C806,49.6,745.3,8.7,694.9,4.7S492.4,59,473,67.3z\"\/>\n\t<path class=\"elementor-shape-fill\" opacity=\"0.66\" d=\"M734,67.3c-45.5,0-77.2-23.2-129.1-39.1c-28.6-8.7-150.3-10.1-254,39.1 s-91.7-34.4-149.2,0C115.7,118.3,0,39.8,0,39.8V0h1000v36.5c0,0-28.2-18.5-92.1-18.5C810.2,18.1,775.7,67.3,734,67.3z\"\/>\n\t<path class=\"elementor-shape-fill\" d=\"M766.1,28.9c-200-57.5-266,65.5-395.1,19.5C242,1.8,242,5.4,184.8,20.6C128,35.8,132.3,44.9,89.9,52.5C28.6,63.7,0,0,0,0 h1000c0,0-9.9,40.9-83.6,48.1S829.6,47,766.1,28.9z\"\/>\n<\/svg>\t\t<\/div>\n\t\t\t\t\t<div class=\"elementor-container elementor-column-gap-default\">\n\t\t\t\t<div class=\"elementor-row\">\n\t\t\t\t<div class=\"elementor-element elementor-element-bd3a97a elementor-column elementor-col-33 elementor-top-column\" data-id=\"bd3a97a\" data-element_type=\"column\">\n\t\t\t<div class=\"elementor-column-wrap  elementor-element-populated\">\n\t\t\t\t\t<div class=\"elementor-widget-wrap\">\n\t\t\t\t<div class=\"elementor-element elementor-element-1705d8a elementor-position-top elementor-vertical-align-top elementor-widget elementor-widget-image-box\" data-id=\"1705d8a\" data-element_type=\"widget\" data-widget_type=\"image-box.default\">\n\t\t\t\t<div class=\"elementor-widget-container\">\n\t\t\t<div class=\"elementor-image-box-wrapper\"><figure class=\"elementor-image-box-img\"><a href=\"https:\/\/maps.google.com\/maps?cid=12343723163646925213\"><img decoding=\"async\" src=\"https:\/\/i1.wp.com\/generali-ronda.es\/wp-content\/uploads\/2019\/04\/generali-ronda-seguros.png?fit=1669%2C723&amp;ssl=1\" title=\"generali-ronda-seguros\" alt=\"generali-ronda-seguros\" \/><\/a><\/figure><div class=\"elementor-image-box-content\"><h3 class=\"elementor-image-box-title\"><a href=\"https:\/\/maps.google.com\/maps?cid=12343723163646925213\">LOCALIZACI\u00d3N<\/a><\/h3><p class=\"elementor-image-box-description\">Calle Sevilla, 86, 29400 Ronda, M\u00e1laga<\/p><\/div><\/div>\t\t<\/div>\n\t\t\t\t<\/div>\n\t\t\t\t\t\t<\/div>\n\t\t\t<\/div>\n\t\t<\/div>\n\t\t\t\t<div class=\"elementor-element elementor-element-d276b27 elementor-column elementor-col-33 elementor-top-column\" data-id=\"d276b27\" data-element_type=\"column\">\n\t\t\t<div class=\"elementor-column-wrap  elementor-element-populated\">\n\t\t\t\t\t<div class=\"elementor-widget-wrap\">\n\t\t\t\t<div class=\"elementor-element elementor-element-b30ca28 elementor-position-top elementor-vertical-align-top elementor-widget elementor-widget-image-box\" data-id=\"b30ca28\" data-element_type=\"widget\" data-widget_type=\"image-box.default\">\n\t\t\t\t<div class=\"elementor-widget-container\">\n\t\t\t<div class=\"elementor-image-box-wrapper\"><figure class=\"elementor-image-box-img\"><a href=\"tel:952874028\"><img decoding=\"async\" src=\"https:\/\/i1.wp.com\/generali-ronda.es\/wp-content\/uploads\/2019\/04\/TELEFONO-LOGO-300x300.png?fit=300%2C300&amp;ssl=1\" title=\"telefonosegurosgeneralienronda\" alt=\"telefonosegurosgeneralienronda\" \/><\/a><\/figure><div class=\"elementor-image-box-content\"><h3 class=\"elementor-image-box-title\"><a href=\"tel:952874028\">Tel\u00e9fono GENERALI RONDA<\/a><\/h3><p class=\"elementor-image-box-description\">952 87 40 28<br>664 688 571<\/p><\/div><\/div>\t\t<\/div>\n\t\t\t\t<\/div>\n\t\t\t\t\t\t<\/div>\n\t\t\t<\/div>\n\t\t<\/div>\n\t\t\t\t<div class=\"elementor-element elementor-element-21eb5ea elementor-column elementor-col-33 elementor-top-column\" data-id=\"21eb5ea\" data-element_type=\"column\">\n\t\t\t<div class=\"elementor-column-wrap  elementor-element-populated\">\n\t\t\t\t\t<div class=\"elementor-widget-wrap\">\n\t\t\t\t<div class=\"elementor-element elementor-element-973aa04 elementor-position-top elementor-vertical-align-top elementor-widget elementor-widget-image-box\" data-id=\"973aa04\" data-element_type=\"widget\" data-widget_type=\"image-box.default\">\n\t\t\t\t<div class=\"elementor-widget-container\">\n\t\t\t<div class=\"elementor-image-box-wrapper\"><figure class=\"elementor-image-box-img\"><a href=\"mailto:m.calvo@live.com\"><img decoding=\"async\" src=\"https:\/\/i2.wp.com\/generali-ronda.es\/wp-content\/uploads\/2019\/04\/email.png?fit=293%2C342&amp;ssl=1\" title=\"email-segurosgeneralienronda\" alt=\"email-segurosgeneralienronda\" \/><\/a><\/figure><div class=\"elementor-image-box-content\"><h3 class=\"elementor-image-box-title\"><a href=\"mailto:m.calvo@live.com\">EMAIL<\/a><\/h3><p class=\"elementor-image-box-description\">m.calvo@live.com\nm.calvo@generalimediadores.es<\/p><\/div><\/div>\t\t<\/div>\n\t\t\t\t<\/div>\n\t\t\t\t\t\t<\/div>\n\t\t\t<\/div>\n\t\t<\/div>\n\t\t\t\t\t\t<\/div>\n\t\t\t<\/div>\n\t\t<\/section>\n\t\t\t\t<section class=\"elementor-element elementor-element-6fa4f5ec elementor-section-content-middle elementor-section-stretched elementor-section-boxed elementor-section-height-default elementor-section-height-default elementor-invisible elementor-section elementor-top-section\" data-id=\"6fa4f5ec\" data-element_type=\"section\" data-settings=\"{&quot;background_background&quot;:&quot;classic&quot;,&quot;stretch_section&quot;:&quot;section-stretched&quot;,&quot;shape_divider_top&quot;:&quot;pyramids&quot;,&quot;animation&quot;:&quot;fadeIn&quot;}\">\n\t\t\t\t\t<div class=\"elementor-shape elementor-shape-top\" data-negative=\"false\">\n\t\t\t<svg xmlns=\"http:\/\/www.w3.org\/2000\/svg\" viewBox=\"0 0 1000 100\" preserveAspectRatio=\"none\">\n\t<path class=\"elementor-shape-fill\" d=\"M761.9,44.1L643.1,27.2L333.8,98L0,3.8V0l1000,0v3.9\"\/>\n<\/svg>\t\t<\/div>\n\t\t\t\t\t<div class=\"elementor-container elementor-column-gap-default\">\n\t\t\t\t<div class=\"elementor-row\">\n\t\t\t\t<div class=\"elementor-element elementor-element-32f78642 elementor-column elementor-col-50 elementor-top-column\" data-id=\"32f78642\" data-element_type=\"column\">\n\t\t\t<div class=\"elementor-column-wrap  elementor-element-populated\">\n\t\t\t\t\t<div class=\"elementor-widget-wrap\">\n\t\t\t\t<div class=\"elementor-element elementor-element-36149c0a elementor-widget elementor-widget-heading\" data-id=\"36149c0a\" data-element_type=\"widget\" data-widget_type=\"heading.default\">\n\t\t\t\t<div class=\"elementor-widget-container\">\n\t\t\t<h2 class=\"elementor-heading-title elementor-size-large\">Vis\u00edtanos<\/h2>\t\t<\/div>\n\t\t\t\t<\/div>\n\t\t\t\t<div class=\"elementor-element elementor-element-7863f07d elementor-widget elementor-widget-divider\" data-id=\"7863f07d\" data-element_type=\"widget\" data-widget_type=\"divider.default\">\n\t\t\t\t<div class=\"elementor-widget-container\">\n\t\t\t\t\t<div class=\"elementor-divider\">\n\t\t\t<span class=\"elementor-divider-separator\">\n\t\t\t\t\t\t<\/span>\n\t\t<\/div>\n\t\t\t\t<\/div>\n\t\t\t\t<\/div>\n\t\t\t\t<div class=\"elementor-element elementor-element-5929c8d0 elementor-icon-list--layout-traditional elementor-widget elementor-widget-icon-list\" data-id=\"5929c8d0\" data-element_type=\"widget\" data-widget_type=\"icon-list.default\">\n\t\t\t\t<div class=\"elementor-widget-container\">\n\t\t\t\t\t<ul class=\"elementor-icon-list-items\">\n\t\t\t\t\t\t\t<li class=\"elementor-icon-list-item\" >\n\t\t\t\t\t<a href=\"https:\/\/goo.gl\/maps\/J86xhgVFaCJ2\" target=\"_blank\">\t\t\t\t\t\t<span class=\"elementor-icon-list-icon\">\n\t\t\t\t\t\t\t<i aria-hidden=\"true\" class=\"fas fa-map\"><\/i>\t\t\t\t\t\t<\/span>\n\t\t\t\t\t\t\t\t\t\t<span class=\"elementor-icon-list-text\">Calle Sevilla, 86, 29400 Ronda, M\u00e1laga<\/span>\n\t\t\t\t\t\t\t\t\t\t\t<\/a>\n\t\t\t\t\t\t\t\t\t<\/li>\n\t\t\t\t\t\t\t\t<li class=\"elementor-icon-list-item\" >\n\t\t\t\t\t<a href=\"mailto:m.calvo@live.com\" target=\"_blank\">\t\t\t\t\t\t<span class=\"elementor-icon-list-icon\">\n\t\t\t\t\t\t\t<i aria-hidden=\"true\" class=\"fas fa-envelope-square\"><\/i>\t\t\t\t\t\t<\/span>\n\t\t\t\t\t\t\t\t\t\t<span class=\"elementor-icon-list-text\">m.calvo@live.com<\/span>\n\t\t\t\t\t\t\t\t\t\t\t<\/a>\n\t\t\t\t\t\t\t\t\t<\/li>\n\t\t\t\t\t\t\t\t<li class=\"elementor-icon-list-item\" >\n\t\t\t\t\t<a href=\"tel:952874028\">\t\t\t\t\t\t<span class=\"elementor-icon-list-icon\">\n\t\t\t\t\t\t\t<i aria-hidden=\"true\" class=\"fas fa-phone-square\"><\/i>\t\t\t\t\t\t<\/span>\n\t\t\t\t\t\t\t\t\t\t<span class=\"elementor-icon-list-text\">952 87 40 28<\/span>\n\t\t\t\t\t\t\t\t\t\t\t<\/a>\n\t\t\t\t\t\t\t\t\t<\/li>\n\t\t\t\t\t\t<\/ul>\n\t\t\t\t<\/div>\n\t\t\t\t<\/div>\n\t\t\t\t\t\t<\/div>\n\t\t\t<\/div>\n\t\t<\/div>\n\t\t\t\t<div class=\"elementor-element elementor-element-3849900c elementor-column elementor-col-50 elementor-top-column\" data-id=\"3849900c\" data-element_type=\"column\">\n\t\t\t<div class=\"elementor-column-wrap  elementor-element-populated\">\n\t\t\t\t\t<div class=\"elementor-widget-wrap\">\n\t\t\t\t<div class=\"elementor-element elementor-element-71d8126a elementor-widget elementor-widget-google_maps\" data-id=\"71d8126a\" data-element_type=\"widget\" data-widget_type=\"google_maps.default\">\n\t\t\t\t<div class=\"elementor-widget-container\">\n\t\t\t<div class=\"elementor-custom-embed\"><iframe frameborder=\"0\" scrolling=\"no\" marginheight=\"0\" marginwidth=\"0\" src=\"https:\/\/maps.google.com\/maps?q=Maria%20Matilde%20Calvo%20Ruiz&amp;t=m&amp;z=17&amp;output=embed&amp;iwloc=near\" aria-label=\"Maria Matilde Calvo Ruiz\"><\/iframe><\/div>\t\t<\/div>\n\t\t\t\t<\/div>\n\t\t\t\t\t\t<\/div>\n\t\t\t<\/div>\n\t\t<\/div>\n\t\t\t\t\t\t<\/div>\n\t\t\t<\/div>\n\t\t<\/section>\n\t\t\t\t\t\t<\/div>\n\t\t\t<\/div>\n\t\t<\/div>\n\t\t<!-- AddThis Advanced Settings generic via filter on the_content --><!-- AddThis Share Buttons generic via filter on the_content -->","protected":false},"excerpt":{"rendered":"<p>Seguros en rondA Tus seguros de confianza en Calle Sevilla 86,[&#8230;]<!-- AddThis Advanced Settings generic via filter on get_the_excerpt --><!-- AddThis Share Buttons generic via filter on get_the_excerpt --><\/p>\n","protected":false},"author":1,"featured_media":2708,"parent":0,"menu_order":0,"comment_status":"closed","ping_status":"closed","template":"elementor_header_footer","meta":{"spay_email":""},"yoast_head":"<!-- This site is optimized with the Yoast SEO plugin v17.1 - https:\/\/yoast.com\/wordpress\/plugins\/seo\/ -->\n<title>Seguros Maria Matilde Calvo Ruiz | Generali Seguros en Ronda C\/Sevilla 86<\/title>\n<meta name=\"description\" content=\"Seguros Maria Matilde Calvo Ruiz | Generali en Ronda ? Descubre la gama de Seguros Generali y sus coberturas \u2705 Calle Sevilla, 86, Ronda. 952 87 40 28\" \/>\n<meta name=\"robots\" content=\"index, follow, max-snippet:-1, max-image-preview:large, max-video-preview:-1\" \/>\n<link rel=\"canonical\" href=\"https:\/\/generali-ronda.es\/\" \/>\n<meta property=\"og:locale\" content=\"es_ES\" \/>\n<meta property=\"og:type\" content=\"article\" \/>\n<meta property=\"og:title\" content=\"Seguros Maria Matilde Calvo Ruiz | Generali Seguros en Ronda C\/Sevilla 86\" \/>\n<meta property=\"og:description\" content=\"Seguros Maria Matilde Calvo Ruiz | Generali en Ronda ? Descubre la gama de Seguros Generali y sus coberturas \u2705 Calle Sevilla, 86, Ronda. 952 87 40 28\" \/>\n<meta property=\"og:url\" content=\"https:\/\/generali-ronda.es\/\" \/>\n<meta property=\"og:site_name\" content=\"Maria Matilde Calvo Ruiz | Generali Seguros Ronda\" \/>\n<meta property=\"article:modified_time\" content=\"2023-01-05T12:31:45+00:00\" \/>\n<meta property=\"og:image\" content=\"https:\/\/generali-ronda.es\/wp-content\/uploads\/2019\/09\/generali-seguros.jpeg\" \/>\n\t<meta property=\"og:image:width\" content=\"400\" \/>\n\t<meta property=\"og:image:height\" content=\"324\" \/>\n<meta name=\"twitter:card\" content=\"summary_large_image\" \/>\n<meta name=\"twitter:site\" content=\"@generali_ronda\" \/>\n<meta name=\"twitter:label1\" content=\"Tiempo de lectura\" \/>\n\t<meta name=\"twitter:data1\" content=\"14 minutos\" \/>\n<script type=\"application\/ld+json\" class=\"yoast-schema-graph\">{\"@context\":\"https:\/\/schema.org\",\"@graph\":[{\"@type\":\"Organization\",\"@id\":\"https:\/\/generali-ronda.es\/#organization\",\"name\":\"Generali\",\"url\":\"https:\/\/generali-ronda.es\/\",\"sameAs\":[\"https:\/\/www.linkedin.com\/in\/generali-ronda\/\",\"https:\/\/twitter.com\/generali_ronda\"],\"logo\":{\"@type\":\"ImageObject\",\"@id\":\"https:\/\/generali-ronda.es\/#logo\",\"inLanguage\":\"es\",\"url\":\"https:\/\/i1.wp.com\/generali-ronda.es\/wp-content\/uploads\/2019\/09\/generali-seguros.jpeg?fit=400%2C324&ssl=1\",\"contentUrl\":\"https:\/\/i1.wp.com\/generali-ronda.es\/wp-content\/uploads\/2019\/09\/generali-seguros.jpeg?fit=400%2C324&ssl=1\",\"width\":400,\"height\":324,\"caption\":\"Generali\"},\"image\":{\"@id\":\"https:\/\/generali-ronda.es\/#logo\"}},{\"@type\":\"WebSite\",\"@id\":\"https:\/\/generali-ronda.es\/#website\",\"url\":\"https:\/\/generali-ronda.es\/\",\"name\":\"Maria Matilde Calvo Ruiz | Generali Seguros Ronda\",\"description\":\"Seguros\",\"publisher\":{\"@id\":\"https:\/\/generali-ronda.es\/#organization\"},\"potentialAction\":[{\"@type\":\"SearchAction\",\"target\":{\"@type\":\"EntryPoint\",\"urlTemplate\":\"https:\/\/generali-ronda.es\/?s={search_term_string}\"},\"query-input\":\"required name=search_term_string\"}],\"inLanguage\":\"es\"},{\"@type\":\"ImageObject\",\"@id\":\"https:\/\/generali-ronda.es\/#primaryimage\",\"inLanguage\":\"es\",\"url\":\"https:\/\/i1.wp.com\/generali-ronda.es\/wp-content\/uploads\/2019\/09\/generali-seguros.jpeg?fit=400%2C324&ssl=1\",\"contentUrl\":\"https:\/\/i1.wp.com\/generali-ronda.es\/wp-content\/uploads\/2019\/09\/generali-seguros.jpeg?fit=400%2C324&ssl=1\",\"width\":400,\"height\":324,\"caption\":\"generali-seguros\"},{\"@type\":\"WebPage\",\"@id\":\"https:\/\/generali-ronda.es\/#webpage\",\"url\":\"https:\/\/generali-ronda.es\/\",\"name\":\"Seguros Maria Matilde Calvo Ruiz | Generali Seguros en Ronda C\/Sevilla 86\",\"isPartOf\":{\"@id\":\"https:\/\/generali-ronda.es\/#website\"},\"primaryImageOfPage\":{\"@id\":\"https:\/\/generali-ronda.es\/#primaryimage\"},\"datePublished\":\"2019-04-03T16:55:43+00:00\",\"dateModified\":\"2023-01-05T12:31:45+00:00\",\"description\":\"Seguros Maria Matilde Calvo Ruiz | Generali en Ronda ? Descubre la gama de Seguros Generali y sus coberturas \\u2705 Calle Sevilla, 86, Ronda. 952 87 40 28\",\"breadcrumb\":{\"@id\":\"https:\/\/generali-ronda.es\/#breadcrumb\"},\"inLanguage\":\"es\",\"potentialAction\":[{\"@type\":\"ReadAction\",\"target\":[\"https:\/\/generali-ronda.es\/\"]}]},{\"@type\":\"BreadcrumbList\",\"@id\":\"https:\/\/generali-ronda.es\/#breadcrumb\",\"itemListElement\":[{\"@type\":\"ListItem\",\"position\":1,\"name\":\"Home\",\"item\":\"https:\/\/generali-ronda.es\/\"},{\"@type\":\"ListItem\",\"position\":2,\"name\":\"Seguros Maria Matilde Calvo Ruiz, Generali en Ronda\"}]}]}<\/script>\n<!-- \/ Yoast SEO plugin. -->","yoast_head_json":{"title":"Seguros Maria Matilde Calvo Ruiz | Generali Seguros en Ronda C\/Sevilla 86","description":"Seguros Maria Matilde Calvo Ruiz | Generali en Ronda ? Descubre la gama de Seguros Generali y sus coberturas \u2705 Calle Sevilla, 86, Ronda. 952 87 40 28","robots":{"index":"index","follow":"follow","max-snippet":"max-snippet:-1","max-image-preview":"max-image-preview:large","max-video-preview":"max-video-preview:-1"},"canonical":"https:\/\/generali-ronda.es\/","og_locale":"es_ES","og_type":"article","og_title":"Seguros Maria Matilde Calvo Ruiz | Generali Seguros en Ronda C\/Sevilla 86","og_description":"Seguros Maria Matilde Calvo Ruiz | Generali en Ronda ? Descubre la gama de Seguros Generali y sus coberturas \u2705 Calle Sevilla, 86, Ronda. 952 87 40 28","og_url":"https:\/\/generali-ronda.es\/","og_site_name":"Maria Matilde Calvo Ruiz | Generali Seguros Ronda","article_modified_time":"2023-01-05T12:31:45+00:00","og_image":[{"width":400,"height":324,"url":"https:\/\/generali-ronda.es\/wp-content\/uploads\/2019\/09\/generali-seguros.jpeg","path":"\/var\/www\/vhosts\/38930878.servicio-online.net\/generali-ronda.es\/wp-content\/uploads\/2019\/09\/generali-seguros.jpeg","size":"full","id":2708,"alt":"generali-seguros","pixels":129600,"type":"image\/jpeg"}],"twitter_card":"summary_large_image","twitter_site":"@generali_ronda","twitter_misc":{"Tiempo de lectura":"14 minutos"},"schema":{"@context":"https:\/\/schema.org","@graph":[{"@type":"Organization","@id":"https:\/\/generali-ronda.es\/#organization","name":"Generali","url":"https:\/\/generali-ronda.es\/","sameAs":["https:\/\/www.linkedin.com\/in\/generali-ronda\/","https:\/\/twitter.com\/generali_ronda"],"logo":{"@type":"ImageObject","@id":"https:\/\/generali-ronda.es\/#logo","inLanguage":"es","url":"https:\/\/i1.wp.com\/generali-ronda.es\/wp-content\/uploads\/2019\/09\/generali-seguros.jpeg?fit=400%2C324&ssl=1","contentUrl":"https:\/\/i1.wp.com\/generali-ronda.es\/wp-content\/uploads\/2019\/09\/generali-seguros.jpeg?fit=400%2C324&ssl=1","width":400,"height":324,"caption":"Generali"},"image":{"@id":"https:\/\/generali-ronda.es\/#logo"}},{"@type":"WebSite","@id":"https:\/\/generali-ronda.es\/#website","url":"https:\/\/generali-ronda.es\/","name":"Maria Matilde Calvo Ruiz | Generali Seguros Ronda","description":"Seguros","publisher":{"@id":"https:\/\/generali-ronda.es\/#organization"},"potentialAction":[{"@type":"SearchAction","target":{"@type":"EntryPoint","urlTemplate":"https:\/\/generali-ronda.es\/?s={search_term_string}"},"query-input":"required name=search_term_string"}],"inLanguage":"es"},{"@type":"ImageObject","@id":"https:\/\/generali-ronda.es\/#primaryimage","inLanguage":"es","url":"https:\/\/i1.wp.com\/generali-ronda.es\/wp-content\/uploads\/2019\/09\/generali-seguros.jpeg?fit=400%2C324&ssl=1","contentUrl":"https:\/\/i1.wp.com\/generali-ronda.es\/wp-content\/uploads\/2019\/09\/generali-seguros.jpeg?fit=400%2C324&ssl=1","width":400,"height":324,"caption":"generali-seguros"},{"@type":"WebPage","@id":"https:\/\/generali-ronda.es\/#webpage","url":"https:\/\/generali-ronda.es\/","name":"Seguros Maria Matilde Calvo Ruiz | Generali Seguros en Ronda C\/Sevilla 86","isPartOf":{"@id":"https:\/\/generali-ronda.es\/#website"},"primaryImageOfPage":{"@id":"https:\/\/generali-ronda.es\/#primaryimage"},"datePublished":"2019-04-03T16:55:43+00:00","dateModified":"2023-01-05T12:31:45+00:00","description":"Seguros Maria Matilde Calvo Ruiz | Generali en Ronda ? Descubre la gama de Seguros Generali y sus coberturas \u2705 Calle Sevilla, 86, Ronda. 952 87 40 28","breadcrumb":{"@id":"https:\/\/generali-ronda.es\/#breadcrumb"},"inLanguage":"es","potentialAction":[{"@type":"ReadAction","target":["https:\/\/generali-ronda.es\/"]}]},{"@type":"BreadcrumbList","@id":"https:\/\/generali-ronda.es\/#breadcrumb","itemListElement":[{"@type":"ListItem","position":1,"name":"Home","item":"https:\/\/generali-ronda.es\/"},{"@type":"ListItem","position":2,"name":"Seguros Maria Matilde Calvo Ruiz, Generali en Ronda"}]}]}},"jetpack_sharing_enabled":false,"jetpack_shortlink":"https:\/\/wp.me\/PaNHFe-n6","jetpack_likes_enabled":false,"jetpack-related-posts":[{"id":1729,"url":"https:\/\/generali-ronda.es\/index.php\/conocenos\/","url_meta":{"origin":1432,"position":0},"title":"Con\u00f3cenos","date":"abril 6, 2019","format":false,"excerpt":"Agencia De Seguros Generali en Ronda Agencia de Seguros Generali desde 1997, sita en Calle Sevilla 86. Ronda, M\u00e1laga Nuestros agentes cuentan con\u00a0 m\u00e1s de 40 a\u00f1os de experiencia en el Sector Seguros, una trayectoria tan longeva no puede ser fruto de la casualidad: profesionalidad, compromiso, buen trato con el\u2026","rel":"","context":"Entrada similar","img":{"alt_text":"generali-ronda","src":"https:\/\/i0.wp.com\/generali-ronda.es\/wp-content\/uploads\/2019\/07\/generali-2.png?fit=600%2C490&ssl=1&resize=350%2C200","width":350,"height":200},"classes":[]},{"id":333,"url":"https:\/\/generali-ronda.es\/index.php\/seguro-de-decesos-en-ronda\/","url_meta":{"origin":1432,"position":1},"title":"DECESOS","date":"marzo 14, 2019","format":false,"excerpt":"seguro DE decesos https:\/\/www.youtube.com\/watch?v=8RW_jHrAWsc Seguro de Decesos Dicen que en nuestras \u00faltimas horas vemos una luz muy brillante al final del t\u00fanel... hasta que llegue ese momento hay que disfrutar de la vida de la mejor manera posible ... Contrata el tuyo Generali, Compa\u00f1\u00eda L\u00edder en seguros de decesos No\u2026","rel":"","context":"Entrada similar","img":{"alt_text":"seguro-decesos-ronda-generali-min-2-2_optimized","src":"https:\/\/i1.wp.com\/generali-ronda.es\/wp-content\/uploads\/2019\/05\/seguro-decesos-ronda-generali-min-2-2_optimized.png?fit=1095%2C1095&ssl=1&resize=350%2C200","width":350,"height":200},"classes":[]},{"id":325,"url":"https:\/\/generali-ronda.es\/index.php\/seguro-de-vida\/","url_meta":{"origin":1432,"position":2},"title":"VIDA","date":"marzo 14, 2019","format":false,"excerpt":"\u00a1Garantiza tu futuro y el de tu familia con\u00a0GENERALI!\u00a0 Cont\u00e1ctanos https:\/\/www.youtube.com\/watch?v=aKfWrOso7ms contrata tu Seguro de Vida con Generali Vida Riesgo Garantizamos tu solvencia econ\u00f3mica y la de los tuyos frente cualquier imprevisto. \u00bfC\u00f3mo?: De sufrir un percance que te impida mantener tus niveles de ingresos normales, el Seguro de Vida\u2026","rel":"","context":"Entrada similar","img":{"alt_text":"seguro-vida-facil","src":"https:\/\/i0.wp.com\/generali-ronda.es\/wp-content\/uploads\/2019\/03\/seguro-vida-facil.jpgtarealoadPageContent.jpeg?resize=350%2C200&ssl=1","width":350,"height":200},"classes":[]},{"id":316,"url":"https:\/\/generali-ronda.es\/index.php\/seguro-de-salud\/","url_meta":{"origin":1432,"position":3},"title":"SALUD","date":"marzo 14, 2019","format":false,"excerpt":"https:\/\/www.youtube.com\/watch?v=h_jajCCrcT4&t=44s GENERALI Seguro de Salud Desde Generali trabajamos para que tu salud y la de los tuyos sea siempre lo primero, que s\u00f3lo tengas que preocuparte de disfrutar Llamar GENERALI Dental GENERALI se sit\u00faa entre las aseguradoras l\u00edder en Seguros Dental. Las mejores coberturas con GENERALI DENTAL M\u00e1s informaci\u00f3n Cuadro\u2026","rel":"","context":"Entrada similar","img":{"alt_text":"seguro-salud-y-enfermedad","src":"https:\/\/i2.wp.com\/generali-ronda.es\/wp-content\/uploads\/2019\/03\/seguro-salud-y-enfermedad.jpg?fit=850%2C850&ssl=1&resize=350%2C200","width":350,"height":200},"classes":[]},{"id":149,"url":"https:\/\/generali-ronda.es\/index.php\/privacidad-y-proteccion-de-datos\/","url_meta":{"origin":1432,"position":4},"title":"Privacidad y Protecci\u00f3n de Datos","date":"marzo 13, 2019","format":false,"excerpt":"Tu privacidad es trascendental para nosotros. Por ello, desde la Agencia Generali Seguros en Ronda, C\/Sevilla n\u00ba86, hemos desarrollado una Pol\u00edtica de Privacidad y de Protecci\u00f3n de Datos Personales en escrupulosa sinton\u00eda la legislaci\u00f3n espa\u00f1ola y europea: -Ley Org\u00e1nica 3\/2018, de 5 de diciembre, de Protecci\u00f3n de Datos Personales y\u2026","rel":"","context":"Entrada similar","img":{"alt_text":"","src":"","width":0,"height":0},"classes":[]},{"id":337,"url":"https:\/\/generali-ronda.es\/index.php\/plan-de-pensiones-2\/","url_meta":{"origin":1432,"position":5},"title":"PENSIONES","date":"marzo 14, 2019","format":false,"excerpt":"https:\/\/www.youtube.com\/watch?v=ZvxdpIhoCZA Tu Plan de Pensiones, con Generali Contrata ya el tuyo Contacta Por qu\u00e9 contratar un plan de pensiones? \u00a0Nos encontramos ante un mundo cada vez m\u00e1s complejo, donde la viabilidad del el sistema p\u00fablico de pensiones est\u00e1 entredicho. La longevidad de la poblaci\u00f3n y la inversi\u00f3n de la pir\u00e1mide\u2026","rel":"","context":"Entrada similar","img":{"alt_text":"epsv-generali-ronda","src":"https:\/\/i0.wp.com\/generali-ronda.es\/wp-content\/uploads\/2019\/04\/epsv-generali-ronda.jpeg?resize=350%2C200&ssl=1","width":350,"height":200},"classes":[]}],"_links":{"self":[{"href":"https:\/\/generali-ronda.es\/index.php\/wp-json\/wp\/v2\/pages\/1432"}],"collection":[{"href":"https:\/\/generali-ronda.es\/index.php\/wp-json\/wp\/v2\/pages"}],"about":[{"href":"https:\/\/generali-ronda.es\/index.php\/wp-json\/wp\/v2\/types\/page"}],"author":[{"embeddable":true,"href":"https:\/\/generali-ronda.es\/index.php\/wp-json\/wp\/v2\/users\/1"}],"replies":[{"embeddable":true,"href":"https:\/\/generali-ronda.es\/index.php\/wp-json\/wp\/v2\/comments?post=1432"}],"version-history":[{"count":471,"href":"https:\/\/generali-ronda.es\/index.php\/wp-json\/wp\/v2\/pages\/1432\/revisions"}],"predecessor-version":[{"id":3185,"href":"https:\/\/generali-ronda.es\/index.php\/wp-json\/wp\/v2\/pages\/1432\/revisions\/3185"}],"wp:featuredmedia":[{"embeddable":true,"href":"https:\/\/generali-ronda.es\/index.php\/wp-json\/wp\/v2\/media\/2708"}],"wp:attachment":[{"href":"https:\/\/generali-ronda.es\/index.php\/wp-json\/wp\/v2\/media?parent=1432"}],"curies":[{"name":"wp","href":"https:\/\/api.w.org\/{rel}","templated":true}]}}